
{"id":363444,"date":"2020-10-15T13:41:07","date_gmt":"2020-10-15T11:41:07","guid":{"rendered":"https:\/\/h22.se\/program\/"},"modified":"2021-01-27T16:39:32","modified_gmt":"2021-01-27T15:39:32","slug":"programme","status":"publish","type":"page","link":"https:\/\/h22.se\/en\/summit\/programme\/","title":{"rendered":"Programme"},"content":{"rendered":"<p>[vc_section css=&#8221;.vc_custom_1602754540085{margin-top: 100px !important;}&#8221;][vc_row css=&#8221;.vc_custom_1602852746147{margin-bottom: 20px !important;}&#8221;][vc_column][vc_custom_heading text=&#8221;H22 SUMMIT <strong>PROGRAM<\/strong>&#8221; font_container=&#8221;tag:h2|text_align:center|color:%23ffffff&#8221; use_theme_fonts=&#8221;yes&#8221; el_class=&#8221;titelborderwhite_center&#8221;][vc_column_text el_class=&#8221;white-p&#8221;]<\/p>\n<p style=\"text-align: center;\">Varje morgon den 2-6 november sl\u00e4pper vi dagens program som inneh\u00e5ller alla talare f\u00f6r dagen s\u00e5 att du kan ta del av det n\u00e4r det passar dig.<\/p>\n<p>[\/vc_column_text][\/vc_column][\/vc_row][vc_row][vc_column][vc_tta_accordion active_section=&#8221;0&#8243; no_fill=&#8221;true&#8221; collapsible_all=&#8221;true&#8221; el_class=&#8221;speaker20-program-accordion&#8221;][vc_tta_section title=&#8221;MONDAY \/ <strong>FACILITATE<\/strong>&#8221; tab_id=&#8221;1602754466185-16b03c4e-d74b&#8221; el_class=&#8221;Facilitate&#8221;][vc_row_inner gap=&#8221;35&#8243; el_class=&#8221;speaker20-program-row&#8221;][vc_column_inner width=&#8221;1\/2&#8243;][vc_custom_heading text=&#8221;SETTING THE SCENE&#8221; font_container=&#8221;tag:h4|text_align:left|color:%23f7a62a|line_height:1.2&#8243; google_fonts=&#8221;font_family:Roboto%3A100%2C100italic%2C300%2C300italic%2Cregular%2Citalic%2C500%2C500italic%2C700%2C700italic%2C900%2C900italic|font_style:500%20bold%20regular%3A500%3Anormal&#8221;][vc_column_text el_class=&#8221;white-p&#8221;]<\/p>\n<p>V\u00e5ra moderatorer introducerar dagens uppl\u00e4gg tillsammans med g\u00e4ster.<\/p>\n<p>[\/vc_column_text][\/vc_column_inner][vc_column_inner el_class=&#8221;speaker20-program-citytalk-col2&#8243; width=&#8221;1\/2&#8243;][vc_column_text]<\/p>\n<div class=\"wpv-view-output\" data-toolset-views-view-editor=\"b2ee9074e534804aeeb36eb70919eb73\"><div class=\"wp-block-toolset-views-view-editor\">\n<div class=\"wp-block-toolset-views-custom-search-container\">  <\/div>\n  <div id=\"wpv-view-layout-363760\" class=\"js-wpv-view-layout js-wpv-layout-responsive js-wpv-view-layout-363760\" data-viewnumber=\"363760\" data-pagination=\"{&quot;id&quot;:363760,&quot;query&quot;:&quot;normal&quot;,&quot;type&quot;:&quot;disabled&quot;,&quot;effect&quot;:&quot;fade&quot;,&quot;duration&quot;:500,&quot;speed&quot;:5,&quot;pause_on_hover&quot;:&quot;disabled&quot;,&quot;stop_rollover&quot;:&quot;false&quot;,&quot;cache_pages&quot;:&quot;enabled&quot;,&quot;preload_images&quot;:&quot;enabled&quot;,&quot;preload_pages&quot;:&quot;enabled&quot;,&quot;preload_reach&quot;:1,&quot;spinner&quot;:&quot;builtin&quot;,&quot;spinner_image&quot;:&quot;https:\/\/h22.se\/wp-content\/plugins\/toolset-blocks\/embedded\/res\/img\/ajax-loader.gif&quot;,&quot;callback_next&quot;:&quot;&quot;,&quot;manage_history&quot;:&quot;enabled&quot;,&quot;has_controls_in_form&quot;:&quot;disabled&quot;,&quot;infinite_tolerance&quot;:&quot;0&quot;,&quot;max_pages&quot;:0,&quot;page&quot;:1,&quot;base_permalink&quot;:&quot;\/en\/wp-json\/wp\/v2\/pages\/363444?wpv_view_count=363760&amp;wpv_paged=WPV_PAGE_NUM&quot;,&quot;loop&quot;:{&quot;type&quot;:&quot;&quot;,&quot;name&quot;:&quot;&quot;,&quot;data&quot;:[],&quot;id&quot;:0}}\" data-permalink=\"\/en\/wp-json\/wp\/v2\/pages\/363444?wpv_view_count=363760\">\n<div class=\"js-wpv-loop-wrapper\"><div class=\"tb-grid\"><div class=\"tb-grid-column\">\n<div class=\"wp-block-toolset-views-view-template-block wpv-block-loop-item php-to-be-replaced-with-shortcode talare-loop\" data-toolset-views-view-template-block=\"8d501434a33d17b3cc5c46b0c9924847\">\n<div class=\"wp-block-toolset-blocks-container tb-container aligncenter\" data-toolset-blocks-container=\"96e35e441b19f6f03351bcff5ac9610f\">\n<figure class=\"wp-block-image tb-image tb-image-dynamic speaker20-img\" data-toolset-blocks-image=\"22e494cfd0f76dd35e8d5098b2a80b54\"><a href=\"https:\/\/h22.se\/en\/speaker\/aurore-belfrage\/\"><img decoding=\"async\" width=\"300\" height=\"300\" loading=\"lazy\" src=\"https:\/\/h22.se\/wp-content\/uploads\/2020\/10\/Aurore-Belfrage-2_sv-300x300.jpg\" alt=\"\" class=\"wp-image-363275\" srcset=\"https:\/\/h22.se\/wp-content\/uploads\/2020\/10\/Aurore-Belfrage-2_sv-300x300.jpg 300w, https:\/\/h22.se\/wp-content\/uploads\/2020\/10\/Aurore-Belfrage-2_sv-150x150.jpg 150w, https:\/\/h22.se\/wp-content\/uploads\/2020\/10\/Aurore-Belfrage-2_sv-100x100.jpg 100w, https:\/\/h22.se\/wp-content\/uploads\/2020\/10\/Aurore-Belfrage-2_sv-146x146.jpg 146w, https:\/\/h22.se\/wp-content\/uploads\/2020\/10\/Aurore-Belfrage-2_sv-50x50.jpg 50w, https:\/\/h22.se\/wp-content\/uploads\/2020\/10\/Aurore-Belfrage-2_sv-75x75.jpg 75w, https:\/\/h22.se\/wp-content\/uploads\/2020\/10\/Aurore-Belfrage-2_sv-85x85.jpg 85w, https:\/\/h22.se\/wp-content\/uploads\/2020\/10\/Aurore-Belfrage-2_sv-80x80.jpg 80w, https:\/\/h22.se\/wp-content\/uploads\/2020\/10\/Aurore-Belfrage-2_sv.jpg 500w\" sizes=\"(max-width: 300px) 100vw, 300px\" \/><\/a><\/figure>\n<\/div>\n\n\n\n<div class=\"wp-block-toolset-blocks-container tb-container\" data-toolset-blocks-container=\"49f27dfd27d630c25fca7f10b85e6aeb\">\n<h2 class=\"tb-heading has-text-color speaker20_name\" data-toolset-blocks-heading=\"6f096ecda94a015dbee1c0de7bf78a4e\"><a href=\"https:\/\/h22.se\/en\/speaker\/aurore-belfrage\/\">Aurore Belfrage<\/a><\/h2>\n\n\n\n<h4 class=\"tb-heading speaker20_titel\" data-toolset-blocks-heading=\"dbf13b602c2eaed567fd9488a770879d\">H22 Summit Moderator<\/h4>\n<\/div>\n<\/div>\n<\/div><div class=\"tb-grid-column\">\n<div class=\"wp-block-toolset-views-view-template-block wpv-block-loop-item php-to-be-replaced-with-shortcode talare-loop\" data-toolset-views-view-template-block=\"8d501434a33d17b3cc5c46b0c9924847\">\n<div class=\"wp-block-toolset-blocks-container tb-container aligncenter\" data-toolset-blocks-container=\"96e35e441b19f6f03351bcff5ac9610f\">\n<figure class=\"wp-block-image tb-image tb-image-dynamic speaker20-img\" data-toolset-blocks-image=\"22e494cfd0f76dd35e8d5098b2a80b54\"><a href=\"https:\/\/h22.se\/en\/speaker\/peter-danielsson\/\"><img decoding=\"async\" width=\"300\" height=\"300\" loading=\"lazy\" src=\"https:\/\/h22.se\/wp-content\/uploads\/2020\/10\/Peter-D-bild-300x300.jpg\" alt=\"\" class=\"wp-image-362949\" srcset=\"https:\/\/h22.se\/wp-content\/uploads\/2020\/10\/Peter-D-bild-300x300.jpg 300w, https:\/\/h22.se\/wp-content\/uploads\/2020\/10\/Peter-D-bild-150x150.jpg 150w, https:\/\/h22.se\/wp-content\/uploads\/2020\/10\/Peter-D-bild-100x100.jpg 100w, https:\/\/h22.se\/wp-content\/uploads\/2020\/10\/Peter-D-bild-146x146.jpg 146w, https:\/\/h22.se\/wp-content\/uploads\/2020\/10\/Peter-D-bild-50x50.jpg 50w, https:\/\/h22.se\/wp-content\/uploads\/2020\/10\/Peter-D-bild-75x75.jpg 75w, https:\/\/h22.se\/wp-content\/uploads\/2020\/10\/Peter-D-bild-85x85.jpg 85w, https:\/\/h22.se\/wp-content\/uploads\/2020\/10\/Peter-D-bild-80x80.jpg 80w, https:\/\/h22.se\/wp-content\/uploads\/2020\/10\/Peter-D-bild.jpg 500w\" sizes=\"(max-width: 300px) 100vw, 300px\" \/><\/a><\/figure>\n<\/div>\n\n\n\n<div class=\"wp-block-toolset-blocks-container tb-container\" data-toolset-blocks-container=\"49f27dfd27d630c25fca7f10b85e6aeb\">\n<h2 class=\"tb-heading has-text-color speaker20_name\" data-toolset-blocks-heading=\"6f096ecda94a015dbee1c0de7bf78a4e\"><a href=\"https:\/\/h22.se\/en\/speaker\/peter-danielsson\/\">Peter Danielsson<\/a><\/h2>\n\n\n\n<h4 class=\"tb-heading speaker20_titel\" data-toolset-blocks-heading=\"dbf13b602c2eaed567fd9488a770879d\">Mayor of Helsingborg and Chairman of the Municipal Board<\/h4>\n<\/div>\n<\/div>\n<\/div><\/div><\/div><\/div><\/div><\/div>\n<p>[\/vc_column_text][\/vc_column_inner][\/vc_row_inner][vc_row_inner gap=&#8221;35&#8243; css=&#8221;.vc_custom_1602830598833{padding-bottom: 0px !important;}&#8221; el_class=&#8221;speaker20-program-row&#8221;][vc_column_inner width=&#8221;1\/2&#8243;][vc_custom_heading text=&#8221;BIG OPENER&#8221; font_container=&#8221;tag:h4|text_align:left|color:%23f7a62a|line_height:1.2&#8243; google_fonts=&#8221;font_family:Roboto%3A100%2C100italic%2C300%2C300italic%2Cregular%2Citalic%2C500%2C500italic%2C700%2C700italic%2C900%2C900italic|font_style:500%20bold%20regular%3A500%3Anormal&#8221;][vc_column_text el_class=&#8221;white-p&#8221;]<\/p>\n<p>Vi kickstartar temat med dagens huvudtalare.<\/p>\n<p>[\/vc_column_text][\/vc_column_inner][vc_column_inner el_class=&#8221;speaker20-program-col2&#8243; width=&#8221;1\/2&#8243; css=&#8221;.vc_custom_1602770512151{margin-bottom: 0px !important;padding-bottom: 0px !important;}&#8221;][vc_column_text css=&#8221;.vc_custom_1603995511731{margin-bottom: 0px !important;padding-bottom: 0px !important;}&#8221;]<\/p>\n\n<div class=\"wp-block-toolset-blocks-container tb-container speakers20_program_container aligncenter\" data-toolset-blocks-container=\"a4ffca6637ef621955eb4ad7fe7cee05\">\n<figure class=\"wp-block-image tb-image tb-image-dynamic speaker20-img\" data-toolset-blocks-image=\"a3ef498e9d316da08a457680106c32d4\"><a href=\"https:\/\/h22.se\/en\/speaker\/umberto-fugiglando\/\"><img decoding=\"async\" width=\"300\" height=\"300\" loading=\"lazy\" src=\"https:\/\/h22.se\/wp-content\/uploads\/2020\/10\/Umberto_re-scaled_Sv.jpg\" alt=\"\" class=\"wp-image-361744\" srcset=\"https:\/\/h22.se\/wp-content\/uploads\/2020\/10\/Umberto_re-scaled_Sv.jpg 300w, https:\/\/h22.se\/wp-content\/uploads\/2020\/10\/Umberto_re-scaled_Sv-150x150.jpg 150w, https:\/\/h22.se\/wp-content\/uploads\/2020\/10\/Umberto_re-scaled_Sv-100x100.jpg 100w, https:\/\/h22.se\/wp-content\/uploads\/2020\/10\/Umberto_re-scaled_Sv-146x146.jpg 146w, https:\/\/h22.se\/wp-content\/uploads\/2020\/10\/Umberto_re-scaled_Sv-50x50.jpg 50w, https:\/\/h22.se\/wp-content\/uploads\/2020\/10\/Umberto_re-scaled_Sv-75x75.jpg 75w, https:\/\/h22.se\/wp-content\/uploads\/2020\/10\/Umberto_re-scaled_Sv-85x85.jpg 85w, https:\/\/h22.se\/wp-content\/uploads\/2020\/10\/Umberto_re-scaled_Sv-80x80.jpg 80w\" sizes=\"(max-width: 300px) 100vw, 300px\" \/><\/a><\/figure>\n\n\n\n<h3 class=\"tb-heading has-text-color speaker20_name\" data-toolset-blocks-heading=\"a064b45fa86470e44188b3a89cd5abad\"><a href=\"https:\/\/h22.se\/en\/speaker\/umberto-fugiglando\/\">Umberto Fugiglando<\/a><\/h3>\n\n\n\n<div class=\"tb-field speaker20-titel\" data-toolset-blocks-field=\"a5772a5c494717bd70d83c0036e0d00d\">Research Manager & Partnerships Lead at MIT Senseable City Lab<\/div>\n<\/div>\n\n<p>[\/vc_column_text][\/vc_column_inner][\/vc_row_inner][vc_row_inner gap=&#8221;35&#8243; el_class=&#8221;speaker20-program-row&#8221;][vc_column_inner width=&#8221;1\/2&#8243;][vc_custom_heading text=&#8221;BREAKING THE MOULD&#8221; font_container=&#8221;tag:h4|text_align:left|color:%23f7a62a|line_height:1.2&#8243; google_fonts=&#8221;font_family:Roboto%3A100%2C100italic%2C300%2C300italic%2Cregular%2Citalic%2C500%2C500italic%2C700%2C700italic%2C900%2C900italic|font_style:500%20bold%20regular%3A500%3Anormal&#8221;][vc_column_text el_class=&#8221;white-p&#8221;]<\/p>\n<p>Dagens andra talare ger nya perspektiv kring innovation.<\/p>\n<p>[\/vc_column_text][\/vc_column_inner][vc_column_inner el_class=&#8221;speaker20-program-col2&#8243; width=&#8221;1\/2&#8243; css=&#8221;.vc_custom_1602770573295{margin-bottom: 0px !important;padding-bottom: 0px !important;}&#8221;][vc_column_text css=&#8221;.vc_custom_1602770563416{margin-bottom: 0px !important;padding-bottom: 0px !important;}&#8221;]<\/p>\n\n<div class=\"wp-block-toolset-blocks-container tb-container speakers20_program_container aligncenter\" data-toolset-blocks-container=\"a4ffca6637ef621955eb4ad7fe7cee05\">\n<figure class=\"wp-block-image tb-image tb-image-dynamic speaker20-img\" data-toolset-blocks-image=\"a3ef498e9d316da08a457680106c32d4\"><a href=\"https:\/\/h22.se\/en\/speaker\/peter-macleod\/\"><img decoding=\"async\" width=\"500\" height=\"500\" loading=\"lazy\" src=\"https:\/\/h22.se\/wp-content\/uploads\/2020\/09\/Peter_MacLeod_sv-1.jpg\" alt=\"\" class=\"wp-image-361534\" srcset=\"https:\/\/h22.se\/wp-content\/uploads\/2020\/09\/Peter_MacLeod_sv-1.jpg 500w, https:\/\/h22.se\/wp-content\/uploads\/2020\/09\/Peter_MacLeod_sv-1-300x300.jpg 300w, https:\/\/h22.se\/wp-content\/uploads\/2020\/09\/Peter_MacLeod_sv-1-150x150.jpg 150w, https:\/\/h22.se\/wp-content\/uploads\/2020\/09\/Peter_MacLeod_sv-1-100x100.jpg 100w, https:\/\/h22.se\/wp-content\/uploads\/2020\/09\/Peter_MacLeod_sv-1-146x146.jpg 146w, https:\/\/h22.se\/wp-content\/uploads\/2020\/09\/Peter_MacLeod_sv-1-50x50.jpg 50w, https:\/\/h22.se\/wp-content\/uploads\/2020\/09\/Peter_MacLeod_sv-1-75x75.jpg 75w, https:\/\/h22.se\/wp-content\/uploads\/2020\/09\/Peter_MacLeod_sv-1-85x85.jpg 85w, https:\/\/h22.se\/wp-content\/uploads\/2020\/09\/Peter_MacLeod_sv-1-80x80.jpg 80w\" sizes=\"(max-width: 500px) 100vw, 500px\" \/><\/a><\/figure>\n\n\n\n<h3 class=\"tb-heading has-text-color speaker20_name\" data-toolset-blocks-heading=\"a064b45fa86470e44188b3a89cd5abad\"><a href=\"https:\/\/h22.se\/en\/speaker\/peter-macleod\/\">Peter MacLeod<\/a><\/h3>\n\n\n\n<div class=\"tb-field speaker20-titel\" data-toolset-blocks-field=\"a5772a5c494717bd70d83c0036e0d00d\">PRINCIPAL AND CO-FOUNDER OF MASS LBP<\/div>\n<\/div>\n\n<p>[\/vc_column_text][\/vc_column_inner][\/vc_row_inner][vc_row_inner gap=&#8221;35&#8243; el_class=&#8221;speaker20-program-row&#8221;][vc_column_inner width=&#8221;1\/2&#8243;][vc_custom_heading text=&#8221;SPARKING CHANGE&#8221; font_container=&#8221;tag:h4|text_align:left|color:%23f7a62a|line_height:1.2&#8243; google_fonts=&#8221;font_family:Roboto%3A100%2C100italic%2C300%2C300italic%2Cregular%2Citalic%2C500%2C500italic%2C700%2C700italic%2C900%2C900italic|font_style:500%20bold%20regular%3A500%3Anormal&#8221;][vc_column_text el_class=&#8221;white-p&#8221;]<\/p>\n<p>Innovationskraften som mittpunkt av v\u00e5r tredje talare<\/p>\n<p>[\/vc_column_text][\/vc_column_inner][vc_column_inner el_class=&#8221;speaker20-program-col2&#8243; width=&#8221;1\/2&#8243; css=&#8221;.vc_custom_1602770582301{margin-bottom: 0px !important;padding-bottom: 0px !important;}&#8221;][vc_column_text css=&#8221;.vc_custom_1602770597248{margin-bottom: 0px !important;padding-bottom: 0px !important;}&#8221;]<\/p>\n\n<div class=\"wp-block-toolset-blocks-container tb-container speakers20_program_container aligncenter\" data-toolset-blocks-container=\"a4ffca6637ef621955eb4ad7fe7cee05\">\n<figure class=\"wp-block-image tb-image tb-image-dynamic speaker20-img\" data-toolset-blocks-image=\"a3ef498e9d316da08a457680106c32d4\"><a href=\"https:\/\/h22.se\/en\/speaker\/cecilia-borg\/\"><img decoding=\"async\" width=\"500\" height=\"500\" loading=\"lazy\" src=\"https:\/\/h22.se\/wp-content\/uploads\/2020\/10\/Cecilia-Borg-3.jpg\" alt=\"\" class=\"wp-image-361147\" srcset=\"https:\/\/h22.se\/wp-content\/uploads\/2020\/10\/Cecilia-Borg-3.jpg 500w, https:\/\/h22.se\/wp-content\/uploads\/2020\/10\/Cecilia-Borg-3-300x300.jpg 300w, https:\/\/h22.se\/wp-content\/uploads\/2020\/10\/Cecilia-Borg-3-150x150.jpg 150w, https:\/\/h22.se\/wp-content\/uploads\/2020\/10\/Cecilia-Borg-3-100x100.jpg 100w, https:\/\/h22.se\/wp-content\/uploads\/2020\/10\/Cecilia-Borg-3-146x146.jpg 146w, https:\/\/h22.se\/wp-content\/uploads\/2020\/10\/Cecilia-Borg-3-50x50.jpg 50w, https:\/\/h22.se\/wp-content\/uploads\/2020\/10\/Cecilia-Borg-3-75x75.jpg 75w, https:\/\/h22.se\/wp-content\/uploads\/2020\/10\/Cecilia-Borg-3-85x85.jpg 85w, https:\/\/h22.se\/wp-content\/uploads\/2020\/10\/Cecilia-Borg-3-80x80.jpg 80w\" sizes=\"(max-width: 500px) 100vw, 500px\" \/><\/a><\/figure>\n\n\n\n<h3 class=\"tb-heading has-text-color speaker20_name\" data-toolset-blocks-heading=\"a064b45fa86470e44188b3a89cd5abad\"><a href=\"https:\/\/h22.se\/en\/speaker\/cecilia-borg\/\">Cecilia Borg<\/a><\/h3>\n\n\n\n<div class=\"tb-field speaker20-titel\" data-toolset-blocks-field=\"a5772a5c494717bd70d83c0036e0d00d\">ENGINEERING DIRECTOR AT SPOTIFY<\/div>\n<\/div>\n\n<p>[\/vc_column_text][\/vc_column_inner][\/vc_row_inner][vc_row_inner gap=&#8221;35&#8243; el_class=&#8221;speaker20-program-row citytalks-row&#8221;][vc_column_inner width=&#8221;1\/2&#8243;][vc_custom_heading text=&#8221;CITY TALKS&#8221; font_container=&#8221;tag:h4|text_align:left|color:%23f7a62a|line_height:1.2&#8243; google_fonts=&#8221;font_family:Roboto%3A100%2C100italic%2C300%2C300italic%2Cregular%2Citalic%2C500%2C500italic%2C700%2C700italic%2C900%2C900italic|font_style:500%20bold%20regular%3A500%3Anormal&#8221;][vc_column_text el_class=&#8221;white-p&#8221;]<\/p>\n<p>V\u00e4lkommen till ett dynamiskt panelsamtal d\u00e4r f\u00f6r\u00e4ndringsledare fr\u00e5n hela v\u00e4rlden diskuterar innovation och st\u00e4dernas f\u00f6r\u00e4ndrade roll.<\/p>\n<p>[\/vc_column_text][vc_custom_heading text=&#8221;<strong>Hur hanterar vi framtida utmaningar proaktivt? <\/strong>&#8221; font_container=&#8221;tag:h5|text_align:left|color:%23ffffff|line_height:1.2&#8243; use_theme_fonts=&#8221;yes&#8221; link=&#8221;url:https%3A%2F%2Fh22.se%2Fen%2Fsummit%2Fhow-to-anticipate-innovation%2F|&#8221;][vc_column_text el_class=&#8221;white-p&#8221;]<\/p>\n<p>L\u00e5t oss unders\u00f6ka hur innovation kan f\u00f6rebygga och rusta oss f\u00f6r framtiden samt hur det kan se ut i praktiken.<\/p>\n<p>[\/vc_column_text][vc_btn title=&#8221;Read more&#8221; style=&#8221;outline-custom&#8221; outline_custom_color=&#8221;#ffffff&#8221; outline_custom_hover_background=&#8221;#ffffff&#8221; outline_custom_hover_text=&#8221;#000000&#8243; size=&#8221;sm&#8221; align=&#8221;left&#8221; link=&#8221;url:https%3A%2F%2Fh22.se%2Fen%2Fsummit%2Fhow-to-anticipate-innovation%2F|title:How%20to%20anticipate%20innovation|&#8221;][\/vc_column_inner][vc_column_inner el_class=&#8221;speaker20-program-citytalk-col2&#8243; width=&#8221;1\/2&#8243; css=&#8221;.vc_custom_1602770604843{margin-bottom: 0px !important;padding-bottom: 0px !important;}&#8221;][vc_column_text css=&#8221;.vc_custom_1602770616256{margin-bottom: 0px !important;padding-bottom: 0px !important;}&#8221;]<\/p>\n<div class=\"wpv-view-output\" data-toolset-views-view-editor=\"ce7e83ec5aee9b037e4370a950253551\"><div class=\"wp-block-toolset-views-view-editor\">\n<div class=\"wp-block-toolset-views-custom-search-container\">  <\/div>\n  <div id=\"wpv-view-layout-362256\" class=\"js-wpv-view-layout js-wpv-layout-responsive js-wpv-view-layout-362256\" data-viewnumber=\"362256\" data-pagination=\"{&quot;id&quot;:362256,&quot;query&quot;:&quot;normal&quot;,&quot;type&quot;:&quot;disabled&quot;,&quot;effect&quot;:&quot;fade&quot;,&quot;duration&quot;:500,&quot;speed&quot;:5,&quot;pause_on_hover&quot;:&quot;disabled&quot;,&quot;stop_rollover&quot;:&quot;false&quot;,&quot;cache_pages&quot;:&quot;enabled&quot;,&quot;preload_images&quot;:&quot;enabled&quot;,&quot;preload_pages&quot;:&quot;enabled&quot;,&quot;preload_reach&quot;:1,&quot;spinner&quot;:&quot;builtin&quot;,&quot;spinner_image&quot;:&quot;https:\/\/h22.se\/wp-content\/plugins\/toolset-blocks\/embedded\/res\/img\/ajax-loader.gif&quot;,&quot;callback_next&quot;:&quot;&quot;,&quot;manage_history&quot;:&quot;enabled&quot;,&quot;has_controls_in_form&quot;:&quot;disabled&quot;,&quot;infinite_tolerance&quot;:&quot;0&quot;,&quot;max_pages&quot;:0,&quot;page&quot;:1,&quot;base_permalink&quot;:&quot;\/en\/wp-json\/wp\/v2\/pages\/363444?wpv_view_count=362256&amp;wpv_paged=WPV_PAGE_NUM&quot;,&quot;loop&quot;:{&quot;type&quot;:&quot;&quot;,&quot;name&quot;:&quot;&quot;,&quot;data&quot;:[],&quot;id&quot;:0}}\" data-permalink=\"\/en\/wp-json\/wp\/v2\/pages\/363444?wpv_view_count=362256\">\n<div class=\"js-wpv-loop-wrapper\"><div class=\"tb-grid\"><div class=\"tb-grid-column\">\n<div class=\"wp-block-toolset-views-view-template-block wpv-block-loop-item php-to-be-replaced-with-shortcode talare-loop\" data-toolset-views-view-template-block=\"8d501434a33d17b3cc5c46b0c9924847\">\n<div class=\"wp-block-toolset-blocks-container tb-container aligncenter\" data-toolset-blocks-container=\"a27f5f40993da4ea3b49f32a806b5e1b\">\n<figure class=\"wp-block-image tb-image tb-image-dynamic speaker20-img\" data-toolset-blocks-image=\"444bc1ee06c7036d97d012b0d920f070\"><a href=\"https:\/\/h22.se\/en\/speaker\/jon-simonsson\/\"><img decoding=\"async\" width=\"300\" height=\"300\" loading=\"lazy\" src=\"https:\/\/h22.se\/wp-content\/uploads\/2020\/10\/Jon-simonsson-bild_Sv-300x300.jpg\" alt=\"\" class=\"wp-image-363231\" srcset=\"https:\/\/h22.se\/wp-content\/uploads\/2020\/10\/Jon-simonsson-bild_Sv-300x300.jpg 300w, https:\/\/h22.se\/wp-content\/uploads\/2020\/10\/Jon-simonsson-bild_Sv-150x150.jpg 150w, https:\/\/h22.se\/wp-content\/uploads\/2020\/10\/Jon-simonsson-bild_Sv-100x100.jpg 100w, https:\/\/h22.se\/wp-content\/uploads\/2020\/10\/Jon-simonsson-bild_Sv-146x146.jpg 146w, https:\/\/h22.se\/wp-content\/uploads\/2020\/10\/Jon-simonsson-bild_Sv-50x50.jpg 50w, https:\/\/h22.se\/wp-content\/uploads\/2020\/10\/Jon-simonsson-bild_Sv-75x75.jpg 75w, https:\/\/h22.se\/wp-content\/uploads\/2020\/10\/Jon-simonsson-bild_Sv-85x85.jpg 85w, https:\/\/h22.se\/wp-content\/uploads\/2020\/10\/Jon-simonsson-bild_Sv-80x80.jpg 80w, https:\/\/h22.se\/wp-content\/uploads\/2020\/10\/Jon-simonsson-bild_Sv.jpg 500w\" sizes=\"(max-width: 300px) 100vw, 300px\" \/><\/a><\/figure>\n<\/div>\n\n\n\n<div class=\"wp-block-toolset-blocks-container tb-container\" data-toolset-blocks-container=\"07122d52349226c11522716acf12c70a\">\n<h2 class=\"tb-heading has-text-color speaker20_name\" data-toolset-blocks-heading=\"6f096ecda94a015dbee1c0de7bf78a4e\"><a href=\"https:\/\/h22.se\/en\/speaker\/jon-simonsson\/\">Jon Simonsson<\/a><\/h2>\n\n\n\n<h4 class=\"tb-heading speaker20_titel\" data-toolset-blocks-heading=\"dbf13b602c2eaed567fd9488a770879d\">Chair of Committee for Technological Innovation and Ethics (Komet), Swedish Government<\/h4>\n\n\n\n<div class=\"tb-field speaker20_exerpt\" data-toolset-blocks-field=\"b6544701cd23f3061166445f19031368\">In his role as Committee Chair, Jon Simonsson is engaged with addressing the challenges of technological development and creating conditions to accelerate the responsible use of new technologies. Jon is joining our panel talk to share his expertise in identifying policy challenges and driving policy development so that technological innovation can be best utilised for a sustainable future.<\/div>\n<\/div>\n\n\n\n<div class=\"wp-block-toolset-blocks-container tb-container\" data-toolset-blocks-container=\"adeb8970d6a3ef17aec904cdb8604fc0\"><\/div>\n<\/div>\n<\/div><div class=\"tb-grid-column\">\n<div class=\"wp-block-toolset-views-view-template-block wpv-block-loop-item php-to-be-replaced-with-shortcode talare-loop\" data-toolset-views-view-template-block=\"8d501434a33d17b3cc5c46b0c9924847\">\n<div class=\"wp-block-toolset-blocks-container tb-container aligncenter\" data-toolset-blocks-container=\"a27f5f40993da4ea3b49f32a806b5e1b\">\n<figure class=\"wp-block-image tb-image tb-image-dynamic speaker20-img\" data-toolset-blocks-image=\"444bc1ee06c7036d97d012b0d920f070\"><a href=\"https:\/\/h22.se\/en\/speaker\/lisa-olsson\/\"><img decoding=\"async\" width=\"300\" height=\"300\" loading=\"lazy\" src=\"https:\/\/h22.se\/wp-content\/uploads\/2020\/10\/Lisa-r4liten_sv-300x300.jpg\" alt=\"\" class=\"wp-image-363239\" srcset=\"https:\/\/h22.se\/wp-content\/uploads\/2020\/10\/Lisa-r4liten_sv-300x300.jpg 300w, https:\/\/h22.se\/wp-content\/uploads\/2020\/10\/Lisa-r4liten_sv-150x150.jpg 150w, https:\/\/h22.se\/wp-content\/uploads\/2020\/10\/Lisa-r4liten_sv-100x100.jpg 100w, https:\/\/h22.se\/wp-content\/uploads\/2020\/10\/Lisa-r4liten_sv-146x146.jpg 146w, https:\/\/h22.se\/wp-content\/uploads\/2020\/10\/Lisa-r4liten_sv-50x50.jpg 50w, https:\/\/h22.se\/wp-content\/uploads\/2020\/10\/Lisa-r4liten_sv-75x75.jpg 75w, https:\/\/h22.se\/wp-content\/uploads\/2020\/10\/Lisa-r4liten_sv-85x85.jpg 85w, https:\/\/h22.se\/wp-content\/uploads\/2020\/10\/Lisa-r4liten_sv-80x80.jpg 80w, https:\/\/h22.se\/wp-content\/uploads\/2020\/10\/Lisa-r4liten_sv.jpg 500w\" sizes=\"(max-width: 300px) 100vw, 300px\" \/><\/a><\/figure>\n<\/div>\n\n\n\n<div class=\"wp-block-toolset-blocks-container tb-container\" data-toolset-blocks-container=\"07122d52349226c11522716acf12c70a\">\n<h2 class=\"tb-heading has-text-color speaker20_name\" data-toolset-blocks-heading=\"6f096ecda94a015dbee1c0de7bf78a4e\"><a href=\"https:\/\/h22.se\/en\/speaker\/lisa-olsson\/\">Lisa Olsson<\/a><\/h2>\n\n\n\n<h4 class=\"tb-heading speaker20_titel\" data-toolset-blocks-heading=\"dbf13b602c2eaed567fd9488a770879d\">Chief Innovation Advisor and Head of Innovation Unit at the City of Helsingborg<\/h4>\n\n\n\n<div class=\"tb-field speaker20_exerpt\" data-toolset-blocks-field=\"b6544701cd23f3061166445f19031368\">Lisa plays an integral role in promoting an innovation culture that permeates all levels of the city\u2019s administration and engages residents, businesses, and academia in developing smart solutions for societal needs. Lisa brings her extensive knowledge of innovation processes and systemic transformation to our panel discussion and will be sharing her thoughts on what\u2019s required to achieve real change.<\/div>\n<\/div>\n\n\n\n<div class=\"wp-block-toolset-blocks-container tb-container\" data-toolset-blocks-container=\"adeb8970d6a3ef17aec904cdb8604fc0\"><\/div>\n<\/div>\n<\/div><div class=\"tb-grid-column\">\n<div class=\"wp-block-toolset-views-view-template-block wpv-block-loop-item php-to-be-replaced-with-shortcode talare-loop\" data-toolset-views-view-template-block=\"8d501434a33d17b3cc5c46b0c9924847\">\n<div class=\"wp-block-toolset-blocks-container tb-container aligncenter\" data-toolset-blocks-container=\"a27f5f40993da4ea3b49f32a806b5e1b\">\n<figure class=\"wp-block-image tb-image tb-image-dynamic speaker20-img\" data-toolset-blocks-image=\"444bc1ee06c7036d97d012b0d920f070\"><a href=\"https:\/\/h22.se\/en\/speaker\/piret-tonurist-2\/\"><img decoding=\"async\" width=\"300\" height=\"300\" loading=\"lazy\" src=\"https:\/\/h22.se\/wp-content\/uploads\/2020\/10\/Tonurist-vs3_sv-300x300.jpg\" alt=\"\" class=\"wp-image-362936\" srcset=\"https:\/\/h22.se\/wp-content\/uploads\/2020\/10\/Tonurist-vs3_sv-300x300.jpg 300w, https:\/\/h22.se\/wp-content\/uploads\/2020\/10\/Tonurist-vs3_sv-150x150.jpg 150w, https:\/\/h22.se\/wp-content\/uploads\/2020\/10\/Tonurist-vs3_sv-100x100.jpg 100w, https:\/\/h22.se\/wp-content\/uploads\/2020\/10\/Tonurist-vs3_sv-146x146.jpg 146w, https:\/\/h22.se\/wp-content\/uploads\/2020\/10\/Tonurist-vs3_sv-50x50.jpg 50w, https:\/\/h22.se\/wp-content\/uploads\/2020\/10\/Tonurist-vs3_sv-75x75.jpg 75w, https:\/\/h22.se\/wp-content\/uploads\/2020\/10\/Tonurist-vs3_sv-85x85.jpg 85w, https:\/\/h22.se\/wp-content\/uploads\/2020\/10\/Tonurist-vs3_sv-80x80.jpg 80w, https:\/\/h22.se\/wp-content\/uploads\/2020\/10\/Tonurist-vs3_sv.jpg 500w\" sizes=\"(max-width: 300px) 100vw, 300px\" \/><\/a><\/figure>\n<\/div>\n\n\n\n<div class=\"wp-block-toolset-blocks-container tb-container\" data-toolset-blocks-container=\"07122d52349226c11522716acf12c70a\">\n<h2 class=\"tb-heading has-text-color speaker20_name\" data-toolset-blocks-heading=\"6f096ecda94a015dbee1c0de7bf78a4e\"><a href=\"https:\/\/h22.se\/en\/speaker\/piret-tonurist-2\/\">Piret T\u00f5nurist<\/a><\/h2>\n\n\n\n<h4 class=\"tb-heading speaker20_titel\" data-toolset-blocks-heading=\"dbf13b602c2eaed567fd9488a770879d\">Innovation Lead at OECD<\/h4>\n\n\n\n<div class=\"tb-field speaker20_exerpt\" data-toolset-blocks-field=\"b6544701cd23f3061166445f19031368\">With seventeen years of working with innovation in the public, private, and academic sector, Piret is an expert in analysing complex challenges, initiating their solutions, and evaluating innovations. Her experience with anticipatory innovation governance at the Observatory of Public Sector Innovation (OPSI) will be invaluable in our panel discussion on proactive change in leadership models.<\/div>\n<\/div>\n\n\n\n<div class=\"wp-block-toolset-blocks-container tb-container\" data-toolset-blocks-container=\"adeb8970d6a3ef17aec904cdb8604fc0\"><\/div>\n<\/div>\n<\/div><\/div><\/div>\n\n\n<p><\/p>\n<\/div><\/div><\/div>\n<p>[\/vc_column_text][\/vc_column_inner][\/vc_row_inner][\/vc_tta_section][vc_tta_section title=&#8221;TISDAG \/ <strong>FACILITATE<\/strong>&#8221; tab_id=&#8221;1602844944631-b3ba2a8f-2846&#8243; el_class=&#8221;Facilitate&#8221;][vc_row_inner gap=&#8221;35&#8243; el_class=&#8221;speaker20-program-row&#8221;][vc_column_inner width=&#8221;1\/2&#8243;][vc_custom_heading text=&#8221;SETTING THE SCENE&#8221; font_container=&#8221;tag:h4|text_align:left|color:%23f7a62a|line_height:1.2&#8243; google_fonts=&#8221;font_family:Roboto%3A100%2C100italic%2C300%2C300italic%2Cregular%2Citalic%2C500%2C500italic%2C700%2C700italic%2C900%2C900italic|font_style:500%20bold%20regular%3A500%3Anormal&#8221;][vc_column_text el_class=&#8221;white-p&#8221;]<\/p>\n<p>V\u00e5ra moderatorer introducerar dagens uppl\u00e4gg tillsammans med g\u00e4ster.<\/p>\n<p>[\/vc_column_text][\/vc_column_inner][vc_column_inner el_class=&#8221;speaker20-program-citytalk-col2&#8243; width=&#8221;1\/2&#8243;][vc_column_text]<\/p>\n<div class=\"wpv-view-output\" data-toolset-views-view-editor=\"b14ae6c0b96e7af73b146aa175d34adb\"><div class=\"wp-block-toolset-views-view-editor\">\n<div class=\"wp-block-toolset-views-custom-search-container\">  <\/div>\n  <div id=\"wpv-view-layout-363778\" class=\"js-wpv-view-layout js-wpv-layout-responsive js-wpv-view-layout-363778\" data-viewnumber=\"363778\" data-pagination=\"{&quot;id&quot;:363778,&quot;query&quot;:&quot;normal&quot;,&quot;type&quot;:&quot;disabled&quot;,&quot;effect&quot;:&quot;fade&quot;,&quot;duration&quot;:500,&quot;speed&quot;:5,&quot;pause_on_hover&quot;:&quot;disabled&quot;,&quot;stop_rollover&quot;:&quot;false&quot;,&quot;cache_pages&quot;:&quot;enabled&quot;,&quot;preload_images&quot;:&quot;enabled&quot;,&quot;preload_pages&quot;:&quot;enabled&quot;,&quot;preload_reach&quot;:1,&quot;spinner&quot;:&quot;builtin&quot;,&quot;spinner_image&quot;:&quot;https:\/\/h22.se\/wp-content\/plugins\/toolset-blocks\/embedded\/res\/img\/ajax-loader.gif&quot;,&quot;callback_next&quot;:&quot;&quot;,&quot;manage_history&quot;:&quot;enabled&quot;,&quot;has_controls_in_form&quot;:&quot;disabled&quot;,&quot;infinite_tolerance&quot;:&quot;0&quot;,&quot;max_pages&quot;:0,&quot;page&quot;:1,&quot;base_permalink&quot;:&quot;\/en\/wp-json\/wp\/v2\/pages\/363444?wpv_view_count=363778&amp;wpv_paged=WPV_PAGE_NUM&quot;,&quot;loop&quot;:{&quot;type&quot;:&quot;&quot;,&quot;name&quot;:&quot;&quot;,&quot;data&quot;:[],&quot;id&quot;:0}}\" data-permalink=\"\/en\/wp-json\/wp\/v2\/pages\/363444?wpv_view_count=363778\">\n<div class=\"js-wpv-loop-wrapper\"><div class=\"tb-grid\"><div class=\"tb-grid-column\">\n<div class=\"wp-block-toolset-views-view-template-block wpv-block-loop-item php-to-be-replaced-with-shortcode talare-loop\" data-toolset-views-view-template-block=\"8d501434a33d17b3cc5c46b0c9924847\">\n<div class=\"wp-block-toolset-blocks-container tb-container aligncenter\" data-toolset-blocks-container=\"a77f127db81a5f8b4173a2ba3b03a476\">\n<figure class=\"wp-block-image tb-image tb-image-dynamic speaker20-img\" data-toolset-blocks-image=\"f8e57644ee2b0bf765fd87ba9bd35cec\"><a href=\"https:\/\/h22.se\/en\/speaker\/olga-algayerova2\/\"><img decoding=\"async\" width=\"260\" height=\"246\" loading=\"lazy\" src=\"https:\/\/h22.se\/wp-content\/uploads\/2020\/10\/Olga-bild_sv.jpg\" alt=\"\" class=\"wp-image-365282\" srcset=\"https:\/\/h22.se\/wp-content\/uploads\/2020\/10\/Olga-bild_sv.jpg 260w, https:\/\/h22.se\/wp-content\/uploads\/2020\/10\/Olga-bild_sv-100x95.jpg 100w, https:\/\/h22.se\/wp-content\/uploads\/2020\/10\/Olga-bild_sv-154x146.jpg 154w, https:\/\/h22.se\/wp-content\/uploads\/2020\/10\/Olga-bild_sv-50x47.jpg 50w, https:\/\/h22.se\/wp-content\/uploads\/2020\/10\/Olga-bild_sv-79x75.jpg 79w\" sizes=\"(max-width: 260px) 100vw, 260px\" \/><\/a><\/figure>\n<\/div>\n\n\n\n<div class=\"wp-block-toolset-blocks-container tb-container\" data-toolset-blocks-container=\"a660491648d85bf8150000b53b6f71d0\">\n<h2 class=\"tb-heading has-text-color speaker20_name\" data-toolset-blocks-heading=\"6f096ecda94a015dbee1c0de7bf78a4e\"><a href=\"https:\/\/h22.se\/en\/speaker\/olga-algayerova2\/\">Olga Algayerova<\/a><\/h2>\n\n\n\n<h4 class=\"tb-heading speaker20_titel\" data-toolset-blocks-heading=\"dbf13b602c2eaed567fd9488a770879d\">Executive Secretary, Under-Secretary-General at UNECE<\/h4>\n<\/div>\n<\/div>\n<\/div><div class=\"tb-grid-column\">\n<div class=\"wp-block-toolset-views-view-template-block wpv-block-loop-item php-to-be-replaced-with-shortcode talare-loop\" data-toolset-views-view-template-block=\"8d501434a33d17b3cc5c46b0c9924847\">\n<div class=\"wp-block-toolset-blocks-container tb-container aligncenter\" data-toolset-blocks-container=\"a77f127db81a5f8b4173a2ba3b03a476\">\n<figure class=\"wp-block-image tb-image tb-image-dynamic speaker20-img\" data-toolset-blocks-image=\"f8e57644ee2b0bf765fd87ba9bd35cec\"><a href=\"https:\/\/h22.se\/en\/speaker\/rijal-mbamba\/\"><img decoding=\"async\" width=\"300\" height=\"300\" loading=\"lazy\" src=\"https:\/\/h22.se\/wp-content\/uploads\/2020\/10\/rijal-bild-300x300.jpg\" alt=\"\" class=\"wp-image-364392\" srcset=\"https:\/\/h22.se\/wp-content\/uploads\/2020\/10\/rijal-bild-300x300.jpg 300w, https:\/\/h22.se\/wp-content\/uploads\/2020\/10\/rijal-bild-150x150.jpg 150w, https:\/\/h22.se\/wp-content\/uploads\/2020\/10\/rijal-bild-100x100.jpg 100w, https:\/\/h22.se\/wp-content\/uploads\/2020\/10\/rijal-bild-146x146.jpg 146w, https:\/\/h22.se\/wp-content\/uploads\/2020\/10\/rijal-bild-50x50.jpg 50w, https:\/\/h22.se\/wp-content\/uploads\/2020\/10\/rijal-bild-75x75.jpg 75w, https:\/\/h22.se\/wp-content\/uploads\/2020\/10\/rijal-bild-85x85.jpg 85w, https:\/\/h22.se\/wp-content\/uploads\/2020\/10\/rijal-bild-80x80.jpg 80w, https:\/\/h22.se\/wp-content\/uploads\/2020\/10\/rijal-bild.jpg 500w\" sizes=\"(max-width: 300px) 100vw, 300px\" \/><\/a><\/figure>\n<\/div>\n\n\n\n<div class=\"wp-block-toolset-blocks-container tb-container\" data-toolset-blocks-container=\"a660491648d85bf8150000b53b6f71d0\">\n<h2 class=\"tb-heading has-text-color speaker20_name\" data-toolset-blocks-heading=\"6f096ecda94a015dbee1c0de7bf78a4e\"><a href=\"https:\/\/h22.se\/en\/speaker\/rijal-mbamba\/\">Rijal Mbamba<\/a><\/h2>\n\n\n\n<h4 class=\"tb-heading speaker20_titel\" data-toolset-blocks-heading=\"dbf13b602c2eaed567fd9488a770879d\">H22 Summit Moderator<\/h4>\n<\/div>\n<\/div>\n<\/div><\/div><\/div><\/div><\/div><\/div>\n<p>[\/vc_column_text][\/vc_column_inner][\/vc_row_inner][vc_row_inner gap=&#8221;35&#8243; css=&#8221;.vc_custom_1602830598833{padding-bottom: 0px !important;}&#8221; el_class=&#8221;speaker20-program-row&#8221;][vc_column_inner width=&#8221;1\/2&#8243;][vc_custom_heading text=&#8221;BIG OPENER&#8221; font_container=&#8221;tag:h4|text_align:left|color:%23f7a62a|line_height:1.2&#8243; google_fonts=&#8221;font_family:Roboto%3A100%2C100italic%2C300%2C300italic%2Cregular%2Citalic%2C500%2C500italic%2C700%2C700italic%2C900%2C900italic|font_style:500%20bold%20regular%3A500%3Anormal&#8221;][vc_column_text el_class=&#8221;white-p&#8221;]<\/p>\n<p>Vi kickstartar temat med dagens huvudtalare.<\/p>\n<p>[\/vc_column_text][\/vc_column_inner][vc_column_inner el_class=&#8221;speaker20-program-citytalk-col2&#8243; width=&#8221;1\/2&#8243; css=&#8221;.vc_custom_1603291185801{margin-bottom: 0px !important;padding-bottom: 0px !important;}&#8221;][vc_column_text css=&#8221;.vc_custom_1603291166602{margin-bottom: 0px !important;padding-bottom: 0px !important;}&#8221;]<\/p>\n<div class=\"wpv-view-output\" data-toolset-views-view-editor=\"2d3e9d46c0f6365578e020d00648d90e\"><div class=\"wp-block-toolset-views-view-editor\">\n<div class=\"wp-block-toolset-views-custom-search-container\">  <\/div>\n  <div id=\"wpv-view-layout-364352\" class=\"js-wpv-view-layout js-wpv-layout-responsive js-wpv-view-layout-364352\" data-viewnumber=\"364352\" data-pagination=\"{&quot;id&quot;:364352,&quot;query&quot;:&quot;normal&quot;,&quot;type&quot;:&quot;disabled&quot;,&quot;effect&quot;:&quot;fade&quot;,&quot;duration&quot;:500,&quot;speed&quot;:5,&quot;pause_on_hover&quot;:&quot;disabled&quot;,&quot;stop_rollover&quot;:&quot;false&quot;,&quot;cache_pages&quot;:&quot;enabled&quot;,&quot;preload_images&quot;:&quot;enabled&quot;,&quot;preload_pages&quot;:&quot;enabled&quot;,&quot;preload_reach&quot;:1,&quot;spinner&quot;:&quot;builtin&quot;,&quot;spinner_image&quot;:&quot;https:\/\/h22.se\/wp-content\/plugins\/toolset-blocks\/embedded\/res\/img\/ajax-loader.gif&quot;,&quot;callback_next&quot;:&quot;&quot;,&quot;manage_history&quot;:&quot;enabled&quot;,&quot;has_controls_in_form&quot;:&quot;disabled&quot;,&quot;infinite_tolerance&quot;:&quot;0&quot;,&quot;max_pages&quot;:0,&quot;page&quot;:1,&quot;base_permalink&quot;:&quot;\/en\/wp-json\/wp\/v2\/pages\/363444?wpv_view_count=364352&amp;wpv_paged=WPV_PAGE_NUM&quot;,&quot;loop&quot;:{&quot;type&quot;:&quot;&quot;,&quot;name&quot;:&quot;&quot;,&quot;data&quot;:[],&quot;id&quot;:0}}\" data-permalink=\"\/en\/wp-json\/wp\/v2\/pages\/363444?wpv_view_count=364352\">\n<div class=\"js-wpv-loop-wrapper\"><div class=\"tb-grid\"><div class=\"tb-grid-column\">\n<div class=\"wp-block-toolset-views-view-template-block wpv-block-loop-item php-to-be-replaced-with-shortcode talare-loop\" data-toolset-views-view-template-block=\"8d501434a33d17b3cc5c46b0c9924847\">\n<div class=\"wp-block-toolset-blocks-container tb-container aligncenter\" data-toolset-blocks-container=\"d5d2a6b37be0ad0ba3bf8551178cc587\">\n<figure class=\"wp-block-image tb-image tb-image-dynamic speaker20-img\" data-toolset-blocks-image=\"445399ccaedc4f43d38848372850ca67\"><a href=\"https:\/\/h22.se\/en\/speaker\/katrien-rycken\/\"><img decoding=\"async\" width=\"300\" height=\"300\" loading=\"lazy\" src=\"https:\/\/h22.se\/wp-content\/uploads\/2020\/10\/Katrien-Rycken-bild_sv-300x300.jpg\" alt=\"\" class=\"wp-image-362984\" srcset=\"https:\/\/h22.se\/wp-content\/uploads\/2020\/10\/Katrien-Rycken-bild_sv-300x300.jpg 300w, https:\/\/h22.se\/wp-content\/uploads\/2020\/10\/Katrien-Rycken-bild_sv-150x150.jpg 150w, https:\/\/h22.se\/wp-content\/uploads\/2020\/10\/Katrien-Rycken-bild_sv-100x100.jpg 100w, https:\/\/h22.se\/wp-content\/uploads\/2020\/10\/Katrien-Rycken-bild_sv-146x146.jpg 146w, https:\/\/h22.se\/wp-content\/uploads\/2020\/10\/Katrien-Rycken-bild_sv-50x50.jpg 50w, https:\/\/h22.se\/wp-content\/uploads\/2020\/10\/Katrien-Rycken-bild_sv-75x75.jpg 75w, https:\/\/h22.se\/wp-content\/uploads\/2020\/10\/Katrien-Rycken-bild_sv-85x85.jpg 85w, https:\/\/h22.se\/wp-content\/uploads\/2020\/10\/Katrien-Rycken-bild_sv-80x80.jpg 80w, https:\/\/h22.se\/wp-content\/uploads\/2020\/10\/Katrien-Rycken-bild_sv.jpg 500w\" sizes=\"(max-width: 300px) 100vw, 300px\" \/><\/a><\/figure>\n<\/div>\n\n\n\n<div class=\"wp-block-toolset-blocks-container tb-container\" data-toolset-blocks-container=\"07122d52349226c11522716acf12c70a\">\n<h2 class=\"tb-heading has-text-color speaker20_name\" data-toolset-blocks-heading=\"6f096ecda94a015dbee1c0de7bf78a4e\"><a href=\"https:\/\/h22.se\/en\/speaker\/katrien-rycken\/\">Katrien Rycken<\/a><\/h2>\n\n\n\n<h4 class=\"tb-heading speaker20_titel\" data-toolset-blocks-heading=\"dbf13b602c2eaed567fd9488a770879d\">Directeur at Leuven 2030<\/h4>\n\n\n\n<div class=\"tb-field speaker20_exerpt\" data-toolset-blocks-field=\"b6544701cd23f3061166445f19031368\">Katrien Rycken and Mayor Mohamed Ridouani will be presenting their city and the groundbreaking innovation work that has earned them the title of European Capital of Innovation 2020. They will share their experience of building a city-wide innovation ecosystem and transforming governance models, and how citizen engagement is crucial for mission-driven cities in achieving common sustainability goals.<\/div>\n<\/div>\n\n\n\n<div class=\"wp-block-toolset-blocks-container tb-container\" data-toolset-blocks-container=\"adeb8970d6a3ef17aec904cdb8604fc0\"><\/div>\n<\/div>\n<\/div><div class=\"tb-grid-column\">\n<div class=\"wp-block-toolset-views-view-template-block wpv-block-loop-item php-to-be-replaced-with-shortcode talare-loop\" data-toolset-views-view-template-block=\"8d501434a33d17b3cc5c46b0c9924847\">\n<div class=\"wp-block-toolset-blocks-container tb-container aligncenter\" data-toolset-blocks-container=\"d5d2a6b37be0ad0ba3bf8551178cc587\">\n<figure class=\"wp-block-image tb-image tb-image-dynamic speaker20-img\" data-toolset-blocks-image=\"445399ccaedc4f43d38848372850ca67\"><a href=\"https:\/\/h22.se\/en\/speaker\/mohamed-ridouani\/\"><img decoding=\"async\" width=\"300\" height=\"300\" loading=\"lazy\" src=\"https:\/\/h22.se\/wp-content\/uploads\/2020\/10\/Mohamed-Ridouani-leuven-Mayor-_sv-300x300.jpg\" alt=\"\" class=\"wp-image-363200\" srcset=\"https:\/\/h22.se\/wp-content\/uploads\/2020\/10\/Mohamed-Ridouani-leuven-Mayor-_sv-300x300.jpg 300w, https:\/\/h22.se\/wp-content\/uploads\/2020\/10\/Mohamed-Ridouani-leuven-Mayor-_sv-150x150.jpg 150w, https:\/\/h22.se\/wp-content\/uploads\/2020\/10\/Mohamed-Ridouani-leuven-Mayor-_sv-100x100.jpg 100w, https:\/\/h22.se\/wp-content\/uploads\/2020\/10\/Mohamed-Ridouani-leuven-Mayor-_sv-146x146.jpg 146w, https:\/\/h22.se\/wp-content\/uploads\/2020\/10\/Mohamed-Ridouani-leuven-Mayor-_sv-50x50.jpg 50w, https:\/\/h22.se\/wp-content\/uploads\/2020\/10\/Mohamed-Ridouani-leuven-Mayor-_sv-75x75.jpg 75w, https:\/\/h22.se\/wp-content\/uploads\/2020\/10\/Mohamed-Ridouani-leuven-Mayor-_sv-85x85.jpg 85w, https:\/\/h22.se\/wp-content\/uploads\/2020\/10\/Mohamed-Ridouani-leuven-Mayor-_sv-80x80.jpg 80w, https:\/\/h22.se\/wp-content\/uploads\/2020\/10\/Mohamed-Ridouani-leuven-Mayor-_sv.jpg 500w\" sizes=\"(max-width: 300px) 100vw, 300px\" \/><\/a><\/figure>\n<\/div>\n\n\n\n<div class=\"wp-block-toolset-blocks-container tb-container\" data-toolset-blocks-container=\"07122d52349226c11522716acf12c70a\">\n<h2 class=\"tb-heading has-text-color speaker20_name\" data-toolset-blocks-heading=\"6f096ecda94a015dbee1c0de7bf78a4e\"><a href=\"https:\/\/h22.se\/en\/speaker\/mohamed-ridouani\/\">Mohamed Ridouani<\/a><\/h2>\n\n\n\n<h4 class=\"tb-heading speaker20_titel\" data-toolset-blocks-heading=\"dbf13b602c2eaed567fd9488a770879d\">Mayor of the city of Leuven<\/h4>\n\n\n\n<div class=\"tb-field speaker20_exerpt\" data-toolset-blocks-field=\"b6544701cd23f3061166445f19031368\">Mayor Ridouani and Katrien Rycken will be presenting their city and the groundbreaking innovation work that has earned them the title of European Capital of Innovation 2020. They will share their experience of building a city-wide innovation ecosystem and transforming governance models, and how citizen engagement is crucial for mission-driven cities in achieving common sustainability goals.<\/div>\n<\/div>\n\n\n\n<div class=\"wp-block-toolset-blocks-container tb-container\" data-toolset-blocks-container=\"adeb8970d6a3ef17aec904cdb8604fc0\"><\/div>\n<\/div>\n<\/div><\/div><\/div>\n\n\n<p><\/p>\n<\/div><\/div><\/div>\n<p>[\/vc_column_text][\/vc_column_inner][\/vc_row_inner][vc_row_inner gap=&#8221;35&#8243; el_class=&#8221;speaker20-program-row&#8221;][vc_column_inner width=&#8221;1\/2&#8243;][vc_custom_heading text=&#8221;BREAKING THE MOULD&#8221; font_container=&#8221;tag:h4|text_align:left|color:%23f7a62a|line_height:1.2&#8243; google_fonts=&#8221;font_family:Roboto%3A100%2C100italic%2C300%2C300italic%2Cregular%2Citalic%2C500%2C500italic%2C700%2C700italic%2C900%2C900italic|font_style:500%20bold%20regular%3A500%3Anormal&#8221;][vc_column_text el_class=&#8221;white-p&#8221;]<\/p>\n<p>Dagens andra talare ger nya perspektiv kring innovation.<\/p>\n<p>[\/vc_column_text][\/vc_column_inner][vc_column_inner el_class=&#8221;speaker20-program-col2&#8243; width=&#8221;1\/2&#8243; css=&#8221;.vc_custom_1602770573295{margin-bottom: 0px !important;padding-bottom: 0px !important;}&#8221;][vc_column_text css=&#8221;.vc_custom_1602847217253{margin-bottom: 0px !important;padding-bottom: 0px !important;}&#8221;]<\/p>\n\n<div class=\"wp-block-toolset-blocks-container tb-container speakers20_program_container aligncenter\" data-toolset-blocks-container=\"a4ffca6637ef621955eb4ad7fe7cee05\">\n<figure class=\"wp-block-image tb-image tb-image-dynamic speaker20-img\" data-toolset-blocks-image=\"a3ef498e9d316da08a457680106c32d4\"><a href=\"https:\/\/h22.se\/talare\/jean-eric-paquet\/\"><img decoding=\"async\" width=\"400\" height=\"400\" loading=\"lazy\" src=\"https:\/\/h22.se\/wp-content\/uploads\/2020\/10\/Paquet-bild_sv.jpg\" alt=\"\" class=\"wp-image-362686\" srcset=\"https:\/\/h22.se\/wp-content\/uploads\/2020\/10\/Paquet-bild_sv.jpg 400w, https:\/\/h22.se\/wp-content\/uploads\/2020\/10\/Paquet-bild_sv-300x300.jpg 300w, https:\/\/h22.se\/wp-content\/uploads\/2020\/10\/Paquet-bild_sv-150x150.jpg 150w, https:\/\/h22.se\/wp-content\/uploads\/2020\/10\/Paquet-bild_sv-100x100.jpg 100w, https:\/\/h22.se\/wp-content\/uploads\/2020\/10\/Paquet-bild_sv-146x146.jpg 146w, https:\/\/h22.se\/wp-content\/uploads\/2020\/10\/Paquet-bild_sv-50x50.jpg 50w, https:\/\/h22.se\/wp-content\/uploads\/2020\/10\/Paquet-bild_sv-75x75.jpg 75w, https:\/\/h22.se\/wp-content\/uploads\/2020\/10\/Paquet-bild_sv-85x85.jpg 85w, https:\/\/h22.se\/wp-content\/uploads\/2020\/10\/Paquet-bild_sv-80x80.jpg 80w\" sizes=\"(max-width: 400px) 100vw, 400px\" \/><\/a><\/figure>\n\n\n\n<h3 class=\"tb-heading has-text-color speaker20_name\" data-toolset-blocks-heading=\"a064b45fa86470e44188b3a89cd5abad\"><a href=\"https:\/\/h22.se\/talare\/jean-eric-paquet\/\">Jean-Eric Paquet<\/a><\/h3>\n\n\n\n<div class=\"tb-field speaker20-titel\" data-toolset-blocks-field=\"a5772a5c494717bd70d83c0036e0d00d\">Director-General, DG Research & Innovation, European Commission<\/div>\n<\/div>\n\n<p>[\/vc_column_text][\/vc_column_inner][\/vc_row_inner][vc_row_inner gap=&#8221;35&#8243; el_class=&#8221;speaker20-program-row&#8221;][vc_column_inner width=&#8221;1\/2&#8243;][vc_custom_heading text=&#8221;SPARKING CHANGE&#8221; font_container=&#8221;tag:h4|text_align:left|color:%23f7a62a|line_height:1.2&#8243; google_fonts=&#8221;font_family:Roboto%3A100%2C100italic%2C300%2C300italic%2Cregular%2Citalic%2C500%2C500italic%2C700%2C700italic%2C900%2C900italic|font_style:500%20bold%20regular%3A500%3Anormal&#8221;][vc_column_text el_class=&#8221;white-p&#8221;]<\/p>\n<p>Innovationskraften som mittpunkt av v\u00e5r tredje talare<\/p>\n<p>[\/vc_column_text][\/vc_column_inner][vc_column_inner el_class=&#8221;speaker20-program-col2&#8243; width=&#8221;1\/2&#8243; css=&#8221;.vc_custom_1602770582301{margin-bottom: 0px !important;padding-bottom: 0px !important;}&#8221;][vc_column_text css=&#8221;.vc_custom_1602847245461{margin-bottom: 0px !important;padding-bottom: 0px !important;}&#8221;]<\/p>\n\n<div class=\"wp-block-toolset-blocks-container tb-container speakers20_program_container aligncenter\" data-toolset-blocks-container=\"a4ffca6637ef621955eb4ad7fe7cee05\">\n<figure class=\"wp-block-image tb-image tb-image-dynamic speaker20-img\" data-toolset-blocks-image=\"a3ef498e9d316da08a457680106c32d4\"><a href=\"https:\/\/h22.se\/en\/speaker\/darja-isaksson\/\"><img decoding=\"async\" width=\"500\" height=\"500\" loading=\"lazy\" src=\"https:\/\/h22.se\/wp-content\/uploads\/2020\/10\/1-darja-isaksson-portratt_sv.jpg\" alt=\"\" class=\"wp-image-362544\" srcset=\"https:\/\/h22.se\/wp-content\/uploads\/2020\/10\/1-darja-isaksson-portratt_sv.jpg 500w, https:\/\/h22.se\/wp-content\/uploads\/2020\/10\/1-darja-isaksson-portratt_sv-300x300.jpg 300w, https:\/\/h22.se\/wp-content\/uploads\/2020\/10\/1-darja-isaksson-portratt_sv-150x150.jpg 150w, https:\/\/h22.se\/wp-content\/uploads\/2020\/10\/1-darja-isaksson-portratt_sv-100x100.jpg 100w, https:\/\/h22.se\/wp-content\/uploads\/2020\/10\/1-darja-isaksson-portratt_sv-146x146.jpg 146w, https:\/\/h22.se\/wp-content\/uploads\/2020\/10\/1-darja-isaksson-portratt_sv-50x50.jpg 50w, https:\/\/h22.se\/wp-content\/uploads\/2020\/10\/1-darja-isaksson-portratt_sv-75x75.jpg 75w, https:\/\/h22.se\/wp-content\/uploads\/2020\/10\/1-darja-isaksson-portratt_sv-85x85.jpg 85w, https:\/\/h22.se\/wp-content\/uploads\/2020\/10\/1-darja-isaksson-portratt_sv-80x80.jpg 80w\" sizes=\"(max-width: 500px) 100vw, 500px\" \/><\/a><\/figure>\n\n\n\n<h3 class=\"tb-heading has-text-color speaker20_name\" data-toolset-blocks-heading=\"a064b45fa86470e44188b3a89cd5abad\"><a href=\"https:\/\/h22.se\/en\/speaker\/darja-isaksson\/\">Darja Isaksson<\/a><\/h3>\n\n\n\n<div class=\"tb-field speaker20-titel\" data-toolset-blocks-field=\"a5772a5c494717bd70d83c0036e0d00d\">Director General at Vinnova, Sweden\u2019s Innovation Agency<\/div>\n<\/div>\n\n<p>[\/vc_column_text][\/vc_column_inner][\/vc_row_inner][vc_row_inner gap=&#8221;35&#8243; el_class=&#8221;speaker20-program-row citytalks-row&#8221;][vc_column_inner width=&#8221;1\/2&#8243;][vc_custom_heading text=&#8221;CITY TALKS&#8221; font_container=&#8221;tag:h4|text_align:left|color:%23f7a62a|line_height:1.2&#8243; google_fonts=&#8221;font_family:Roboto%3A100%2C100italic%2C300%2C300italic%2Cregular%2Citalic%2C500%2C500italic%2C700%2C700italic%2C900%2C900italic|font_style:500%20bold%20regular%3A500%3Anormal&#8221;][vc_column_text el_class=&#8221;white-p&#8221;]<\/p>\n<p>V\u00e4lkommen till ett dynamiskt panelsamtal d\u00e4r f\u00f6r\u00e4ndringsledare fr\u00e5n hela v\u00e4rlden diskuterar innovation och st\u00e4dernas f\u00f6r\u00e4ndrade roll.<\/p>\n<p>[\/vc_column_text][vc_custom_heading text=&#8221;<strong>St\u00e4der som drivkrafter f\u00f6r innovation i ett smartare och mer h\u00e5llbart Europa<\/strong>&#8221; font_container=&#8221;tag:h5|text_align:left|color:%23ffffff|line_height:1.2&#8243; use_theme_fonts=&#8221;yes&#8221; link=&#8221;url:https%3A%2F%2Fh22.se%2Fen%2Fsummit%2Fcities-as-innovation-drivers-for-a-smarter-sustainable-europe%2F|&#8221;][vc_column_text el_class=&#8221;white-p&#8221;]<\/p>\n<p>Varf\u00f6r beh\u00f6ver st\u00e4der vara innovativa? Och hur kan lokala utmaningar omvandlas till globala l\u00f6sningar och m\u00f6jligheter?<\/p>\n<p>[\/vc_column_text][vc_btn title=&#8221;Read more&#8221; style=&#8221;outline-custom&#8221; outline_custom_color=&#8221;#ffffff&#8221; outline_custom_hover_background=&#8221;#ffffff&#8221; outline_custom_hover_text=&#8221;#000000&#8243; size=&#8221;sm&#8221; align=&#8221;left&#8221; link=&#8221;url:https%3A%2F%2Fh22.se%2Fen%2Fsummit%2Fcities-as-innovation-drivers-for-a-smarter-sustainable-europe%2F|&#8221;][\/vc_column_inner][vc_column_inner el_class=&#8221;speaker20-program-citytalk-col2&#8243; width=&#8221;1\/2&#8243; css=&#8221;.vc_custom_1603291176029{margin-bottom: 0px !important;padding-bottom: 0px !important;}&#8221;][vc_column_text css=&#8221;.vc_custom_1602847397190{margin-bottom: 0px !important;padding-bottom: 0px !important;}&#8221;]<\/p>\n<div class=\"wpv-view-output\" data-toolset-views-view-editor=\"375a585092440c327f46384e1a1fadd9\"><div class=\"wp-block-toolset-views-view-editor\">\n<div class=\"wp-block-toolset-views-custom-search-container\">  <\/div>\n  <div id=\"wpv-view-layout-362319\" class=\"js-wpv-view-layout js-wpv-layout-responsive js-wpv-view-layout-362319\" data-viewnumber=\"362319\" data-pagination=\"{&quot;id&quot;:362319,&quot;query&quot;:&quot;normal&quot;,&quot;type&quot;:&quot;disabled&quot;,&quot;effect&quot;:&quot;fade&quot;,&quot;duration&quot;:500,&quot;speed&quot;:5,&quot;pause_on_hover&quot;:&quot;disabled&quot;,&quot;stop_rollover&quot;:&quot;false&quot;,&quot;cache_pages&quot;:&quot;enabled&quot;,&quot;preload_images&quot;:&quot;enabled&quot;,&quot;preload_pages&quot;:&quot;enabled&quot;,&quot;preload_reach&quot;:1,&quot;spinner&quot;:&quot;builtin&quot;,&quot;spinner_image&quot;:&quot;https:\/\/h22.se\/wp-content\/plugins\/toolset-blocks\/embedded\/res\/img\/ajax-loader.gif&quot;,&quot;callback_next&quot;:&quot;&quot;,&quot;manage_history&quot;:&quot;enabled&quot;,&quot;has_controls_in_form&quot;:&quot;disabled&quot;,&quot;infinite_tolerance&quot;:&quot;0&quot;,&quot;max_pages&quot;:0,&quot;page&quot;:1,&quot;base_permalink&quot;:&quot;\/en\/wp-json\/wp\/v2\/pages\/363444?wpv_view_count=362319&amp;wpv_paged=WPV_PAGE_NUM&quot;,&quot;loop&quot;:{&quot;type&quot;:&quot;&quot;,&quot;name&quot;:&quot;&quot;,&quot;data&quot;:[],&quot;id&quot;:0}}\" data-permalink=\"\/en\/wp-json\/wp\/v2\/pages\/363444?wpv_view_count=362319\">\n<div class=\"js-wpv-loop-wrapper\"><div class=\"tb-grid\"><div class=\"tb-grid-column\">\n<div class=\"wp-block-toolset-views-view-template-block wpv-block-loop-item php-to-be-replaced-with-shortcode talare-loop\" data-toolset-views-view-template-block=\"8d501434a33d17b3cc5c46b0c9924847\">\n<div class=\"wp-block-toolset-blocks-container tb-container aligncenter\" data-toolset-blocks-container=\"fe300f479ef8c47d737a9ec14def0ce5\">\n<figure class=\"wp-block-image tb-image tb-image-dynamic speaker20-img\" data-toolset-blocks-image=\"58fa4f285ec2ea53ada4622d113427c7\"><a href=\"https:\/\/h22.se\/en\/speaker\/alf-rehn\/\"><img decoding=\"async\" width=\"300\" height=\"300\" loading=\"lazy\" src=\"https:\/\/h22.se\/wp-content\/uploads\/2020\/10\/Alf-Rehn-bild_sv-300x300.jpg\" alt=\"\" class=\"wp-image-362245\" srcset=\"https:\/\/h22.se\/wp-content\/uploads\/2020\/10\/Alf-Rehn-bild_sv-300x300.jpg 300w, https:\/\/h22.se\/wp-content\/uploads\/2020\/10\/Alf-Rehn-bild_sv-150x150.jpg 150w, https:\/\/h22.se\/wp-content\/uploads\/2020\/10\/Alf-Rehn-bild_sv-100x100.jpg 100w, https:\/\/h22.se\/wp-content\/uploads\/2020\/10\/Alf-Rehn-bild_sv-146x146.jpg 146w, https:\/\/h22.se\/wp-content\/uploads\/2020\/10\/Alf-Rehn-bild_sv-50x50.jpg 50w, https:\/\/h22.se\/wp-content\/uploads\/2020\/10\/Alf-Rehn-bild_sv-75x75.jpg 75w, https:\/\/h22.se\/wp-content\/uploads\/2020\/10\/Alf-Rehn-bild_sv-85x85.jpg 85w, https:\/\/h22.se\/wp-content\/uploads\/2020\/10\/Alf-Rehn-bild_sv-80x80.jpg 80w, https:\/\/h22.se\/wp-content\/uploads\/2020\/10\/Alf-Rehn-bild_sv.jpg 500w\" sizes=\"(max-width: 300px) 100vw, 300px\" \/><\/a><\/figure>\n<\/div>\n\n\n\n<div class=\"wp-block-toolset-blocks-container tb-container\" data-toolset-blocks-container=\"07122d52349226c11522716acf12c70a\">\n<h2 class=\"tb-heading has-text-color speaker20_name\" data-toolset-blocks-heading=\"6f096ecda94a015dbee1c0de7bf78a4e\"><a href=\"https:\/\/h22.se\/en\/speaker\/alf-rehn\/\">Alf Rehn<\/a><\/h2>\n\n\n\n<h4 class=\"tb-heading speaker20_titel\" data-toolset-blocks-heading=\"dbf13b602c2eaed567fd9488a770879d\">Professor of Innovation, Design, and Management, University of Southern Denmark<\/h4>\n\n\n\n<div class=\"tb-field speaker20_exerpt\" data-toolset-blocks-field=\"b6544701cd23f3061166445f19031368\">As an internationally sought-after speaker on creativity, innovation, and futures thinking, and holder of the title \u201cTop Professor on Twitter\u201d, Alf Rehn always brings new perspectives to any conversation. Alf will be joining one of our panel discussions and giving his thoughts on the role of cities in driving the EU innovation agenda.<\/div>\n<\/div>\n\n\n\n<div class=\"wp-block-toolset-blocks-container tb-container\" data-toolset-blocks-container=\"adeb8970d6a3ef17aec904cdb8604fc0\"><\/div>\n<\/div>\n<\/div><div class=\"tb-grid-column\">\n<div class=\"wp-block-toolset-views-view-template-block wpv-block-loop-item php-to-be-replaced-with-shortcode talare-loop\" data-toolset-views-view-template-block=\"8d501434a33d17b3cc5c46b0c9924847\">\n<div class=\"wp-block-toolset-blocks-container tb-container aligncenter\" data-toolset-blocks-container=\"fe300f479ef8c47d737a9ec14def0ce5\">\n<figure class=\"wp-block-image tb-image tb-image-dynamic speaker20-img\" data-toolset-blocks-image=\"58fa4f285ec2ea53ada4622d113427c7\"><a href=\"https:\/\/h22.se\/en\/speaker\/erik-bergkvist\/\"><img decoding=\"async\" width=\"300\" height=\"300\" loading=\"lazy\" src=\"https:\/\/h22.se\/wp-content\/uploads\/2020\/10\/Erik-Bergkvist_sv-300x300.jpg\" alt=\"\" class=\"wp-image-363255\" srcset=\"https:\/\/h22.se\/wp-content\/uploads\/2020\/10\/Erik-Bergkvist_sv-300x300.jpg 300w, https:\/\/h22.se\/wp-content\/uploads\/2020\/10\/Erik-Bergkvist_sv-150x150.jpg 150w, https:\/\/h22.se\/wp-content\/uploads\/2020\/10\/Erik-Bergkvist_sv-100x100.jpg 100w, https:\/\/h22.se\/wp-content\/uploads\/2020\/10\/Erik-Bergkvist_sv-146x146.jpg 146w, https:\/\/h22.se\/wp-content\/uploads\/2020\/10\/Erik-Bergkvist_sv-50x50.jpg 50w, https:\/\/h22.se\/wp-content\/uploads\/2020\/10\/Erik-Bergkvist_sv-75x75.jpg 75w, https:\/\/h22.se\/wp-content\/uploads\/2020\/10\/Erik-Bergkvist_sv-85x85.jpg 85w, https:\/\/h22.se\/wp-content\/uploads\/2020\/10\/Erik-Bergkvist_sv-80x80.jpg 80w, https:\/\/h22.se\/wp-content\/uploads\/2020\/10\/Erik-Bergkvist_sv.jpg 500w\" sizes=\"(max-width: 300px) 100vw, 300px\" \/><\/a><\/figure>\n<\/div>\n\n\n\n<div class=\"wp-block-toolset-blocks-container tb-container\" data-toolset-blocks-container=\"07122d52349226c11522716acf12c70a\">\n<h2 class=\"tb-heading has-text-color speaker20_name\" data-toolset-blocks-heading=\"6f096ecda94a015dbee1c0de7bf78a4e\"><a href=\"https:\/\/h22.se\/en\/speaker\/erik-bergkvist\/\">Erik Bergkvist<\/a><\/h2>\n\n\n\n<h4 class=\"tb-heading speaker20_titel\" data-toolset-blocks-heading=\"dbf13b602c2eaed567fd9488a770879d\">Swedish Member of the European Parliament (REGI Full Member, ITRE BUDG Substitute Member)<\/h4>\n\n\n\n<div class=\"tb-field speaker20_exerpt\" data-toolset-blocks-field=\"b6544701cd23f3061166445f19031368\">Erik\u2019s experience as President of the Regional Board of V\u00e4sterbotten has given him first-hand knowledge of how European cooperation can benefit all involved. Since 2019, Erik is a member of the European Parliament. He will be part of one of the panel discussions and give his views on the EU innovation agenda and the cities\u2019 role in climate action and European competitiveness.<\/div>\n<\/div>\n\n\n\n<div class=\"wp-block-toolset-blocks-container tb-container\" data-toolset-blocks-container=\"adeb8970d6a3ef17aec904cdb8604fc0\"><\/div>\n<\/div>\n<\/div><div class=\"tb-grid-column\">\n<div class=\"wp-block-toolset-views-view-template-block wpv-block-loop-item php-to-be-replaced-with-shortcode talare-loop\" data-toolset-views-view-template-block=\"8d501434a33d17b3cc5c46b0c9924847\">\n<div class=\"wp-block-toolset-blocks-container tb-container aligncenter\" data-toolset-blocks-container=\"fe300f479ef8c47d737a9ec14def0ce5\">\n<figure class=\"wp-block-image tb-image tb-image-dynamic speaker20-img\" data-toolset-blocks-image=\"58fa4f285ec2ea53ada4622d113427c7\"><a href=\"https:\/\/h22.se\/en\/speaker\/gema-roig-pallardo\/\"><img decoding=\"async\" width=\"300\" height=\"300\" loading=\"lazy\" src=\"https:\/\/h22.se\/wp-content\/uploads\/2020\/10\/Gema-bild_Sv-300x300.jpg\" alt=\"\" class=\"wp-image-364341\" srcset=\"https:\/\/h22.se\/wp-content\/uploads\/2020\/10\/Gema-bild_Sv-300x300.jpg 300w, https:\/\/h22.se\/wp-content\/uploads\/2020\/10\/Gema-bild_Sv-150x150.jpg 150w, https:\/\/h22.se\/wp-content\/uploads\/2020\/10\/Gema-bild_Sv-100x100.jpg 100w, https:\/\/h22.se\/wp-content\/uploads\/2020\/10\/Gema-bild_Sv-146x146.jpg 146w, https:\/\/h22.se\/wp-content\/uploads\/2020\/10\/Gema-bild_Sv-50x50.jpg 50w, https:\/\/h22.se\/wp-content\/uploads\/2020\/10\/Gema-bild_Sv-75x75.jpg 75w, https:\/\/h22.se\/wp-content\/uploads\/2020\/10\/Gema-bild_Sv-85x85.jpg 85w, https:\/\/h22.se\/wp-content\/uploads\/2020\/10\/Gema-bild_Sv-80x80.jpg 80w, https:\/\/h22.se\/wp-content\/uploads\/2020\/10\/Gema-bild_Sv.jpg 500w\" sizes=\"(max-width: 300px) 100vw, 300px\" \/><\/a><\/figure>\n<\/div>\n\n\n\n<div class=\"wp-block-toolset-blocks-container tb-container\" data-toolset-blocks-container=\"07122d52349226c11522716acf12c70a\">\n<h2 class=\"tb-heading has-text-color speaker20_name\" data-toolset-blocks-heading=\"6f096ecda94a015dbee1c0de7bf78a4e\"><a href=\"https:\/\/h22.se\/en\/speaker\/gema-roig-pallardo\/\">Gema Roig Pallard\u00f3<\/a><\/h2>\n\n\n\n<h4 class=\"tb-heading speaker20_titel\" data-toolset-blocks-heading=\"dbf13b602c2eaed567fd9488a770879d\">Coordinator of EU projects at Las Naves<\/h4>\n\n\n\n<div class=\"tb-field speaker20_exerpt\" data-toolset-blocks-field=\"b6544701cd23f3061166445f19031368\">In her role as coordinator of EU projects for the agency for social and urban innovation at the City Council of Val\u00e8ncia, Gema is fully engaged in how cities can drive innovation \u2013 locally, regional, and globally. Gema is joining our city talk panel to provide her take on how we can achieve a prosperous and socially cohesive Europe.<\/div>\n<\/div>\n\n\n\n<div class=\"wp-block-toolset-blocks-container tb-container\" data-toolset-blocks-container=\"adeb8970d6a3ef17aec904cdb8604fc0\"><\/div>\n<\/div>\n<\/div><\/div><\/div>\n\n\n<p><\/p>\n<\/div><\/div><\/div>\n<p>[\/vc_column_text][\/vc_column_inner][\/vc_row_inner][\/vc_tta_section][vc_tta_section title=&#8221;ONSDAG\/ <strong>ELEVATE<\/strong>&#8221; tab_id=&#8221;1602847586373-bd69bfd2-7fff&#8221; el_class=&#8221;Elevate&#8221;][vc_row_inner gap=&#8221;35&#8243; el_class=&#8221;speaker20-program-row&#8221;][vc_column_inner width=&#8221;1\/2&#8243;][vc_custom_heading text=&#8221;SETTING THE SCENE&#8221; font_container=&#8221;tag:h4|text_align:left|color:%23f7a62a|line_height:1.2&#8243; google_fonts=&#8221;font_family:Roboto%3A100%2C100italic%2C300%2C300italic%2Cregular%2Citalic%2C500%2C500italic%2C700%2C700italic%2C900%2C900italic|font_style:500%20bold%20regular%3A500%3Anormal&#8221;][vc_column_text el_class=&#8221;white-p&#8221;]<\/p>\n<p>V\u00e5ra moderatorer introducerar dagens uppl\u00e4gg tillsammans med g\u00e4ster.<\/p>\n<p>[\/vc_column_text][\/vc_column_inner][vc_column_inner el_class=&#8221;speaker20-program-citytalk-col2&#8243; width=&#8221;1\/2&#8243;][vc_column_text]<\/p>\n<div class=\"wpv-view-output\" data-toolset-views-view-editor=\"66def29ee64078ba66e89ad0e02ad74e\"><div class=\"wp-block-toolset-views-view-editor\">\n<div class=\"wp-block-toolset-views-custom-search-container\">  <\/div>\n  <div id=\"wpv-view-layout-363781\" class=\"js-wpv-view-layout js-wpv-layout-responsive js-wpv-view-layout-363781\" data-viewnumber=\"363781\" data-pagination=\"{&quot;id&quot;:363781,&quot;query&quot;:&quot;normal&quot;,&quot;type&quot;:&quot;disabled&quot;,&quot;effect&quot;:&quot;fade&quot;,&quot;duration&quot;:500,&quot;speed&quot;:5,&quot;pause_on_hover&quot;:&quot;disabled&quot;,&quot;stop_rollover&quot;:&quot;false&quot;,&quot;cache_pages&quot;:&quot;enabled&quot;,&quot;preload_images&quot;:&quot;enabled&quot;,&quot;preload_pages&quot;:&quot;enabled&quot;,&quot;preload_reach&quot;:1,&quot;spinner&quot;:&quot;builtin&quot;,&quot;spinner_image&quot;:&quot;https:\/\/h22.se\/wp-content\/plugins\/toolset-blocks\/embedded\/res\/img\/ajax-loader.gif&quot;,&quot;callback_next&quot;:&quot;&quot;,&quot;manage_history&quot;:&quot;enabled&quot;,&quot;has_controls_in_form&quot;:&quot;disabled&quot;,&quot;infinite_tolerance&quot;:&quot;0&quot;,&quot;max_pages&quot;:0,&quot;page&quot;:1,&quot;base_permalink&quot;:&quot;\/en\/wp-json\/wp\/v2\/pages\/363444?wpv_view_count=363781&amp;wpv_paged=WPV_PAGE_NUM&quot;,&quot;loop&quot;:{&quot;type&quot;:&quot;&quot;,&quot;name&quot;:&quot;&quot;,&quot;data&quot;:[],&quot;id&quot;:0}}\" data-permalink=\"\/en\/wp-json\/wp\/v2\/pages\/363444?wpv_view_count=363781\">\n<div class=\"js-wpv-loop-wrapper\"><div class=\"tb-grid\"><div class=\"tb-grid-column\">\n<div class=\"wp-block-toolset-views-view-template-block wpv-block-loop-item php-to-be-replaced-with-shortcode talare-loop\" data-toolset-views-view-template-block=\"8d501434a33d17b3cc5c46b0c9924847\">\n<div class=\"wp-block-toolset-blocks-container tb-container aligncenter\" data-toolset-blocks-container=\"96e35e441b19f6f03351bcff5ac9610f\">\n<figure class=\"wp-block-image tb-image tb-image-dynamic speaker20-img\" data-toolset-blocks-image=\"22e494cfd0f76dd35e8d5098b2a80b54\"><a href=\"https:\/\/h22.se\/en\/speaker\/aurore-belfrage\/\"><img decoding=\"async\" width=\"300\" height=\"300\" loading=\"lazy\" src=\"https:\/\/h22.se\/wp-content\/uploads\/2020\/10\/Aurore-Belfrage-2_sv-300x300.jpg\" alt=\"\" class=\"wp-image-363275\" srcset=\"https:\/\/h22.se\/wp-content\/uploads\/2020\/10\/Aurore-Belfrage-2_sv-300x300.jpg 300w, https:\/\/h22.se\/wp-content\/uploads\/2020\/10\/Aurore-Belfrage-2_sv-150x150.jpg 150w, https:\/\/h22.se\/wp-content\/uploads\/2020\/10\/Aurore-Belfrage-2_sv-100x100.jpg 100w, https:\/\/h22.se\/wp-content\/uploads\/2020\/10\/Aurore-Belfrage-2_sv-146x146.jpg 146w, https:\/\/h22.se\/wp-content\/uploads\/2020\/10\/Aurore-Belfrage-2_sv-50x50.jpg 50w, https:\/\/h22.se\/wp-content\/uploads\/2020\/10\/Aurore-Belfrage-2_sv-75x75.jpg 75w, https:\/\/h22.se\/wp-content\/uploads\/2020\/10\/Aurore-Belfrage-2_sv-85x85.jpg 85w, https:\/\/h22.se\/wp-content\/uploads\/2020\/10\/Aurore-Belfrage-2_sv-80x80.jpg 80w, https:\/\/h22.se\/wp-content\/uploads\/2020\/10\/Aurore-Belfrage-2_sv.jpg 500w\" sizes=\"(max-width: 300px) 100vw, 300px\" \/><\/a><\/figure>\n<\/div>\n\n\n\n<div class=\"wp-block-toolset-blocks-container tb-container\" data-toolset-blocks-container=\"49f27dfd27d630c25fca7f10b85e6aeb\">\n<h2 class=\"tb-heading has-text-color speaker20_name\" data-toolset-blocks-heading=\"6f096ecda94a015dbee1c0de7bf78a4e\"><a href=\"https:\/\/h22.se\/en\/speaker\/aurore-belfrage\/\">Aurore Belfrage<\/a><\/h2>\n\n\n\n<h4 class=\"tb-heading speaker20_titel\" data-toolset-blocks-heading=\"dbf13b602c2eaed567fd9488a770879d\">H22 Summit Moderator<\/h4>\n<\/div>\n<\/div>\n<\/div><\/div><\/div><\/div><\/div><\/div>\n<p>[\/vc_column_text][\/vc_column_inner][\/vc_row_inner][vc_row_inner gap=&#8221;35&#8243; css=&#8221;.vc_custom_1602830598833{padding-bottom: 0px !important;}&#8221; el_class=&#8221;speaker20-program-row&#8221;][vc_column_inner width=&#8221;1\/2&#8243;][vc_custom_heading text=&#8221;BIG OPENER&#8221; font_container=&#8221;tag:h4|text_align:left|color:%23f7a62a|line_height:1.2&#8243; google_fonts=&#8221;font_family:Roboto%3A100%2C100italic%2C300%2C300italic%2Cregular%2Citalic%2C500%2C500italic%2C700%2C700italic%2C900%2C900italic|font_style:500%20bold%20regular%3A500%3Anormal&#8221;][vc_column_text el_class=&#8221;white-p&#8221;]<\/p>\n<p>Vi kickstartar temat med dagens huvudtalare.<\/p>\n<p>[\/vc_column_text][\/vc_column_inner][vc_column_inner el_class=&#8221;speaker20-program-col2&#8243; width=&#8221;1\/2&#8243; css=&#8221;.vc_custom_1602770512151{margin-bottom: 0px !important;padding-bottom: 0px !important;}&#8221;][vc_column_text css=&#8221;.vc_custom_1602847659628{margin-bottom: 0px !important;padding-bottom: 0px !important;}&#8221;]<\/p>\n\n<div class=\"wp-block-toolset-blocks-container tb-container speakers20_program_container aligncenter\" data-toolset-blocks-container=\"a4ffca6637ef621955eb4ad7fe7cee05\">\n<figure class=\"wp-block-image tb-image tb-image-dynamic speaker20-img\" data-toolset-blocks-image=\"a3ef498e9d316da08a457680106c32d4\"><a href=\"https:\/\/h22.se\/en\/speaker\/rebecka-carlsson\/\"><img decoding=\"async\" width=\"1080\" height=\"1080\" loading=\"lazy\" src=\"https:\/\/h22.se\/wp-content\/uploads\/2020\/09\/H22_Summit_Rebecka_Carlsson_sv.jpg\" alt=\"\" class=\"wp-image-361531\" srcset=\"https:\/\/h22.se\/wp-content\/uploads\/2020\/09\/H22_Summit_Rebecka_Carlsson_sv.jpg 1080w, https:\/\/h22.se\/wp-content\/uploads\/2020\/09\/H22_Summit_Rebecka_Carlsson_sv-300x300.jpg 300w, https:\/\/h22.se\/wp-content\/uploads\/2020\/09\/H22_Summit_Rebecka_Carlsson_sv-1024x1024.jpg 1024w, https:\/\/h22.se\/wp-content\/uploads\/2020\/09\/H22_Summit_Rebecka_Carlsson_sv-150x150.jpg 150w, https:\/\/h22.se\/wp-content\/uploads\/2020\/09\/H22_Summit_Rebecka_Carlsson_sv-768x768.jpg 768w, https:\/\/h22.se\/wp-content\/uploads\/2020\/09\/H22_Summit_Rebecka_Carlsson_sv-100x100.jpg 100w, https:\/\/h22.se\/wp-content\/uploads\/2020\/09\/H22_Summit_Rebecka_Carlsson_sv-146x146.jpg 146w, https:\/\/h22.se\/wp-content\/uploads\/2020\/09\/H22_Summit_Rebecka_Carlsson_sv-50x50.jpg 50w, https:\/\/h22.se\/wp-content\/uploads\/2020\/09\/H22_Summit_Rebecka_Carlsson_sv-75x75.jpg 75w, https:\/\/h22.se\/wp-content\/uploads\/2020\/09\/H22_Summit_Rebecka_Carlsson_sv-85x85.jpg 85w, https:\/\/h22.se\/wp-content\/uploads\/2020\/09\/H22_Summit_Rebecka_Carlsson_sv-80x80.jpg 80w, https:\/\/h22.se\/wp-content\/uploads\/2020\/09\/H22_Summit_Rebecka_Carlsson_sv-600x600.jpg 600w\" sizes=\"(max-width: 1080px) 100vw, 1080px\" \/><\/a><\/figure>\n\n\n\n<h3 class=\"tb-heading has-text-color speaker20_name\" data-toolset-blocks-heading=\"a064b45fa86470e44188b3a89cd5abad\"><a href=\"https:\/\/h22.se\/en\/speaker\/rebecka-carlsson\/\">Rebecka Carlsson<\/a><\/h3>\n\n\n\n<div class=\"tb-field speaker20-titel\" data-toolset-blocks-field=\"a5772a5c494717bd70d83c0036e0d00d\">SUSTAINABILITY ENTREPRENEUR, CLIMATE ACTIVIST, AND BUSINESS ADVISOR<\/div>\n<\/div>\n\n<p>[\/vc_column_text][\/vc_column_inner][\/vc_row_inner][vc_row_inner gap=&#8221;35&#8243; el_class=&#8221;speaker20-program-row&#8221;][vc_column_inner width=&#8221;1\/2&#8243;][vc_custom_heading text=&#8221;BREAKING THE MOULD&#8221; font_container=&#8221;tag:h4|text_align:left|color:%23f7a62a|line_height:1.2&#8243; google_fonts=&#8221;font_family:Roboto%3A100%2C100italic%2C300%2C300italic%2Cregular%2Citalic%2C500%2C500italic%2C700%2C700italic%2C900%2C900italic|font_style:500%20bold%20regular%3A500%3Anormal&#8221;][vc_column_text el_class=&#8221;white-p&#8221;]<\/p>\n<p>Dagens andra talare ger nya perspektiv kring innovation.<\/p>\n<p>[\/vc_column_text][\/vc_column_inner][vc_column_inner el_class=&#8221;speaker20-program-col2&#8243; width=&#8221;1\/2&#8243; css=&#8221;.vc_custom_1602770573295{margin-bottom: 0px !important;padding-bottom: 0px !important;}&#8221;][vc_column_text css=&#8221;.vc_custom_1602847869297{margin-bottom: 0px !important;padding-bottom: 0px !important;}&#8221;]<\/p>\n\n<div class=\"wp-block-toolset-blocks-container tb-container speakers20_program_container aligncenter\" data-toolset-blocks-container=\"a4ffca6637ef621955eb4ad7fe7cee05\">\n<figure class=\"wp-block-image tb-image tb-image-dynamic speaker20-img\" data-toolset-blocks-image=\"a3ef498e9d316da08a457680106c32d4\"><a href=\"https:\/\/h22.se\/en\/speaker\/carl-heath\/\"><img decoding=\"async\" width=\"300\" height=\"300\" loading=\"lazy\" src=\"https:\/\/h22.se\/wp-content\/uploads\/2020\/10\/Carl-Heath-RK-Pressbild_sv.jpg\" alt=\"\" class=\"wp-image-361566\" srcset=\"https:\/\/h22.se\/wp-content\/uploads\/2020\/10\/Carl-Heath-RK-Pressbild_sv.jpg 300w, https:\/\/h22.se\/wp-content\/uploads\/2020\/10\/Carl-Heath-RK-Pressbild_sv-150x150.jpg 150w, https:\/\/h22.se\/wp-content\/uploads\/2020\/10\/Carl-Heath-RK-Pressbild_sv-100x100.jpg 100w, https:\/\/h22.se\/wp-content\/uploads\/2020\/10\/Carl-Heath-RK-Pressbild_sv-146x146.jpg 146w, https:\/\/h22.se\/wp-content\/uploads\/2020\/10\/Carl-Heath-RK-Pressbild_sv-50x50.jpg 50w, https:\/\/h22.se\/wp-content\/uploads\/2020\/10\/Carl-Heath-RK-Pressbild_sv-75x75.jpg 75w, https:\/\/h22.se\/wp-content\/uploads\/2020\/10\/Carl-Heath-RK-Pressbild_sv-85x85.jpg 85w, https:\/\/h22.se\/wp-content\/uploads\/2020\/10\/Carl-Heath-RK-Pressbild_sv-80x80.jpg 80w\" sizes=\"(max-width: 300px) 100vw, 300px\" \/><\/a><\/figure>\n\n\n\n<h3 class=\"tb-heading has-text-color speaker20_name\" data-toolset-blocks-heading=\"a064b45fa86470e44188b3a89cd5abad\"><a href=\"https:\/\/h22.se\/en\/speaker\/carl-heath\/\">Carl Heath<\/a><\/h3>\n\n\n\n<div class=\"tb-field speaker20-titel\" data-toolset-blocks-field=\"a5772a5c494717bd70d83c0036e0d00d\">Vice President of Professional Education at RISE Research Institutes of Sweden<\/div>\n<\/div>\n\n<p>[\/vc_column_text][\/vc_column_inner][\/vc_row_inner][vc_row_inner gap=&#8221;35&#8243; el_class=&#8221;speaker20-program-row&#8221;][vc_column_inner width=&#8221;1\/2&#8243;][vc_custom_heading text=&#8221;SPARKING CHANGE&#8221; font_container=&#8221;tag:h4|text_align:left|color:%23f7a62a|line_height:1.2&#8243; google_fonts=&#8221;font_family:Roboto%3A100%2C100italic%2C300%2C300italic%2Cregular%2Citalic%2C500%2C500italic%2C700%2C700italic%2C900%2C900italic|font_style:500%20bold%20regular%3A500%3Anormal&#8221;][vc_column_text el_class=&#8221;white-p&#8221;]<\/p>\n<p>Innovationskraften som mittpunkt av v\u00e5r tredje talare<\/p>\n<p>[\/vc_column_text][\/vc_column_inner][vc_column_inner el_class=&#8221;speaker20-program-col2&#8243; width=&#8221;1\/2&#8243; css=&#8221;.vc_custom_1602770582301{margin-bottom: 0px !important;padding-bottom: 0px !important;}&#8221;][vc_column_text css=&#8221;.vc_custom_1602847881463{margin-bottom: 0px !important;padding-bottom: 0px !important;}&#8221;]<\/p>\n\n<div class=\"wp-block-toolset-blocks-container tb-container speakers20_program_container aligncenter\" data-toolset-blocks-container=\"a4ffca6637ef621955eb4ad7fe7cee05\">\n<figure class=\"wp-block-image tb-image tb-image-dynamic speaker20-img\" data-toolset-blocks-image=\"a3ef498e9d316da08a457680106c32d4\"><a href=\"https:\/\/h22.se\/en\/speaker\/michael-lake\/\"><img decoding=\"async\" width=\"500\" height=\"500\" loading=\"lazy\" src=\"https:\/\/h22.se\/wp-content\/uploads\/2020\/10\/Michael-Lake-Headshot_sv.jpg\" alt=\"\" class=\"wp-image-362674\" srcset=\"https:\/\/h22.se\/wp-content\/uploads\/2020\/10\/Michael-Lake-Headshot_sv.jpg 500w, https:\/\/h22.se\/wp-content\/uploads\/2020\/10\/Michael-Lake-Headshot_sv-300x300.jpg 300w, https:\/\/h22.se\/wp-content\/uploads\/2020\/10\/Michael-Lake-Headshot_sv-150x150.jpg 150w, https:\/\/h22.se\/wp-content\/uploads\/2020\/10\/Michael-Lake-Headshot_sv-100x100.jpg 100w, https:\/\/h22.se\/wp-content\/uploads\/2020\/10\/Michael-Lake-Headshot_sv-146x146.jpg 146w, https:\/\/h22.se\/wp-content\/uploads\/2020\/10\/Michael-Lake-Headshot_sv-50x50.jpg 50w, https:\/\/h22.se\/wp-content\/uploads\/2020\/10\/Michael-Lake-Headshot_sv-75x75.jpg 75w, https:\/\/h22.se\/wp-content\/uploads\/2020\/10\/Michael-Lake-Headshot_sv-85x85.jpg 85w, https:\/\/h22.se\/wp-content\/uploads\/2020\/10\/Michael-Lake-Headshot_sv-80x80.jpg 80w\" sizes=\"(max-width: 500px) 100vw, 500px\" \/><\/a><\/figure>\n\n\n\n<h3 class=\"tb-heading has-text-color speaker20_name\" data-toolset-blocks-heading=\"a064b45fa86470e44188b3a89cd5abad\"><a href=\"https:\/\/h22.se\/en\/speaker\/michael-lake\/\">Michael Lake<\/a><\/h3>\n\n\n\n<div class=\"tb-field speaker20-titel\" data-toolset-blocks-field=\"a5772a5c494717bd70d83c0036e0d00d\">President & CEO of Leading Cities<\/div>\n<\/div>\n\n<p>[\/vc_column_text][\/vc_column_inner][\/vc_row_inner][vc_row_inner gap=&#8221;35&#8243; el_class=&#8221;speaker20-program-row citytalks-row&#8221;][vc_column_inner width=&#8221;1\/2&#8243;][vc_custom_heading text=&#8221;CITY TALKS&#8221; font_container=&#8221;tag:h4|text_align:left|color:%23f7a62a|line_height:1.2&#8243; google_fonts=&#8221;font_family:Roboto%3A100%2C100italic%2C300%2C300italic%2Cregular%2Citalic%2C500%2C500italic%2C700%2C700italic%2C900%2C900italic|font_style:500%20bold%20regular%3A500%3Anormal&#8221;][vc_column_text el_class=&#8221;white-p&#8221;]<\/p>\n<p>V\u00e4lkommen till ett dynamiskt panelsamtal d\u00e4r f\u00f6r\u00e4ndringsledare fr\u00e5n hela v\u00e4rlden diskuterar innovation och st\u00e4dernas f\u00f6r\u00e4ndrade roll.<\/p>\n<p>[\/vc_column_text][vc_custom_heading text=&#8221;<strong>N\u00e4sta steg f\u00f6r AI inom sjukv\u00e5rden<\/strong>&#8221; font_container=&#8221;tag:h5|text_align:left|color:%23ffffff|line_height:1.2&#8243; use_theme_fonts=&#8221;yes&#8221; link=&#8221;url:https%3A%2F%2Fh22.se%2Fen%2Fsummit%2Fthe-next-step-for-ai-within-the-care-sector%2F|&#8221;][vc_column_text el_class=&#8221;white-p&#8221;]<\/p>\n<p>Hur kan vi skapa en milj\u00f6 d\u00e4r det \u00e4r m\u00f6jligt att testa &#8211; och misslyckas eller skala snabbt &#8211; utan att ta risker n\u00e4r det g\u00e4ller h\u00e4lsa eller datahantering?<\/p>\n<p>[\/vc_column_text][vc_btn title=&#8221;Read more&#8221; style=&#8221;outline-custom&#8221; outline_custom_color=&#8221;#ffffff&#8221; outline_custom_hover_background=&#8221;#ffffff&#8221; outline_custom_hover_text=&#8221;#000000&#8243; size=&#8221;sm&#8221; align=&#8221;left&#8221; link=&#8221;url:https%3A%2F%2Fh22.se%2Fen%2Fsummit%2Fthe-next-step-for-ai-within-the-care-sector%2F|title:Ricardo%20Alvarez|&#8221;][\/vc_column_inner][vc_column_inner el_class=&#8221;speaker20-program-citytalk-col2&#8243; width=&#8221;1\/2&#8243; css=&#8221;.vc_custom_1602770604843{margin-bottom: 0px !important;padding-bottom: 0px !important;}&#8221;][vc_column_text css=&#8221;.vc_custom_1602847915760{margin-bottom: 0px !important;padding-bottom: 0px !important;}&#8221;]<\/p>\n\n<div class=\"wp-block-group is-layout-flow\"><div class=\"wp-block-group__inner-container\"><\/div><\/div>\n\n\n<div class=\"wpv-view-output\" data-toolset-views-view-editor=\"621248736b4e3556c010b4a1d8670b84\"><div class=\"wp-block-toolset-views-view-editor\">\n<div class=\"wp-block-toolset-views-custom-search-container\">  <\/div>\n  <div id=\"wpv-view-layout-362323\" class=\"js-wpv-view-layout js-wpv-layout-responsive js-wpv-view-layout-362323\" data-viewnumber=\"362323\" data-pagination=\"{&quot;id&quot;:362323,&quot;query&quot;:&quot;normal&quot;,&quot;type&quot;:&quot;disabled&quot;,&quot;effect&quot;:&quot;fade&quot;,&quot;duration&quot;:500,&quot;speed&quot;:5,&quot;pause_on_hover&quot;:&quot;disabled&quot;,&quot;stop_rollover&quot;:&quot;false&quot;,&quot;cache_pages&quot;:&quot;enabled&quot;,&quot;preload_images&quot;:&quot;enabled&quot;,&quot;preload_pages&quot;:&quot;enabled&quot;,&quot;preload_reach&quot;:1,&quot;spinner&quot;:&quot;builtin&quot;,&quot;spinner_image&quot;:&quot;https:\/\/h22.se\/wp-content\/plugins\/toolset-blocks\/embedded\/res\/img\/ajax-loader.gif&quot;,&quot;callback_next&quot;:&quot;&quot;,&quot;manage_history&quot;:&quot;enabled&quot;,&quot;has_controls_in_form&quot;:&quot;disabled&quot;,&quot;infinite_tolerance&quot;:&quot;0&quot;,&quot;max_pages&quot;:0,&quot;page&quot;:1,&quot;base_permalink&quot;:&quot;\/en\/wp-json\/wp\/v2\/pages\/363444?wpv_view_count=362323&amp;wpv_paged=WPV_PAGE_NUM&quot;,&quot;loop&quot;:{&quot;type&quot;:&quot;&quot;,&quot;name&quot;:&quot;&quot;,&quot;data&quot;:[],&quot;id&quot;:0}}\" data-permalink=\"\/en\/wp-json\/wp\/v2\/pages\/363444?wpv_view_count=362323\">\n<div class=\"js-wpv-loop-wrapper\"><div class=\"tb-grid\"><div class=\"tb-grid-column\">\n<div class=\"wp-block-toolset-views-view-template-block wpv-block-loop-item php-to-be-replaced-with-shortcode talare-loop\" data-toolset-views-view-template-block=\"8d501434a33d17b3cc5c46b0c9924847\">\n<div class=\"wp-block-toolset-blocks-container tb-container aligncenter\" data-toolset-blocks-container=\"b32f32e62b766972b6774ca10ed7757d\">\n<figure class=\"wp-block-image tb-image tb-image-dynamic speaker20-img\" data-toolset-blocks-image=\"bc77aa653cf11ef1b83a58af15f0b7ea\"><a href=\"https:\/\/h22.se\/en\/speaker\/jennica-andersson\/\"><img decoding=\"async\" width=\"300\" height=\"300\" loading=\"lazy\" src=\"https:\/\/h22.se\/wp-content\/uploads\/2020\/10\/jennica-bild-300x300.jpg\" alt=\"\" class=\"wp-image-365063\" srcset=\"https:\/\/h22.se\/wp-content\/uploads\/2020\/10\/jennica-bild-300x300.jpg 300w, https:\/\/h22.se\/wp-content\/uploads\/2020\/10\/jennica-bild-150x150.jpg 150w, https:\/\/h22.se\/wp-content\/uploads\/2020\/10\/jennica-bild-100x100.jpg 100w, https:\/\/h22.se\/wp-content\/uploads\/2020\/10\/jennica-bild-146x146.jpg 146w, https:\/\/h22.se\/wp-content\/uploads\/2020\/10\/jennica-bild-50x50.jpg 50w, https:\/\/h22.se\/wp-content\/uploads\/2020\/10\/jennica-bild-75x75.jpg 75w, https:\/\/h22.se\/wp-content\/uploads\/2020\/10\/jennica-bild-85x85.jpg 85w, https:\/\/h22.se\/wp-content\/uploads\/2020\/10\/jennica-bild-80x80.jpg 80w, https:\/\/h22.se\/wp-content\/uploads\/2020\/10\/jennica-bild.jpg 500w\" sizes=\"(max-width: 300px) 100vw, 300px\" \/><\/a><\/figure>\n<\/div>\n\n\n\n<div class=\"wp-block-toolset-blocks-container tb-container\" data-toolset-blocks-container=\"07122d52349226c11522716acf12c70a\">\n<h2 class=\"tb-heading has-text-color speaker20_name\" data-toolset-blocks-heading=\"6f096ecda94a015dbee1c0de7bf78a4e\"><a href=\"https:\/\/h22.se\/en\/speaker\/jennica-andersson\/\">Jennica Andersson<\/a><\/h2>\n\n\n\n<h4 class=\"tb-heading speaker20_titel\" data-toolset-blocks-heading=\"dbf13b602c2eaed567fd9488a770879d\">Public Sector Lead at Microsoft<\/h4>\n\n\n\n<div class=\"tb-field speaker20_exerpt\" data-toolset-blocks-field=\"b6544701cd23f3061166445f19031368\">With over twenty years in sales, Jennica leads public sector sales for Microsoft, an H22 partner dedicated to driving digital transformation through new innovative technologies and processes. At the panel talk, Jennica will be giving her insights on the role of tech in creating a sustainable society and the ambition to empower individuals and organisations through the possibilities created by groundbreaking digital tools.<\/div>\n<\/div>\n\n\n\n<div class=\"wp-block-toolset-blocks-container tb-container\" data-toolset-blocks-container=\"adeb8970d6a3ef17aec904cdb8604fc0\"><\/div>\n<\/div>\n<\/div><div class=\"tb-grid-column\">\n<div class=\"wp-block-toolset-views-view-template-block wpv-block-loop-item php-to-be-replaced-with-shortcode talare-loop\" data-toolset-views-view-template-block=\"8d501434a33d17b3cc5c46b0c9924847\">\n<div class=\"wp-block-toolset-blocks-container tb-container aligncenter\" data-toolset-blocks-container=\"b32f32e62b766972b6774ca10ed7757d\">\n<figure class=\"wp-block-image tb-image tb-image-dynamic speaker20-img\" data-toolset-blocks-image=\"bc77aa653cf11ef1b83a58af15f0b7ea\"><a href=\"https:\/\/h22.se\/en\/speaker\/johan-mullern-aspegren\/\"><img decoding=\"async\" width=\"300\" height=\"300\" loading=\"lazy\" src=\"https:\/\/h22.se\/wp-content\/uploads\/2020\/10\/JohanMullernAspegren_sv-300x300.jpg\" alt=\"\" class=\"wp-image-362710\" srcset=\"https:\/\/h22.se\/wp-content\/uploads\/2020\/10\/JohanMullernAspegren_sv-300x300.jpg 300w, https:\/\/h22.se\/wp-content\/uploads\/2020\/10\/JohanMullernAspegren_sv-150x150.jpg 150w, https:\/\/h22.se\/wp-content\/uploads\/2020\/10\/JohanMullernAspegren_sv-100x100.jpg 100w, https:\/\/h22.se\/wp-content\/uploads\/2020\/10\/JohanMullernAspegren_sv-146x146.jpg 146w, https:\/\/h22.se\/wp-content\/uploads\/2020\/10\/JohanMullernAspegren_sv-50x50.jpg 50w, https:\/\/h22.se\/wp-content\/uploads\/2020\/10\/JohanMullernAspegren_sv-75x75.jpg 75w, https:\/\/h22.se\/wp-content\/uploads\/2020\/10\/JohanMullernAspegren_sv-85x85.jpg 85w, https:\/\/h22.se\/wp-content\/uploads\/2020\/10\/JohanMullernAspegren_sv-80x80.jpg 80w, https:\/\/h22.se\/wp-content\/uploads\/2020\/10\/JohanMullernAspegren_sv.jpg 500w\" sizes=\"(max-width: 300px) 100vw, 300px\" \/><\/a><\/figure>\n<\/div>\n\n\n\n<div class=\"wp-block-toolset-blocks-container tb-container\" data-toolset-blocks-container=\"07122d52349226c11522716acf12c70a\">\n<h2 class=\"tb-heading has-text-color speaker20_name\" data-toolset-blocks-heading=\"6f096ecda94a015dbee1c0de7bf78a4e\"><a href=\"https:\/\/h22.se\/en\/speaker\/johan-mullern-aspegren\/\">Johan M\u00fcllern-Aspegren<\/a><\/h2>\n\n\n\n<h4 class=\"tb-heading speaker20_titel\" data-toolset-blocks-heading=\"dbf13b602c2eaed567fd9488a770879d\">Innovation Leader, Health and Social Care Department, City of Helsingborg<\/h4>\n\n\n\n<div class=\"tb-field speaker20_exerpt\" data-toolset-blocks-field=\"b6544701cd23f3061166445f19031368\">Having co-founded Scandinavia\u2019s largest Design Thinking Bootcamp for nursing students, Johan is now leading and coordinating the innovation journey of 3,500 city employees. His ambition is an agile organisation with the innovation capacity to take on future challenges. Johan will bring his extensive knowledge of health tech to the panel discussion and shed new light on paths forward.<\/div>\n<\/div>\n\n\n\n<div class=\"wp-block-toolset-blocks-container tb-container\" data-toolset-blocks-container=\"adeb8970d6a3ef17aec904cdb8604fc0\"><\/div>\n<\/div>\n<\/div><div class=\"tb-grid-column\">\n<div class=\"wp-block-toolset-views-view-template-block wpv-block-loop-item php-to-be-replaced-with-shortcode talare-loop\" data-toolset-views-view-template-block=\"8d501434a33d17b3cc5c46b0c9924847\">\n<div class=\"wp-block-toolset-blocks-container tb-container aligncenter\" data-toolset-blocks-container=\"b32f32e62b766972b6774ca10ed7757d\">\n<figure class=\"wp-block-image tb-image tb-image-dynamic speaker20-img\" data-toolset-blocks-image=\"bc77aa653cf11ef1b83a58af15f0b7ea\"><a href=\"https:\/\/h22.se\/en\/speaker\/louise-callenberg\/\"><img decoding=\"async\" width=\"300\" height=\"300\" loading=\"lazy\" src=\"https:\/\/h22.se\/wp-content\/uploads\/2020\/10\/louise-c-bild-300x300.jpg\" alt=\"\" class=\"wp-image-365420\" srcset=\"https:\/\/h22.se\/wp-content\/uploads\/2020\/10\/louise-c-bild-300x300.jpg 300w, https:\/\/h22.se\/wp-content\/uploads\/2020\/10\/louise-c-bild-150x150.jpg 150w, https:\/\/h22.se\/wp-content\/uploads\/2020\/10\/louise-c-bild-100x100.jpg 100w, https:\/\/h22.se\/wp-content\/uploads\/2020\/10\/louise-c-bild-146x146.jpg 146w, https:\/\/h22.se\/wp-content\/uploads\/2020\/10\/louise-c-bild-50x50.jpg 50w, https:\/\/h22.se\/wp-content\/uploads\/2020\/10\/louise-c-bild-75x75.jpg 75w, https:\/\/h22.se\/wp-content\/uploads\/2020\/10\/louise-c-bild-85x85.jpg 85w, https:\/\/h22.se\/wp-content\/uploads\/2020\/10\/louise-c-bild-80x80.jpg 80w, https:\/\/h22.se\/wp-content\/uploads\/2020\/10\/louise-c-bild.jpg 500w\" sizes=\"(max-width: 300px) 100vw, 300px\" \/><\/a><\/figure>\n<\/div>\n\n\n\n<div class=\"wp-block-toolset-blocks-container tb-container\" data-toolset-blocks-container=\"07122d52349226c11522716acf12c70a\">\n<h2 class=\"tb-heading has-text-color speaker20_name\" data-toolset-blocks-heading=\"6f096ecda94a015dbee1c0de7bf78a4e\"><a href=\"https:\/\/h22.se\/en\/speaker\/louise-callenberg\/\">Louise Callenberg<\/a><\/h2>\n\n\n\n<h4 class=\"tb-heading speaker20_titel\" data-toolset-blocks-heading=\"dbf13b602c2eaed567fd9488a770879d\">Section Director, Digital Renewal and Collaboration, The Swedish Association of Local Authorities and Regions (SKR)<\/h4>\n\n\n\n<div class=\"tb-field speaker20_exerpt\" data-toolset-blocks-field=\"b6544701cd23f3061166445f19031368\">As the head of SKR\u2019s digital renewal and collaboration section, Louise drives the work with supporting welfare, urban development, and growth within digital renewal. She likes to work in the in-between spaces and utilise the potential and diversity of human interaction. Louise will be joining our panel talk to discuss the challenges \u2013 and of course the benefits \u2013 presented by AI within the healthcare sector.<\/div>\n<\/div>\n\n\n\n<div class=\"wp-block-toolset-blocks-container tb-container\" data-toolset-blocks-container=\"adeb8970d6a3ef17aec904cdb8604fc0\"><\/div>\n<\/div>\n<\/div><\/div><\/div>\n\n\n<p><\/p>\n<\/div><\/div><\/div>\n<p>[\/vc_column_text][\/vc_column_inner][\/vc_row_inner][\/vc_tta_section][vc_tta_section title=&#8221;TORSDAG \/ <strong>CO-CREATE<\/strong>&#8221; tab_id=&#8221;1602848161624-51121ced-6e1d&#8221; el_class=&#8221;Co-create&#8221;][vc_row_inner gap=&#8221;35&#8243; el_class=&#8221;speaker20-program-row&#8221;][vc_column_inner width=&#8221;1\/2&#8243;][vc_custom_heading text=&#8221;SETTING THE SCENE&#8221; font_container=&#8221;tag:h4|text_align:left|color:%23f7a62a|line_height:1.2&#8243; google_fonts=&#8221;font_family:Roboto%3A100%2C100italic%2C300%2C300italic%2Cregular%2Citalic%2C500%2C500italic%2C700%2C700italic%2C900%2C900italic|font_style:500%20bold%20regular%3A500%3Anormal&#8221;][vc_column_text el_class=&#8221;white-p&#8221;]<\/p>\n<p>V\u00e5ra moderatorer introducerar dagens uppl\u00e4gg tillsammans med g\u00e4ster.<\/p>\n<p>[\/vc_column_text][\/vc_column_inner][vc_column_inner el_class=&#8221;speaker20-program-citytalk-col2&#8243; width=&#8221;1\/2&#8243;][vc_column_text]<\/p>\n<div class=\"wpv-view-output\" data-toolset-views-view-editor=\"e341475be510be23bac5eecd44739674\"><div class=\"wp-block-toolset-views-view-editor\">\n<div class=\"wp-block-toolset-views-custom-search-container\">  <\/div>\n  <div id=\"wpv-view-layout-364577\" class=\"js-wpv-view-layout js-wpv-layout-responsive js-wpv-view-layout-364577\" data-viewnumber=\"364577\" data-pagination=\"{&quot;id&quot;:364577,&quot;query&quot;:&quot;normal&quot;,&quot;type&quot;:&quot;disabled&quot;,&quot;effect&quot;:&quot;fade&quot;,&quot;duration&quot;:500,&quot;speed&quot;:5,&quot;pause_on_hover&quot;:&quot;disabled&quot;,&quot;stop_rollover&quot;:&quot;false&quot;,&quot;cache_pages&quot;:&quot;enabled&quot;,&quot;preload_images&quot;:&quot;enabled&quot;,&quot;preload_pages&quot;:&quot;enabled&quot;,&quot;preload_reach&quot;:1,&quot;spinner&quot;:&quot;builtin&quot;,&quot;spinner_image&quot;:&quot;https:\/\/h22.se\/wp-content\/plugins\/toolset-blocks\/embedded\/res\/img\/ajax-loader.gif&quot;,&quot;callback_next&quot;:&quot;&quot;,&quot;manage_history&quot;:&quot;enabled&quot;,&quot;has_controls_in_form&quot;:&quot;disabled&quot;,&quot;infinite_tolerance&quot;:&quot;0&quot;,&quot;max_pages&quot;:0,&quot;page&quot;:1,&quot;base_permalink&quot;:&quot;\/en\/wp-json\/wp\/v2\/pages\/363444?wpv_view_count=364577&amp;wpv_paged=WPV_PAGE_NUM&quot;,&quot;loop&quot;:{&quot;type&quot;:&quot;&quot;,&quot;name&quot;:&quot;&quot;,&quot;data&quot;:[],&quot;id&quot;:0}}\" data-permalink=\"\/en\/wp-json\/wp\/v2\/pages\/363444?wpv_view_count=364577\">\n<div class=\"js-wpv-loop-wrapper\"><div class=\"tb-grid\"><div class=\"tb-grid-column\">\n<div class=\"wp-block-toolset-views-view-template-block wpv-block-loop-item php-to-be-replaced-with-shortcode talare-loop\" data-toolset-views-view-template-block=\"8d501434a33d17b3cc5c46b0c9924847\">\n<div class=\"wp-block-toolset-blocks-container tb-container aligncenter\" data-toolset-blocks-container=\"af70402ce5d868a41b7d9b4d11bc43c5\">\n<figure class=\"wp-block-image tb-image tb-image-dynamic speaker20-img\" data-toolset-blocks-image=\"992fa52e2e7ff3ae452368e34175e198\"><a href=\"https:\/\/h22.se\/en\/speaker\/gerald-babel-sutter\/\"><img decoding=\"async\" width=\"300\" height=\"300\" loading=\"lazy\" src=\"https:\/\/h22.se\/wp-content\/uploads\/2020\/10\/Gerald-Babel-Sutter-bild_sv-300x300.jpg\" alt=\"\" class=\"wp-image-364547\" srcset=\"https:\/\/h22.se\/wp-content\/uploads\/2020\/10\/Gerald-Babel-Sutter-bild_sv-300x300.jpg 300w, https:\/\/h22.se\/wp-content\/uploads\/2020\/10\/Gerald-Babel-Sutter-bild_sv-150x150.jpg 150w, https:\/\/h22.se\/wp-content\/uploads\/2020\/10\/Gerald-Babel-Sutter-bild_sv-100x100.jpg 100w, https:\/\/h22.se\/wp-content\/uploads\/2020\/10\/Gerald-Babel-Sutter-bild_sv-146x146.jpg 146w, https:\/\/h22.se\/wp-content\/uploads\/2020\/10\/Gerald-Babel-Sutter-bild_sv-50x50.jpg 50w, https:\/\/h22.se\/wp-content\/uploads\/2020\/10\/Gerald-Babel-Sutter-bild_sv-75x75.jpg 75w, https:\/\/h22.se\/wp-content\/uploads\/2020\/10\/Gerald-Babel-Sutter-bild_sv-85x85.jpg 85w, https:\/\/h22.se\/wp-content\/uploads\/2020\/10\/Gerald-Babel-Sutter-bild_sv-80x80.jpg 80w, https:\/\/h22.se\/wp-content\/uploads\/2020\/10\/Gerald-Babel-Sutter-bild_sv.jpg 500w\" sizes=\"(max-width: 300px) 100vw, 300px\" \/><\/a><\/figure>\n<\/div>\n\n\n\n<div class=\"wp-block-toolset-blocks-container tb-container\" data-toolset-blocks-container=\"a660491648d85bf8150000b53b6f71d0\">\n<h2 class=\"tb-heading has-text-color speaker20_name\" data-toolset-blocks-heading=\"6f096ecda94a015dbee1c0de7bf78a4e\"><a href=\"https:\/\/h22.se\/en\/speaker\/gerald-babel-sutter\/\">Gerald Babel-Sutter<\/a><\/h2>\n\n\n\n<h4 class=\"tb-heading speaker20_titel\" data-toolset-blocks-heading=\"dbf13b602c2eaed567fd9488a770879d\">Co-founder and CEO of URBAN FUTURE Global Conference<\/h4>\n<\/div>\n<\/div>\n<\/div><div class=\"tb-grid-column\">\n<div class=\"wp-block-toolset-views-view-template-block wpv-block-loop-item php-to-be-replaced-with-shortcode talare-loop\" data-toolset-views-view-template-block=\"8d501434a33d17b3cc5c46b0c9924847\">\n<div class=\"wp-block-toolset-blocks-container tb-container aligncenter\" data-toolset-blocks-container=\"af70402ce5d868a41b7d9b4d11bc43c5\">\n<figure class=\"wp-block-image tb-image tb-image-dynamic speaker20-img\" data-toolset-blocks-image=\"992fa52e2e7ff3ae452368e34175e198\"><a href=\"https:\/\/h22.se\/en\/speaker\/rijal-mbamba\/\"><img decoding=\"async\" width=\"300\" height=\"300\" loading=\"lazy\" src=\"https:\/\/h22.se\/wp-content\/uploads\/2020\/10\/rijal-bild-300x300.jpg\" alt=\"\" class=\"wp-image-364392\" srcset=\"https:\/\/h22.se\/wp-content\/uploads\/2020\/10\/rijal-bild-300x300.jpg 300w, https:\/\/h22.se\/wp-content\/uploads\/2020\/10\/rijal-bild-150x150.jpg 150w, https:\/\/h22.se\/wp-content\/uploads\/2020\/10\/rijal-bild-100x100.jpg 100w, https:\/\/h22.se\/wp-content\/uploads\/2020\/10\/rijal-bild-146x146.jpg 146w, https:\/\/h22.se\/wp-content\/uploads\/2020\/10\/rijal-bild-50x50.jpg 50w, https:\/\/h22.se\/wp-content\/uploads\/2020\/10\/rijal-bild-75x75.jpg 75w, https:\/\/h22.se\/wp-content\/uploads\/2020\/10\/rijal-bild-85x85.jpg 85w, https:\/\/h22.se\/wp-content\/uploads\/2020\/10\/rijal-bild-80x80.jpg 80w, https:\/\/h22.se\/wp-content\/uploads\/2020\/10\/rijal-bild.jpg 500w\" sizes=\"(max-width: 300px) 100vw, 300px\" \/><\/a><\/figure>\n<\/div>\n\n\n\n<div class=\"wp-block-toolset-blocks-container tb-container\" data-toolset-blocks-container=\"a660491648d85bf8150000b53b6f71d0\">\n<h2 class=\"tb-heading has-text-color speaker20_name\" data-toolset-blocks-heading=\"6f096ecda94a015dbee1c0de7bf78a4e\"><a href=\"https:\/\/h22.se\/en\/speaker\/rijal-mbamba\/\">Rijal Mbamba<\/a><\/h2>\n\n\n\n<h4 class=\"tb-heading speaker20_titel\" data-toolset-blocks-heading=\"dbf13b602c2eaed567fd9488a770879d\">H22 Summit Moderator<\/h4>\n<\/div>\n<\/div>\n<\/div><\/div><\/div><\/div><\/div><\/div>\n<p>[\/vc_column_text][\/vc_column_inner][\/vc_row_inner][vc_row_inner gap=&#8221;35&#8243; css=&#8221;.vc_custom_1602830598833{padding-bottom: 0px !important;}&#8221; el_class=&#8221;speaker20-program-row&#8221;][vc_column_inner width=&#8221;1\/2&#8243;][vc_custom_heading text=&#8221;BIG OPENER&#8221; font_container=&#8221;tag:h4|text_align:left|color:%23f7a62a|line_height:1.2&#8243; google_fonts=&#8221;font_family:Roboto%3A100%2C100italic%2C300%2C300italic%2Cregular%2Citalic%2C500%2C500italic%2C700%2C700italic%2C900%2C900italic|font_style:500%20bold%20regular%3A500%3Anormal&#8221;][vc_column_text el_class=&#8221;white-p&#8221;]<\/p>\n<p>Vi kickstartar temat med dagens huvudtalare.<\/p>\n<p>[\/vc_column_text][\/vc_column_inner][vc_column_inner el_class=&#8221;speaker20-program-col2&#8243; width=&#8221;1\/2&#8243; css=&#8221;.vc_custom_1602770512151{margin-bottom: 0px !important;padding-bottom: 0px !important;}&#8221;][vc_column_text css=&#8221;.vc_custom_1602848219552{margin-bottom: 0px !important;padding-bottom: 0px !important;}&#8221;]<\/p>\n\n<div class=\"wp-block-toolset-blocks-container tb-container speakers20_program_container aligncenter\" data-toolset-blocks-container=\"a4ffca6637ef621955eb4ad7fe7cee05\">\n<figure class=\"wp-block-image tb-image tb-image-dynamic speaker20-img\" data-toolset-blocks-image=\"a3ef498e9d316da08a457680106c32d4\"><a href=\"https:\/\/h22.se\/en\/speaker\/joakim-jardenberg\/\"><img decoding=\"async\" width=\"526\" height=\"526\" loading=\"lazy\" src=\"https:\/\/h22.se\/wp-content\/uploads\/2020\/10\/jj.profilbild.by_.kristofer.amuelsson.2000x2000.jpg\" alt=\"\" class=\"wp-image-361189\" srcset=\"https:\/\/h22.se\/wp-content\/uploads\/2020\/10\/jj.profilbild.by_.kristofer.amuelsson.2000x2000.jpg 526w, https:\/\/h22.se\/wp-content\/uploads\/2020\/10\/jj.profilbild.by_.kristofer.amuelsson.2000x2000-300x300.jpg 300w, https:\/\/h22.se\/wp-content\/uploads\/2020\/10\/jj.profilbild.by_.kristofer.amuelsson.2000x2000-150x150.jpg 150w, https:\/\/h22.se\/wp-content\/uploads\/2020\/10\/jj.profilbild.by_.kristofer.amuelsson.2000x2000-100x100.jpg 100w, https:\/\/h22.se\/wp-content\/uploads\/2020\/10\/jj.profilbild.by_.kristofer.amuelsson.2000x2000-146x146.jpg 146w, https:\/\/h22.se\/wp-content\/uploads\/2020\/10\/jj.profilbild.by_.kristofer.amuelsson.2000x2000-50x50.jpg 50w, https:\/\/h22.se\/wp-content\/uploads\/2020\/10\/jj.profilbild.by_.kristofer.amuelsson.2000x2000-75x75.jpg 75w, https:\/\/h22.se\/wp-content\/uploads\/2020\/10\/jj.profilbild.by_.kristofer.amuelsson.2000x2000-85x85.jpg 85w, https:\/\/h22.se\/wp-content\/uploads\/2020\/10\/jj.profilbild.by_.kristofer.amuelsson.2000x2000-80x80.jpg 80w\" sizes=\"(max-width: 526px) 100vw, 526px\" \/><\/a><\/figure>\n\n\n\n<h3 class=\"tb-heading has-text-color speaker20_name\" data-toolset-blocks-heading=\"a064b45fa86470e44188b3a89cd5abad\"><a href=\"https:\/\/h22.se\/en\/speaker\/joakim-jardenberg\/\">Joakim Jardenberg<\/a><\/h3>\n\n\n\n<div class=\"tb-field speaker20-titel\" data-toolset-blocks-field=\"a5772a5c494717bd70d83c0036e0d00d\">CEO OF GET AI<\/div>\n<\/div>\n\n<p>[\/vc_column_text][\/vc_column_inner][\/vc_row_inner][vc_row_inner gap=&#8221;35&#8243; el_class=&#8221;speaker20-program-row&#8221;][vc_column_inner width=&#8221;1\/2&#8243;][vc_custom_heading text=&#8221;BREAKING THE MOULD&#8221; font_container=&#8221;tag:h4|text_align:left|color:%23f7a62a|line_height:1.2&#8243; google_fonts=&#8221;font_family:Roboto%3A100%2C100italic%2C300%2C300italic%2Cregular%2Citalic%2C500%2C500italic%2C700%2C700italic%2C900%2C900italic|font_style:500%20bold%20regular%3A500%3Anormal&#8221;][vc_column_text el_class=&#8221;white-p&#8221;]<\/p>\n<p>Dagens andra talare ger nya perspektiv kring innovation.<\/p>\n<p>[\/vc_column_text][\/vc_column_inner][vc_column_inner el_class=&#8221;speaker20-program-col2&#8243; width=&#8221;1\/2&#8243; css=&#8221;.vc_custom_1602770573295{margin-bottom: 0px !important;padding-bottom: 0px !important;}&#8221;][vc_column_text css=&#8221;.vc_custom_1602848263392{margin-bottom: 0px !important;padding-bottom: 0px !important;}&#8221;]<\/p>\n\n<div class=\"wp-block-toolset-blocks-container tb-container speakers20_program_container aligncenter\" data-toolset-blocks-container=\"a4ffca6637ef621955eb4ad7fe7cee05\">\n<figure class=\"wp-block-image tb-image tb-image-dynamic speaker20-img\" data-toolset-blocks-image=\"a3ef498e9d316da08a457680106c32d4\"><a href=\"https:\/\/h22.se\/en\/speaker\/victoria-escobar\/\"><img decoding=\"async\" width=\"500\" height=\"500\" loading=\"lazy\" src=\"https:\/\/h22.se\/wp-content\/uploads\/2020\/10\/escobar_sv.jpg\" alt=\"\" class=\"wp-image-362980\" srcset=\"https:\/\/h22.se\/wp-content\/uploads\/2020\/10\/escobar_sv.jpg 500w, https:\/\/h22.se\/wp-content\/uploads\/2020\/10\/escobar_sv-300x300.jpg 300w, https:\/\/h22.se\/wp-content\/uploads\/2020\/10\/escobar_sv-150x150.jpg 150w, https:\/\/h22.se\/wp-content\/uploads\/2020\/10\/escobar_sv-100x100.jpg 100w, https:\/\/h22.se\/wp-content\/uploads\/2020\/10\/escobar_sv-146x146.jpg 146w, https:\/\/h22.se\/wp-content\/uploads\/2020\/10\/escobar_sv-50x50.jpg 50w, https:\/\/h22.se\/wp-content\/uploads\/2020\/10\/escobar_sv-75x75.jpg 75w, https:\/\/h22.se\/wp-content\/uploads\/2020\/10\/escobar_sv-85x85.jpg 85w, https:\/\/h22.se\/wp-content\/uploads\/2020\/10\/escobar_sv-80x80.jpg 80w\" sizes=\"(max-width: 500px) 100vw, 500px\" \/><\/a><\/figure>\n\n\n\n<h3 class=\"tb-heading has-text-color speaker20_name\" data-toolset-blocks-heading=\"a064b45fa86470e44188b3a89cd5abad\"><a href=\"https:\/\/h22.se\/en\/speaker\/victoria-escobar\/\">Victoria Escobar<\/a><\/h3>\n\n\n\n<div class=\"tb-field speaker20-titel\" data-toolset-blocks-field=\"a5772a5c494717bd70d83c0036e0d00d\">Co-founder of Changers Hub<\/div>\n<\/div>\n\n<p>[\/vc_column_text][\/vc_column_inner][\/vc_row_inner][vc_row_inner gap=&#8221;35&#8243; el_class=&#8221;speaker20-program-row&#8221;][vc_column_inner width=&#8221;1\/2&#8243;][vc_custom_heading text=&#8221;SPARKING CHANGE&#8221; font_container=&#8221;tag:h4|text_align:left|color:%23f7a62a|line_height:1.2&#8243; google_fonts=&#8221;font_family:Roboto%3A100%2C100italic%2C300%2C300italic%2Cregular%2Citalic%2C500%2C500italic%2C700%2C700italic%2C900%2C900italic|font_style:500%20bold%20regular%3A500%3Anormal&#8221;][vc_column_text el_class=&#8221;white-p&#8221;]<\/p>\n<p>Innovationskraften som mittpunkt av v\u00e5r tredje talare<\/p>\n<p>[\/vc_column_text][\/vc_column_inner][vc_column_inner el_class=&#8221;speaker20-program-citytalk-col2&#8243; width=&#8221;1\/2&#8243; css=&#8221;.vc_custom_1603367755796{margin-bottom: 0px !important;padding-bottom: 0px !important;}&#8221;][vc_column_text css=&#8221;.vc_custom_1603367738488{margin-bottom: 0px !important;padding-bottom: 0px !important;}&#8221;]<\/p>\n<div class=\"wpv-view-output\" data-toolset-views-view-editor=\"e4fc0cb6721987cfb69567fc73b8affa\"><div class=\"wp-block-toolset-views-view-editor\">\n<div class=\"wp-block-toolset-views-custom-search-container\">  <\/div>\n  <div id=\"wpv-view-layout-364305\" class=\"js-wpv-view-layout js-wpv-layout-responsive js-wpv-view-layout-364305\" data-viewnumber=\"364305\" data-pagination=\"{&quot;id&quot;:364305,&quot;query&quot;:&quot;normal&quot;,&quot;type&quot;:&quot;disabled&quot;,&quot;effect&quot;:&quot;fade&quot;,&quot;duration&quot;:500,&quot;speed&quot;:5,&quot;pause_on_hover&quot;:&quot;disabled&quot;,&quot;stop_rollover&quot;:&quot;false&quot;,&quot;cache_pages&quot;:&quot;enabled&quot;,&quot;preload_images&quot;:&quot;enabled&quot;,&quot;preload_pages&quot;:&quot;enabled&quot;,&quot;preload_reach&quot;:1,&quot;spinner&quot;:&quot;builtin&quot;,&quot;spinner_image&quot;:&quot;https:\/\/h22.se\/wp-content\/plugins\/toolset-blocks\/embedded\/res\/img\/ajax-loader.gif&quot;,&quot;callback_next&quot;:&quot;&quot;,&quot;manage_history&quot;:&quot;enabled&quot;,&quot;has_controls_in_form&quot;:&quot;disabled&quot;,&quot;infinite_tolerance&quot;:&quot;0&quot;,&quot;max_pages&quot;:0,&quot;page&quot;:1,&quot;base_permalink&quot;:&quot;\/en\/wp-json\/wp\/v2\/pages\/363444?wpv_view_count=364305&amp;wpv_paged=WPV_PAGE_NUM&quot;,&quot;loop&quot;:{&quot;type&quot;:&quot;&quot;,&quot;name&quot;:&quot;&quot;,&quot;data&quot;:[],&quot;id&quot;:0}}\" data-permalink=\"\/en\/wp-json\/wp\/v2\/pages\/363444?wpv_view_count=364305\">\n<div class=\"js-wpv-loop-wrapper\"><div class=\"tb-grid\"><div class=\"tb-grid-column\">\n<div class=\"wp-block-toolset-views-view-template-block wpv-block-loop-item php-to-be-replaced-with-shortcode talare-loop\" data-toolset-views-view-template-block=\"8d501434a33d17b3cc5c46b0c9924847\">\n<div class=\"wp-block-toolset-blocks-container tb-container aligncenter\" data-toolset-blocks-container=\"21dfb2034d79af2505e241fc3df55a5f\">\n<figure class=\"wp-block-image tb-image tb-image-dynamic speaker20-img\" data-toolset-blocks-image=\"0ba5577cc342b6f8aaf4dffdee22df34\"><a href=\"https:\/\/h22.se\/en\/speaker\/hannah-wright\/\"><img decoding=\"async\" width=\"300\" height=\"300\" loading=\"lazy\" src=\"https:\/\/h22.se\/wp-content\/uploads\/2020\/10\/Hannah-Wright_sv-300x300.jpg\" alt=\"\" class=\"wp-image-363729\" srcset=\"https:\/\/h22.se\/wp-content\/uploads\/2020\/10\/Hannah-Wright_sv-300x300.jpg 300w, https:\/\/h22.se\/wp-content\/uploads\/2020\/10\/Hannah-Wright_sv-150x150.jpg 150w, https:\/\/h22.se\/wp-content\/uploads\/2020\/10\/Hannah-Wright_sv-100x100.jpg 100w, https:\/\/h22.se\/wp-content\/uploads\/2020\/10\/Hannah-Wright_sv-146x146.jpg 146w, https:\/\/h22.se\/wp-content\/uploads\/2020\/10\/Hannah-Wright_sv-50x50.jpg 50w, https:\/\/h22.se\/wp-content\/uploads\/2020\/10\/Hannah-Wright_sv-75x75.jpg 75w, https:\/\/h22.se\/wp-content\/uploads\/2020\/10\/Hannah-Wright_sv-85x85.jpg 85w, https:\/\/h22.se\/wp-content\/uploads\/2020\/10\/Hannah-Wright_sv-80x80.jpg 80w, https:\/\/h22.se\/wp-content\/uploads\/2020\/10\/Hannah-Wright_sv.jpg 500w\" sizes=\"(max-width: 300px) 100vw, 300px\" \/><\/a><\/figure>\n<\/div>\n\n\n\n<div class=\"wp-block-toolset-blocks-container tb-container\" data-toolset-blocks-container=\"07122d52349226c11522716acf12c70a\">\n<h2 class=\"tb-heading has-text-color speaker20_name\" data-toolset-blocks-heading=\"6f096ecda94a015dbee1c0de7bf78a4e\"><a href=\"https:\/\/h22.se\/en\/speaker\/hannah-wright\/\">Hannah Wright<\/a><\/h2>\n\n\n\n<h4 class=\"tb-heading speaker20_titel\" data-toolset-blocks-heading=\"dbf13b602c2eaed567fd9488a770879d\">Urban Planner & Knowledge Integrator<\/h4>\n\n\n\n<div class=\"tb-field speaker20_exerpt\" data-toolset-blocks-field=\"b6544701cd23f3061166445f19031368\">With international expertise in child-friendly planning and design, Hannah motivates and advocates for healthy city-making that melds innovation and practice. Hannah will be speaking about the importance of children\u2019s right to play and how cities and placemakers can reclaim places to play in cities for children.<\/div>\n<\/div>\n\n\n\n<div class=\"wp-block-toolset-blocks-container tb-container\" data-toolset-blocks-container=\"adeb8970d6a3ef17aec904cdb8604fc0\"><\/div>\n<\/div>\n<\/div><div class=\"tb-grid-column\">\n<div class=\"wp-block-toolset-views-view-template-block wpv-block-loop-item php-to-be-replaced-with-shortcode talare-loop\" data-toolset-views-view-template-block=\"8d501434a33d17b3cc5c46b0c9924847\">\n<div class=\"wp-block-toolset-blocks-container tb-container aligncenter\" data-toolset-blocks-container=\"21dfb2034d79af2505e241fc3df55a5f\">\n<figure class=\"wp-block-image tb-image tb-image-dynamic speaker20-img\" data-toolset-blocks-image=\"0ba5577cc342b6f8aaf4dffdee22df34\"><a href=\"https:\/\/h22.se\/en\/speaker\/louise-thivant-johannsen\/\"><img decoding=\"async\" width=\"300\" height=\"300\" loading=\"lazy\" src=\"https:\/\/h22.se\/wp-content\/uploads\/2020\/10\/Picture-LThivant_sv-300x300.jpg\" alt=\"\" class=\"wp-image-363557\" srcset=\"https:\/\/h22.se\/wp-content\/uploads\/2020\/10\/Picture-LThivant_sv-300x300.jpg 300w, https:\/\/h22.se\/wp-content\/uploads\/2020\/10\/Picture-LThivant_sv-150x150.jpg 150w, https:\/\/h22.se\/wp-content\/uploads\/2020\/10\/Picture-LThivant_sv-100x100.jpg 100w, https:\/\/h22.se\/wp-content\/uploads\/2020\/10\/Picture-LThivant_sv-146x146.jpg 146w, https:\/\/h22.se\/wp-content\/uploads\/2020\/10\/Picture-LThivant_sv-50x50.jpg 50w, https:\/\/h22.se\/wp-content\/uploads\/2020\/10\/Picture-LThivant_sv-75x75.jpg 75w, https:\/\/h22.se\/wp-content\/uploads\/2020\/10\/Picture-LThivant_sv-85x85.jpg 85w, https:\/\/h22.se\/wp-content\/uploads\/2020\/10\/Picture-LThivant_sv-80x80.jpg 80w, https:\/\/h22.se\/wp-content\/uploads\/2020\/10\/Picture-LThivant_sv.jpg 500w\" sizes=\"(max-width: 300px) 100vw, 300px\" \/><\/a><\/figure>\n<\/div>\n\n\n\n<div class=\"wp-block-toolset-blocks-container tb-container\" data-toolset-blocks-container=\"07122d52349226c11522716acf12c70a\">\n<h2 class=\"tb-heading has-text-color speaker20_name\" data-toolset-blocks-heading=\"6f096ecda94a015dbee1c0de7bf78a4e\"><a href=\"https:\/\/h22.se\/en\/speaker\/louise-thivant-johannsen\/\">Louise Thivant-Johannsen<\/a><\/h2>\n\n\n\n<h4 class=\"tb-heading speaker20_titel\" data-toolset-blocks-heading=\"dbf13b602c2eaed567fd9488a770879d\">Global CFCI Advisor and Programme Specialist, UNICEF<\/h4>\n\n\n\n<div class=\"tb-field speaker20_exerpt\" data-toolset-blocks-field=\"b6544701cd23f3061166445f19031368\">As a lawyer and child rights advocacy specialist, Louise Thivant-Johannsen has long worked with humanitarian affairs and the promotion of child friendly cities both at a local and global level. Louise will be speaking about the vital inclusion of children and young people in decision-making processes that shape the urban environment and will be providing insights on approaches that can bolster participation in smarter cities.<\/div>\n<\/div>\n\n\n\n<div class=\"wp-block-toolset-blocks-container tb-container\" data-toolset-blocks-container=\"adeb8970d6a3ef17aec904cdb8604fc0\"><\/div>\n<\/div>\n<\/div><\/div><\/div>\n\n\n<p><\/p>\n<\/div><\/div><\/div>\n<p>[\/vc_column_text][\/vc_column_inner][\/vc_row_inner][vc_row_inner gap=&#8221;35&#8243; el_class=&#8221;speaker20-program-row citytalks-row&#8221;][vc_column_inner width=&#8221;1\/2&#8243;][vc_custom_heading text=&#8221;CITY TALKS&#8221; font_container=&#8221;tag:h4|text_align:left|color:%23f7a62a|line_height:1.2&#8243; google_fonts=&#8221;font_family:Roboto%3A100%2C100italic%2C300%2C300italic%2Cregular%2Citalic%2C500%2C500italic%2C700%2C700italic%2C900%2C900italic|font_style:500%20bold%20regular%3A500%3Anormal&#8221;][vc_column_text el_class=&#8221;white-p&#8221;]<\/p>\n<p>V\u00e4lkommen till ett dynamiskt panelsamtal d\u00e4r f\u00f6r\u00e4ndringsledare fr\u00e5n hela v\u00e4rlden diskuterar innovation och st\u00e4dernas f\u00f6r\u00e4ndrade roll.<\/p>\n<p>[\/vc_column_text][vc_custom_heading text=&#8221;<strong>B\u00e4ttre st\u00e4der genom barnens glas\u00f6gon<\/strong>&#8221; font_container=&#8221;tag:h5|text_align:left|color:%23ffffff|line_height:1.2&#8243; use_theme_fonts=&#8221;yes&#8221; link=&#8221;url:https%3A%2F%2Fh22.se%2Fen%2Fsummit%2Fbetter-cities-with-children-taking-part-in-planning%2F|&#8221;][vc_column_text el_class=&#8221;white-p&#8221;]<\/p>\n<p>F\u00f6r att barn ska kunna uppleva sin stad som omt\u00e4nksam och positiv m\u00e5ste de delta i planeringen.<\/p>\n<p>[\/vc_column_text][vc_btn title=&#8221;Read more&#8221; style=&#8221;outline-custom&#8221; outline_custom_color=&#8221;#ffffff&#8221; outline_custom_hover_background=&#8221;#ffffff&#8221; outline_custom_hover_text=&#8221;#000000&#8243; size=&#8221;sm&#8221; align=&#8221;left&#8221; link=&#8221;url:https%3A%2F%2Fh22.se%2Fen%2Fsummit%2Fbetter-cities-with-children-taking-part-in-planning%2F|title:Better%20cities%20with%20children%20taking%20part%20in%20planning|&#8221;][\/vc_column_inner][vc_column_inner el_class=&#8221;speaker20-program-citytalk-col2&#8243; width=&#8221;1\/2&#8243; css=&#8221;.vc_custom_1602770604843{margin-bottom: 0px !important;padding-bottom: 0px !important;}&#8221;][vc_column_text css=&#8221;.vc_custom_1602848325397{margin-bottom: 0px !important;padding-bottom: 0px !important;}&#8221;]<\/p>\n\n<div class=\"wp-block-group is-layout-flow\"><div class=\"wp-block-group__inner-container\"><\/div><\/div>\n\n\n<div class=\"wpv-view-output\" data-toolset-views-view-editor=\"4b49d214128eaf6b0950f89d7f1b740a\"><div class=\"wp-block-toolset-views-view-editor\">\n<div class=\"wp-block-toolset-views-custom-search-container\">  <\/div>\n  <div id=\"wpv-view-layout-362338\" class=\"js-wpv-view-layout js-wpv-layout-responsive js-wpv-view-layout-362338\" data-viewnumber=\"362338\" data-pagination=\"{&quot;id&quot;:362338,&quot;query&quot;:&quot;normal&quot;,&quot;type&quot;:&quot;disabled&quot;,&quot;effect&quot;:&quot;fade&quot;,&quot;duration&quot;:500,&quot;speed&quot;:5,&quot;pause_on_hover&quot;:&quot;disabled&quot;,&quot;stop_rollover&quot;:&quot;false&quot;,&quot;cache_pages&quot;:&quot;enabled&quot;,&quot;preload_images&quot;:&quot;enabled&quot;,&quot;preload_pages&quot;:&quot;enabled&quot;,&quot;preload_reach&quot;:1,&quot;spinner&quot;:&quot;builtin&quot;,&quot;spinner_image&quot;:&quot;https:\/\/h22.se\/wp-content\/plugins\/toolset-blocks\/embedded\/res\/img\/ajax-loader.gif&quot;,&quot;callback_next&quot;:&quot;&quot;,&quot;manage_history&quot;:&quot;enabled&quot;,&quot;has_controls_in_form&quot;:&quot;disabled&quot;,&quot;infinite_tolerance&quot;:&quot;0&quot;,&quot;max_pages&quot;:0,&quot;page&quot;:1,&quot;base_permalink&quot;:&quot;\/en\/wp-json\/wp\/v2\/pages\/363444?wpv_view_count=362338&amp;wpv_paged=WPV_PAGE_NUM&quot;,&quot;loop&quot;:{&quot;type&quot;:&quot;&quot;,&quot;name&quot;:&quot;&quot;,&quot;data&quot;:[],&quot;id&quot;:0}}\" data-permalink=\"\/en\/wp-json\/wp\/v2\/pages\/363444?wpv_view_count=362338\">\n<div class=\"js-wpv-loop-wrapper\"><div class=\"tb-grid\"><div class=\"tb-grid-column\">\n<div class=\"wp-block-toolset-views-view-template-block wpv-block-loop-item php-to-be-replaced-with-shortcode talare-loop\" data-toolset-views-view-template-block=\"8d501434a33d17b3cc5c46b0c9924847\">\n<div class=\"wp-block-toolset-blocks-container tb-container aligncenter\" data-toolset-blocks-container=\"00690087166fc7ecf2d02a8b57f837c1\">\n<figure class=\"wp-block-image tb-image tb-image-dynamic speaker20-img\" data-toolset-blocks-image=\"cd57ee6ac16f5e4eb731c8e7d592e3bb\"><a href=\"https:\/\/h22.se\/en\/speaker\/daniel-urey\/\"><img decoding=\"async\" width=\"300\" height=\"300\" loading=\"lazy\" src=\"https:\/\/h22.se\/wp-content\/uploads\/2020\/10\/Daniel-Urey-bild_sv-300x300.jpg\" alt=\"\" class=\"wp-image-363236\" srcset=\"https:\/\/h22.se\/wp-content\/uploads\/2020\/10\/Daniel-Urey-bild_sv-300x300.jpg 300w, https:\/\/h22.se\/wp-content\/uploads\/2020\/10\/Daniel-Urey-bild_sv-150x150.jpg 150w, https:\/\/h22.se\/wp-content\/uploads\/2020\/10\/Daniel-Urey-bild_sv-100x100.jpg 100w, https:\/\/h22.se\/wp-content\/uploads\/2020\/10\/Daniel-Urey-bild_sv-146x146.jpg 146w, https:\/\/h22.se\/wp-content\/uploads\/2020\/10\/Daniel-Urey-bild_sv-50x50.jpg 50w, https:\/\/h22.se\/wp-content\/uploads\/2020\/10\/Daniel-Urey-bild_sv-75x75.jpg 75w, https:\/\/h22.se\/wp-content\/uploads\/2020\/10\/Daniel-Urey-bild_sv-85x85.jpg 85w, https:\/\/h22.se\/wp-content\/uploads\/2020\/10\/Daniel-Urey-bild_sv-80x80.jpg 80w, https:\/\/h22.se\/wp-content\/uploads\/2020\/10\/Daniel-Urey-bild_sv.jpg 500w\" sizes=\"(max-width: 300px) 100vw, 300px\" \/><\/a><\/figure>\n<\/div>\n\n\n\n<div class=\"wp-block-toolset-blocks-container tb-container\" data-toolset-blocks-container=\"07122d52349226c11522716acf12c70a\">\n<h2 class=\"tb-heading has-text-color speaker20_name\" data-toolset-blocks-heading=\"6f096ecda94a015dbee1c0de7bf78a4e\"><a href=\"https:\/\/h22.se\/en\/speaker\/daniel-urey\/\">Daniel Urey<\/a><\/h2>\n\n\n\n<h4 class=\"tb-heading speaker20_titel\" data-toolset-blocks-heading=\"dbf13b602c2eaed567fd9488a770879d\">Co-Founder and Head of LABLAB Research and Design Think Tank<\/h4>\n\n\n\n<div class=\"tb-field speaker20_exerpt\" data-toolset-blocks-field=\"b6544701cd23f3061166445f19031368\">With vast international experience in leading ambitious development projects, Daniel\u2019s work at LABLAB focuses on understanding social, ecological, and spatial transitions. He explores the potential in linking theory and practice in order to reimagine built and unbuilt environments for innovative engagement. Daniel joins the panel discussion to disrupt ingrained notions on public space.<\/div>\n<\/div>\n\n\n\n<div class=\"wp-block-toolset-blocks-container tb-container\" data-toolset-blocks-container=\"adeb8970d6a3ef17aec904cdb8604fc0\"><\/div>\n<\/div>\n<\/div><div class=\"tb-grid-column\">\n<div class=\"wp-block-toolset-views-view-template-block wpv-block-loop-item php-to-be-replaced-with-shortcode talare-loop\" data-toolset-views-view-template-block=\"8d501434a33d17b3cc5c46b0c9924847\">\n<div class=\"wp-block-toolset-blocks-container tb-container aligncenter\" data-toolset-blocks-container=\"00690087166fc7ecf2d02a8b57f837c1\">\n<figure class=\"wp-block-image tb-image tb-image-dynamic speaker20-img\" data-toolset-blocks-image=\"cd57ee6ac16f5e4eb731c8e7d592e3bb\"><a href=\"https:\/\/h22.se\/en\/speaker\/mark-ojal\/\"><img decoding=\"async\" width=\"300\" height=\"300\" loading=\"lazy\" src=\"https:\/\/h22.se\/wp-content\/uploads\/2020\/10\/Profile-pic_Mark_BW_sv-300x300.jpg\" alt=\"\" class=\"wp-image-364603\" srcset=\"https:\/\/h22.se\/wp-content\/uploads\/2020\/10\/Profile-pic_Mark_BW_sv-300x300.jpg 300w, https:\/\/h22.se\/wp-content\/uploads\/2020\/10\/Profile-pic_Mark_BW_sv-150x150.jpg 150w, https:\/\/h22.se\/wp-content\/uploads\/2020\/10\/Profile-pic_Mark_BW_sv-100x100.jpg 100w, https:\/\/h22.se\/wp-content\/uploads\/2020\/10\/Profile-pic_Mark_BW_sv-146x146.jpg 146w, https:\/\/h22.se\/wp-content\/uploads\/2020\/10\/Profile-pic_Mark_BW_sv-50x50.jpg 50w, https:\/\/h22.se\/wp-content\/uploads\/2020\/10\/Profile-pic_Mark_BW_sv-75x75.jpg 75w, https:\/\/h22.se\/wp-content\/uploads\/2020\/10\/Profile-pic_Mark_BW_sv-85x85.jpg 85w, https:\/\/h22.se\/wp-content\/uploads\/2020\/10\/Profile-pic_Mark_BW_sv-80x80.jpg 80w, https:\/\/h22.se\/wp-content\/uploads\/2020\/10\/Profile-pic_Mark_BW_sv.jpg 500w\" sizes=\"(max-width: 300px) 100vw, 300px\" \/><\/a><\/figure>\n<\/div>\n\n\n\n<div class=\"wp-block-toolset-blocks-container tb-container\" data-toolset-blocks-container=\"07122d52349226c11522716acf12c70a\">\n<h2 class=\"tb-heading has-text-color speaker20_name\" data-toolset-blocks-heading=\"6f096ecda94a015dbee1c0de7bf78a4e\"><a href=\"https:\/\/h22.se\/en\/speaker\/mark-ojal\/\">Mark Ojal<\/a><\/h2>\n\n\n\n<h4 class=\"tb-heading speaker20_titel\" data-toolset-blocks-heading=\"dbf13b602c2eaed567fd9488a770879d\">Urban Designer and Placemaking Expert at UN-Habitat<\/h4>\n\n\n\n<div class=\"tb-field speaker20_exerpt\" data-toolset-blocks-field=\"b6544701cd23f3061166445f19031368\">As an urbanist and a mobiliser, Mark connects ideas, people, and places. His role at UN-Habitat involves driving the implementation of the urban planning and design projects of the Global Public Space Programme. Joining us on one of our panel discussions, Mark will be sharing his thoughts on participatory urban planning and design and the vital involvement of children and communities in public space projects.<\/div>\n<\/div>\n\n\n\n<div class=\"wp-block-toolset-blocks-container tb-container\" data-toolset-blocks-container=\"adeb8970d6a3ef17aec904cdb8604fc0\"><\/div>\n<\/div>\n<\/div><div class=\"tb-grid-column\">\n<div class=\"wp-block-toolset-views-view-template-block wpv-block-loop-item php-to-be-replaced-with-shortcode talare-loop\" data-toolset-views-view-template-block=\"8d501434a33d17b3cc5c46b0c9924847\">\n<div class=\"wp-block-toolset-blocks-container tb-container aligncenter\" data-toolset-blocks-container=\"00690087166fc7ecf2d02a8b57f837c1\">\n<figure class=\"wp-block-image tb-image tb-image-dynamic speaker20-img\" data-toolset-blocks-image=\"cd57ee6ac16f5e4eb731c8e7d592e3bb\"><a href=\"https:\/\/h22.se\/en\/speaker\/vesna-vasiljkovic\/\"><img decoding=\"async\" width=\"300\" height=\"300\" loading=\"lazy\" src=\"https:\/\/h22.se\/wp-content\/uploads\/2020\/10\/Vesna-sv-300x300.jpg\" alt=\"\" class=\"wp-image-363262\" srcset=\"https:\/\/h22.se\/wp-content\/uploads\/2020\/10\/Vesna-sv-300x300.jpg 300w, https:\/\/h22.se\/wp-content\/uploads\/2020\/10\/Vesna-sv-150x150.jpg 150w, https:\/\/h22.se\/wp-content\/uploads\/2020\/10\/Vesna-sv-100x100.jpg 100w, https:\/\/h22.se\/wp-content\/uploads\/2020\/10\/Vesna-sv-146x146.jpg 146w, https:\/\/h22.se\/wp-content\/uploads\/2020\/10\/Vesna-sv-50x50.jpg 50w, https:\/\/h22.se\/wp-content\/uploads\/2020\/10\/Vesna-sv-75x75.jpg 75w, https:\/\/h22.se\/wp-content\/uploads\/2020\/10\/Vesna-sv-85x85.jpg 85w, https:\/\/h22.se\/wp-content\/uploads\/2020\/10\/Vesna-sv-80x80.jpg 80w, https:\/\/h22.se\/wp-content\/uploads\/2020\/10\/Vesna-sv.jpg 500w\" sizes=\"(max-width: 300px) 100vw, 300px\" \/><\/a><\/figure>\n<\/div>\n\n\n\n<div class=\"wp-block-toolset-blocks-container tb-container\" data-toolset-blocks-container=\"07122d52349226c11522716acf12c70a\">\n<h2 class=\"tb-heading has-text-color speaker20_name\" data-toolset-blocks-heading=\"6f096ecda94a015dbee1c0de7bf78a4e\"><a href=\"https:\/\/h22.se\/en\/speaker\/vesna-vasiljkovic\/\">Vesna Vasiljkovic<\/a><\/h2>\n\n\n\n<h4 class=\"tb-heading speaker20_titel\" data-toolset-blocks-heading=\"dbf13b602c2eaed567fd9488a770879d\">Architect and Studio Director at Tengbom Helsingborg<\/h4>\n\n\n\n<div class=\"tb-field speaker20_exerpt\" data-toolset-blocks-field=\"b6544701cd23f3061166445f19031368\">Beginning with a frustration about the lack of useful practical tools for designing public places for women, Vesna\u2019s has been a key driver in developing FairSHARE, a certification system that challenges the norms for how we lead, plan, design, and build our cities. Vesna is joining the panel to discuss children\u2019s role in co-creating the city, and using equality as a building block in urban development.<\/div>\n<\/div>\n\n\n\n<div class=\"wp-block-toolset-blocks-container tb-container\" data-toolset-blocks-container=\"adeb8970d6a3ef17aec904cdb8604fc0\"><\/div>\n<\/div>\n<\/div><\/div><\/div>\n\n\n<p><\/p>\n<\/div><\/div><\/div>\n<p>[\/vc_column_text][\/vc_column_inner][\/vc_row_inner][\/vc_tta_section][vc_tta_section title=&#8221;FREDAG \/ <strong>CO-CREATE<\/strong>&#8221; tab_id=&#8221;1602848350308-879875cf-8d30&#8243; el_class=&#8221;Co-create&#8221;][vc_row_inner gap=&#8221;35&#8243; el_class=&#8221;speaker20-program-row&#8221;][vc_column_inner width=&#8221;1\/2&#8243;][vc_custom_heading text=&#8221;SETTING THE SCENE&#8221; font_container=&#8221;tag:h4|text_align:left|color:%23f7a62a|line_height:1.2&#8243; google_fonts=&#8221;font_family:Roboto%3A100%2C100italic%2C300%2C300italic%2Cregular%2Citalic%2C500%2C500italic%2C700%2C700italic%2C900%2C900italic|font_style:500%20bold%20regular%3A500%3Anormal&#8221;][vc_column_text el_class=&#8221;white-p&#8221;]<\/p>\n<p>V\u00e5ra moderatorer introducerar dagens uppl\u00e4gg tillsammans med g\u00e4ster.<\/p>\n<p>[\/vc_column_text][\/vc_column_inner][vc_column_inner el_class=&#8221;speaker20-program-citytalk-col2&#8243; width=&#8221;1\/2&#8243;][vc_column_text]<\/p>\n<div class=\"wpv-view-output\" data-toolset-views-view-editor=\"699c50a43fc7c4abc2a00cb3c78de987\"><div class=\"wp-block-toolset-views-view-editor\">\n<div class=\"wp-block-toolset-views-custom-search-container\">  <\/div>\n  <div id=\"wpv-view-layout-363786\" class=\"js-wpv-view-layout js-wpv-layout-responsive js-wpv-view-layout-363786\" data-viewnumber=\"363786\" data-pagination=\"{&quot;id&quot;:363786,&quot;query&quot;:&quot;normal&quot;,&quot;type&quot;:&quot;disabled&quot;,&quot;effect&quot;:&quot;fade&quot;,&quot;duration&quot;:500,&quot;speed&quot;:5,&quot;pause_on_hover&quot;:&quot;disabled&quot;,&quot;stop_rollover&quot;:&quot;false&quot;,&quot;cache_pages&quot;:&quot;enabled&quot;,&quot;preload_images&quot;:&quot;enabled&quot;,&quot;preload_pages&quot;:&quot;enabled&quot;,&quot;preload_reach&quot;:1,&quot;spinner&quot;:&quot;builtin&quot;,&quot;spinner_image&quot;:&quot;https:\/\/h22.se\/wp-content\/plugins\/toolset-blocks\/embedded\/res\/img\/ajax-loader.gif&quot;,&quot;callback_next&quot;:&quot;&quot;,&quot;manage_history&quot;:&quot;enabled&quot;,&quot;has_controls_in_form&quot;:&quot;disabled&quot;,&quot;infinite_tolerance&quot;:&quot;0&quot;,&quot;max_pages&quot;:0,&quot;page&quot;:1,&quot;base_permalink&quot;:&quot;\/en\/wp-json\/wp\/v2\/pages\/363444?wpv_view_count=363786&amp;wpv_paged=WPV_PAGE_NUM&quot;,&quot;loop&quot;:{&quot;type&quot;:&quot;&quot;,&quot;name&quot;:&quot;&quot;,&quot;data&quot;:[],&quot;id&quot;:0}}\" data-permalink=\"\/en\/wp-json\/wp\/v2\/pages\/363444?wpv_view_count=363786\">\n<div class=\"js-wpv-loop-wrapper\"><div class=\"tb-grid\"><div class=\"tb-grid-column\">\n<div class=\"wp-block-toolset-views-view-template-block wpv-block-loop-item php-to-be-replaced-with-shortcode talare-loop\" data-toolset-views-view-template-block=\"8d501434a33d17b3cc5c46b0c9924847\">\n<div class=\"wp-block-toolset-blocks-container tb-container aligncenter\" data-toolset-blocks-container=\"96e35e441b19f6f03351bcff5ac9610f\">\n<figure class=\"wp-block-image tb-image tb-image-dynamic speaker20-img\" data-toolset-blocks-image=\"22e494cfd0f76dd35e8d5098b2a80b54\"><a href=\"https:\/\/h22.se\/en\/speaker\/aurore-belfrage\/\"><img decoding=\"async\" width=\"300\" height=\"300\" loading=\"lazy\" src=\"https:\/\/h22.se\/wp-content\/uploads\/2020\/10\/Aurore-Belfrage-2_sv-300x300.jpg\" alt=\"\" class=\"wp-image-363275\" srcset=\"https:\/\/h22.se\/wp-content\/uploads\/2020\/10\/Aurore-Belfrage-2_sv-300x300.jpg 300w, https:\/\/h22.se\/wp-content\/uploads\/2020\/10\/Aurore-Belfrage-2_sv-150x150.jpg 150w, https:\/\/h22.se\/wp-content\/uploads\/2020\/10\/Aurore-Belfrage-2_sv-100x100.jpg 100w, https:\/\/h22.se\/wp-content\/uploads\/2020\/10\/Aurore-Belfrage-2_sv-146x146.jpg 146w, https:\/\/h22.se\/wp-content\/uploads\/2020\/10\/Aurore-Belfrage-2_sv-50x50.jpg 50w, https:\/\/h22.se\/wp-content\/uploads\/2020\/10\/Aurore-Belfrage-2_sv-75x75.jpg 75w, https:\/\/h22.se\/wp-content\/uploads\/2020\/10\/Aurore-Belfrage-2_sv-85x85.jpg 85w, https:\/\/h22.se\/wp-content\/uploads\/2020\/10\/Aurore-Belfrage-2_sv-80x80.jpg 80w, https:\/\/h22.se\/wp-content\/uploads\/2020\/10\/Aurore-Belfrage-2_sv.jpg 500w\" sizes=\"(max-width: 300px) 100vw, 300px\" \/><\/a><\/figure>\n<\/div>\n\n\n\n<div class=\"wp-block-toolset-blocks-container tb-container\" data-toolset-blocks-container=\"49f27dfd27d630c25fca7f10b85e6aeb\">\n<h2 class=\"tb-heading has-text-color speaker20_name\" data-toolset-blocks-heading=\"6f096ecda94a015dbee1c0de7bf78a4e\"><a href=\"https:\/\/h22.se\/en\/speaker\/aurore-belfrage\/\">Aurore Belfrage<\/a><\/h2>\n\n\n\n<h4 class=\"tb-heading speaker20_titel\" data-toolset-blocks-heading=\"dbf13b602c2eaed567fd9488a770879d\">H22 Summit Moderator<\/h4>\n<\/div>\n<\/div>\n<\/div><\/div><\/div><\/div><\/div><\/div>\n<p>[\/vc_column_text][\/vc_column_inner][\/vc_row_inner][vc_row_inner gap=&#8221;35&#8243; css=&#8221;.vc_custom_1602830598833{padding-bottom: 0px !important;}&#8221; el_class=&#8221;speaker20-program-row&#8221;][vc_column_inner width=&#8221;1\/2&#8243;][vc_custom_heading text=&#8221;BIG OPENER&#8221; font_container=&#8221;tag:h4|text_align:left|color:%23f7a62a|line_height:1.2&#8243; google_fonts=&#8221;font_family:Roboto%3A100%2C100italic%2C300%2C300italic%2Cregular%2Citalic%2C500%2C500italic%2C700%2C700italic%2C900%2C900italic|font_style:500%20bold%20regular%3A500%3Anormal&#8221;][vc_column_text el_class=&#8221;white-p&#8221;]<\/p>\n<p>Vi kickstartar temat med dagens huvudtalare.<\/p>\n<p>[\/vc_column_text][\/vc_column_inner][vc_column_inner el_class=&#8221;speaker20-program-col2&#8243; width=&#8221;1\/2&#8243; css=&#8221;.vc_custom_1602770512151{margin-bottom: 0px !important;padding-bottom: 0px !important;}&#8221;][vc_column_text css=&#8221;.vc_custom_1603995504185{margin-bottom: 0px !important;padding-bottom: 0px !important;}&#8221;]<\/p>\n\n<div class=\"wp-block-toolset-blocks-container tb-container speakers20_program_container aligncenter\" data-toolset-blocks-container=\"a4ffca6637ef621955eb4ad7fe7cee05\">\n<figure class=\"wp-block-image tb-image tb-image-dynamic speaker20-img\" data-toolset-blocks-image=\"a3ef498e9d316da08a457680106c32d4\"><a href=\"https:\/\/h22.se\/en\/speaker\/palle-lundberg\/\"><img decoding=\"async\" width=\"500\" height=\"500\" loading=\"lazy\" src=\"https:\/\/h22.se\/wp-content\/uploads\/2020\/10\/Palle-bild.jpg\" alt=\"\" class=\"wp-image-362957\" srcset=\"https:\/\/h22.se\/wp-content\/uploads\/2020\/10\/Palle-bild.jpg 500w, https:\/\/h22.se\/wp-content\/uploads\/2020\/10\/Palle-bild-300x300.jpg 300w, https:\/\/h22.se\/wp-content\/uploads\/2020\/10\/Palle-bild-150x150.jpg 150w, https:\/\/h22.se\/wp-content\/uploads\/2020\/10\/Palle-bild-100x100.jpg 100w, https:\/\/h22.se\/wp-content\/uploads\/2020\/10\/Palle-bild-146x146.jpg 146w, https:\/\/h22.se\/wp-content\/uploads\/2020\/10\/Palle-bild-50x50.jpg 50w, https:\/\/h22.se\/wp-content\/uploads\/2020\/10\/Palle-bild-75x75.jpg 75w, https:\/\/h22.se\/wp-content\/uploads\/2020\/10\/Palle-bild-85x85.jpg 85w, https:\/\/h22.se\/wp-content\/uploads\/2020\/10\/Palle-bild-80x80.jpg 80w\" sizes=\"(max-width: 500px) 100vw, 500px\" \/><\/a><\/figure>\n\n\n\n<h3 class=\"tb-heading has-text-color speaker20_name\" data-toolset-blocks-heading=\"a064b45fa86470e44188b3a89cd5abad\"><a href=\"https:\/\/h22.se\/en\/speaker\/palle-lundberg\/\">Palle Lundberg<\/a><\/h3>\n\n\n\n<div class=\"tb-field speaker20-titel\" data-toolset-blocks-field=\"a5772a5c494717bd70d83c0036e0d00d\">Chief Executive of the City of Helsingborg<\/div>\n<\/div>\n\n<p>[\/vc_column_text][\/vc_column_inner][\/vc_row_inner][vc_row_inner gap=&#8221;35&#8243; el_class=&#8221;speaker20-program-row&#8221;][vc_column_inner width=&#8221;1\/2&#8243;][vc_custom_heading text=&#8221;BREAKING THE MOULD&#8221; font_container=&#8221;tag:h4|text_align:left|color:%23f7a62a|line_height:1.2&#8243; google_fonts=&#8221;font_family:Roboto%3A100%2C100italic%2C300%2C300italic%2Cregular%2Citalic%2C500%2C500italic%2C700%2C700italic%2C900%2C900italic|font_style:500%20bold%20regular%3A500%3Anormal&#8221;][vc_column_text el_class=&#8221;white-p&#8221;]<\/p>\n<p>Dagens andra talare ger nya perspektiv kring innovation.<\/p>\n<p>[\/vc_column_text][\/vc_column_inner][vc_column_inner el_class=&#8221;speaker20-program-col2&#8243; width=&#8221;1\/2&#8243; css=&#8221;.vc_custom_1602770573295{margin-bottom: 0px !important;padding-bottom: 0px !important;}&#8221;][vc_column_text css=&#8221;.vc_custom_1603995487930{margin-bottom: 0px !important;padding-bottom: 0px !important;}&#8221;]<\/p>\n\n<div class=\"wp-block-toolset-blocks-container tb-container speakers20_program_container aligncenter\" data-toolset-blocks-container=\"a4ffca6637ef621955eb4ad7fe7cee05\">\n<figure class=\"wp-block-image tb-image tb-image-dynamic speaker20-img\" data-toolset-blocks-image=\"a3ef498e9d316da08a457680106c32d4\"><a href=\"https:\/\/h22.se\/en\/speaker\/audrey-tang\/\"><img decoding=\"async\" width=\"500\" height=\"500\" loading=\"lazy\" src=\"https:\/\/h22.se\/wp-content\/uploads\/2020\/09\/au_sv.jpg\" alt=\"\" class=\"wp-image-361509\" srcset=\"https:\/\/h22.se\/wp-content\/uploads\/2020\/09\/au_sv.jpg 500w, https:\/\/h22.se\/wp-content\/uploads\/2020\/09\/au_sv-300x300.jpg 300w, https:\/\/h22.se\/wp-content\/uploads\/2020\/09\/au_sv-150x150.jpg 150w, https:\/\/h22.se\/wp-content\/uploads\/2020\/09\/au_sv-100x100.jpg 100w, https:\/\/h22.se\/wp-content\/uploads\/2020\/09\/au_sv-146x146.jpg 146w, https:\/\/h22.se\/wp-content\/uploads\/2020\/09\/au_sv-50x50.jpg 50w, https:\/\/h22.se\/wp-content\/uploads\/2020\/09\/au_sv-75x75.jpg 75w, https:\/\/h22.se\/wp-content\/uploads\/2020\/09\/au_sv-85x85.jpg 85w, https:\/\/h22.se\/wp-content\/uploads\/2020\/09\/au_sv-80x80.jpg 80w\" sizes=\"(max-width: 500px) 100vw, 500px\" \/><\/a><\/figure>\n\n\n\n<h3 class=\"tb-heading has-text-color speaker20_name\" data-toolset-blocks-heading=\"a064b45fa86470e44188b3a89cd5abad\"><a href=\"https:\/\/h22.se\/en\/speaker\/audrey-tang\/\">Audrey Tang<\/a><\/h3>\n\n\n\n<div class=\"tb-field speaker20-titel\" data-toolset-blocks-field=\"a5772a5c494717bd70d83c0036e0d00d\">TAIWAN\u2019S DIGITAL MINISTER IN CHARGE OF SOCIAL INNOVATION<\/div>\n<\/div>\n\n<p>[\/vc_column_text][\/vc_column_inner][\/vc_row_inner][vc_row_inner gap=&#8221;35&#8243; el_class=&#8221;speaker20-program-row&#8221;][vc_column_inner width=&#8221;1\/2&#8243;][vc_custom_heading text=&#8221;SPARKING CHANGE&#8221; font_container=&#8221;tag:h4|text_align:left|color:%23f7a62a|line_height:1.2&#8243; google_fonts=&#8221;font_family:Roboto%3A100%2C100italic%2C300%2C300italic%2Cregular%2Citalic%2C500%2C500italic%2C700%2C700italic%2C900%2C900italic|font_style:500%20bold%20regular%3A500%3Anormal&#8221;][vc_column_text el_class=&#8221;white-p&#8221;]<\/p>\n<p>Innovationskraften som mittpunkt av v\u00e5r tredje talare<\/p>\n<p>[\/vc_column_text][\/vc_column_inner][vc_column_inner el_class=&#8221;speaker20-program-col2&#8243; width=&#8221;1\/2&#8243; css=&#8221;.vc_custom_1602770582301{margin-bottom: 0px !important;padding-bottom: 0px !important;}&#8221;][vc_column_text css=&#8221;.vc_custom_1603182970726{margin-bottom: 0px !important;padding-bottom: 0px !important;}&#8221;]<\/p>\n\n<div class=\"wp-block-toolset-blocks-container tb-container speakers20_program_container aligncenter\" data-toolset-blocks-container=\"a4ffca6637ef621955eb4ad7fe7cee05\">\n<figure class=\"wp-block-image tb-image tb-image-dynamic speaker20-img\" data-toolset-blocks-image=\"a3ef498e9d316da08a457680106c32d4\"><a href=\"https:\/\/h22.se\/en\/speaker\/daniela-chacon-arias\/\"><img decoding=\"async\" width=\"500\" height=\"500\" loading=\"lazy\" src=\"https:\/\/h22.se\/wp-content\/uploads\/2020\/10\/daniela-chacon-arias_sv.jpg\" alt=\"\" class=\"wp-image-363434\" srcset=\"https:\/\/h22.se\/wp-content\/uploads\/2020\/10\/daniela-chacon-arias_sv.jpg 500w, https:\/\/h22.se\/wp-content\/uploads\/2020\/10\/daniela-chacon-arias_sv-300x300.jpg 300w, https:\/\/h22.se\/wp-content\/uploads\/2020\/10\/daniela-chacon-arias_sv-150x150.jpg 150w, https:\/\/h22.se\/wp-content\/uploads\/2020\/10\/daniela-chacon-arias_sv-100x100.jpg 100w, https:\/\/h22.se\/wp-content\/uploads\/2020\/10\/daniela-chacon-arias_sv-146x146.jpg 146w, https:\/\/h22.se\/wp-content\/uploads\/2020\/10\/daniela-chacon-arias_sv-50x50.jpg 50w, https:\/\/h22.se\/wp-content\/uploads\/2020\/10\/daniela-chacon-arias_sv-75x75.jpg 75w, https:\/\/h22.se\/wp-content\/uploads\/2020\/10\/daniela-chacon-arias_sv-85x85.jpg 85w, https:\/\/h22.se\/wp-content\/uploads\/2020\/10\/daniela-chacon-arias_sv-80x80.jpg 80w\" sizes=\"(max-width: 500px) 100vw, 500px\" \/><\/a><\/figure>\n\n\n\n<h3 class=\"tb-heading has-text-color speaker20_name\" data-toolset-blocks-heading=\"a064b45fa86470e44188b3a89cd5abad\"><a href=\"https:\/\/h22.se\/en\/speaker\/daniela-chacon-arias\/\">Daniela Chac\u00f3n Arias<\/a><\/h3>\n\n\n\n<div class=\"tb-field speaker20-titel\" data-toolset-blocks-field=\"a5772a5c494717bd70d83c0036e0d00d\">Executive Director of TANDEM Foundation<\/div>\n<\/div>\n\n<p>[\/vc_column_text][\/vc_column_inner][\/vc_row_inner][vc_row_inner gap=&#8221;35&#8243; el_class=&#8221;speaker20-program-row citytalks-row&#8221;][vc_column_inner width=&#8221;1\/2&#8243;][vc_custom_heading text=&#8221;CITY TALKS&#8221; font_container=&#8221;tag:h4|text_align:left|color:%23f7a62a|line_height:1.2&#8243; google_fonts=&#8221;font_family:Roboto%3A100%2C100italic%2C300%2C300italic%2Cregular%2Citalic%2C500%2C500italic%2C700%2C700italic%2C900%2C900italic|font_style:500%20bold%20regular%3A500%3Anormal&#8221;][vc_column_text el_class=&#8221;white-p&#8221;]<\/p>\n<p>V\u00e4lkommen till ett dynamiskt panelsamtal d\u00e4r f\u00f6r\u00e4ndringsledare fr\u00e5n hela v\u00e4rlden diskuterar innovation och st\u00e4dernas f\u00f6r\u00e4ndrade roll.<\/p>\n<p>[\/vc_column_text][vc_custom_heading text=&#8221;<strong>Smarta s\u00e4tt att skapa v\u00e4lm\u00e5ende och gl\u00e4dje i staden<\/strong>&#8221; font_container=&#8221;tag:h5|text_align:left|color:%23ffffff|line_height:1.2&#8243; use_theme_fonts=&#8221;yes&#8221; link=&#8221;url:https%3A%2F%2Fh22.se%2Fen%2Fsummit%2Fsmart-ways-to-create-positivity-in-the-city%2F|&#8221;][vc_column_text el_class=&#8221;white-p&#8221;]<\/p>\n<p>Hur kan vi bygga och designa st\u00e4der som f\u00e5r m\u00e4nniskorna som bor och verkar d\u00e4r att k\u00e4nna gl\u00e4dje och i stort f\u00e5 en positiv k\u00e4nsla i sin stad?<\/p>\n<p>[\/vc_column_text][vc_btn title=&#8221;Read more&#8221; style=&#8221;outline-custom&#8221; outline_custom_color=&#8221;#ffffff&#8221; outline_custom_hover_background=&#8221;#ffffff&#8221; outline_custom_hover_text=&#8221;#000000&#8243; size=&#8221;sm&#8221; align=&#8221;left&#8221; link=&#8221;url:https%3A%2F%2Fh22.se%2Fen%2Fsummit%2Fsmart-ways-to-create-positivity-in-the-city%2F|title:How%20we%20build%20good%20feelings|&#8221;][\/vc_column_inner][vc_column_inner el_class=&#8221;speaker20-program-citytalk-col2&#8243; width=&#8221;1\/2&#8243; css=&#8221;.vc_custom_1602770604843{margin-bottom: 0px !important;padding-bottom: 0px !important;}&#8221;][vc_column_text css=&#8221;.vc_custom_1602848455299{margin-bottom: 0px !important;padding-bottom: 0px !important;}&#8221;]<\/p>\n\n<div class=\"wp-block-group is-layout-flow\"><div class=\"wp-block-group__inner-container\"><\/div><\/div>\n\n\n<div class=\"wpv-view-output\" data-toolset-views-view-editor=\"beb87340d30db34d3bdfea67ca155cd8\"><div class=\"wp-block-toolset-views-view-editor\">\n<div class=\"wp-block-toolset-views-custom-search-container\">  <\/div>\n  <div id=\"wpv-view-layout-362368\" class=\"js-wpv-view-layout js-wpv-layout-responsive js-wpv-view-layout-362368\" data-viewnumber=\"362368\" data-pagination=\"{&quot;id&quot;:362368,&quot;query&quot;:&quot;normal&quot;,&quot;type&quot;:&quot;disabled&quot;,&quot;effect&quot;:&quot;fade&quot;,&quot;duration&quot;:500,&quot;speed&quot;:5,&quot;pause_on_hover&quot;:&quot;disabled&quot;,&quot;stop_rollover&quot;:&quot;false&quot;,&quot;cache_pages&quot;:&quot;enabled&quot;,&quot;preload_images&quot;:&quot;enabled&quot;,&quot;preload_pages&quot;:&quot;enabled&quot;,&quot;preload_reach&quot;:1,&quot;spinner&quot;:&quot;builtin&quot;,&quot;spinner_image&quot;:&quot;https:\/\/h22.se\/wp-content\/plugins\/toolset-blocks\/embedded\/res\/img\/ajax-loader.gif&quot;,&quot;callback_next&quot;:&quot;&quot;,&quot;manage_history&quot;:&quot;enabled&quot;,&quot;has_controls_in_form&quot;:&quot;disabled&quot;,&quot;infinite_tolerance&quot;:&quot;0&quot;,&quot;max_pages&quot;:0,&quot;page&quot;:1,&quot;base_permalink&quot;:&quot;\/en\/wp-json\/wp\/v2\/pages\/363444?wpv_view_count=362368&amp;wpv_paged=WPV_PAGE_NUM&quot;,&quot;loop&quot;:{&quot;type&quot;:&quot;&quot;,&quot;name&quot;:&quot;&quot;,&quot;data&quot;:[],&quot;id&quot;:0}}\" data-permalink=\"\/en\/wp-json\/wp\/v2\/pages\/363444?wpv_view_count=362368\">\n<div class=\"js-wpv-loop-wrapper\"><div class=\"tb-grid\"><div class=\"tb-grid-column\">\n<div class=\"wp-block-toolset-views-view-template-block wpv-block-loop-item php-to-be-replaced-with-shortcode talare-loop\" data-toolset-views-view-template-block=\"8d501434a33d17b3cc5c46b0c9924847\">\n<div class=\"wp-block-toolset-blocks-container tb-container aligncenter\" data-toolset-blocks-container=\"b4008e9d18e21bf57957dcca97529f54\">\n<figure class=\"wp-block-image tb-image tb-image-dynamic speaker20-img\" data-toolset-blocks-image=\"44d86a25a06b4d0d91930fbe3445e1c0\"><a href=\"https:\/\/h22.se\/en\/speaker\/ethan-kent\/\"><img decoding=\"async\" width=\"300\" height=\"300\" loading=\"lazy\" src=\"https:\/\/h22.se\/wp-content\/uploads\/2020\/10\/Ethan-Kent-Headshot-2020_sv2-300x300.jpg\" alt=\"\" class=\"wp-image-361746\" srcset=\"https:\/\/h22.se\/wp-content\/uploads\/2020\/10\/Ethan-Kent-Headshot-2020_sv2-300x300.jpg 300w, https:\/\/h22.se\/wp-content\/uploads\/2020\/10\/Ethan-Kent-Headshot-2020_sv2-150x150.jpg 150w, https:\/\/h22.se\/wp-content\/uploads\/2020\/10\/Ethan-Kent-Headshot-2020_sv2-100x100.jpg 100w, https:\/\/h22.se\/wp-content\/uploads\/2020\/10\/Ethan-Kent-Headshot-2020_sv2-146x146.jpg 146w, https:\/\/h22.se\/wp-content\/uploads\/2020\/10\/Ethan-Kent-Headshot-2020_sv2-50x50.jpg 50w, https:\/\/h22.se\/wp-content\/uploads\/2020\/10\/Ethan-Kent-Headshot-2020_sv2-75x75.jpg 75w, https:\/\/h22.se\/wp-content\/uploads\/2020\/10\/Ethan-Kent-Headshot-2020_sv2-85x85.jpg 85w, https:\/\/h22.se\/wp-content\/uploads\/2020\/10\/Ethan-Kent-Headshot-2020_sv2-80x80.jpg 80w, https:\/\/h22.se\/wp-content\/uploads\/2020\/10\/Ethan-Kent-Headshot-2020_sv2.jpg 500w\" sizes=\"(max-width: 300px) 100vw, 300px\" \/><\/a><\/figure>\n<\/div>\n\n\n\n<div class=\"wp-block-toolset-blocks-container tb-container\" data-toolset-blocks-container=\"07122d52349226c11522716acf12c70a\">\n<h2 class=\"tb-heading has-text-color speaker20_name\" data-toolset-blocks-heading=\"6f096ecda94a015dbee1c0de7bf78a4e\"><a href=\"https:\/\/h22.se\/en\/speaker\/ethan-kent\/\">Ethan Kent<\/a><\/h2>\n\n\n\n<h4 class=\"tb-heading speaker20_titel\" data-toolset-blocks-heading=\"dbf13b602c2eaed567fd9488a770879d\">Executive Director, PlacemakingX<\/h4>\n\n\n\n<div class=\"tb-field speaker20_exerpt\" data-toolset-blocks-field=\"b6544701cd23f3061166445f19031368\">With the goal of building a global placemaking movement, Ethan Kent is accelerating placemaking leadership and impact through targeted support for public space organisations and projects. Ethan is joining one of our panel talks to discuss a smarter city governance that uses the potential and inspiration of local communities to create positive public spaces.<\/div>\n<\/div>\n\n\n\n<div class=\"wp-block-toolset-blocks-container tb-container\" data-toolset-blocks-container=\"adeb8970d6a3ef17aec904cdb8604fc0\"><\/div>\n<\/div>\n<\/div><div class=\"tb-grid-column\">\n<div class=\"wp-block-toolset-views-view-template-block wpv-block-loop-item php-to-be-replaced-with-shortcode talare-loop\" data-toolset-views-view-template-block=\"8d501434a33d17b3cc5c46b0c9924847\">\n<div class=\"wp-block-toolset-blocks-container tb-container aligncenter\" data-toolset-blocks-container=\"b4008e9d18e21bf57957dcca97529f54\">\n<figure class=\"wp-block-image tb-image tb-image-dynamic speaker20-img\" data-toolset-blocks-image=\"44d86a25a06b4d0d91930fbe3445e1c0\"><a href=\"https:\/\/h22.se\/en\/speaker\/jonna-myrebris\/\"><img decoding=\"async\" width=\"300\" height=\"300\" loading=\"lazy\" src=\"https:\/\/h22.se\/wp-content\/uploads\/2020\/10\/Jonna_sv-300x300.jpg\" alt=\"\" class=\"wp-image-361894\" srcset=\"https:\/\/h22.se\/wp-content\/uploads\/2020\/10\/Jonna_sv-300x300.jpg 300w, https:\/\/h22.se\/wp-content\/uploads\/2020\/10\/Jonna_sv-150x150.jpg 150w, https:\/\/h22.se\/wp-content\/uploads\/2020\/10\/Jonna_sv-100x100.jpg 100w, https:\/\/h22.se\/wp-content\/uploads\/2020\/10\/Jonna_sv-146x146.jpg 146w, https:\/\/h22.se\/wp-content\/uploads\/2020\/10\/Jonna_sv-50x50.jpg 50w, https:\/\/h22.se\/wp-content\/uploads\/2020\/10\/Jonna_sv-75x75.jpg 75w, https:\/\/h22.se\/wp-content\/uploads\/2020\/10\/Jonna_sv-85x85.jpg 85w, https:\/\/h22.se\/wp-content\/uploads\/2020\/10\/Jonna_sv-80x80.jpg 80w, https:\/\/h22.se\/wp-content\/uploads\/2020\/10\/Jonna_sv.jpg 500w\" sizes=\"(max-width: 300px) 100vw, 300px\" \/><\/a><\/figure>\n<\/div>\n\n\n\n<div class=\"wp-block-toolset-blocks-container tb-container\" data-toolset-blocks-container=\"07122d52349226c11522716acf12c70a\">\n<h2 class=\"tb-heading has-text-color speaker20_name\" data-toolset-blocks-heading=\"6f096ecda94a015dbee1c0de7bf78a4e\"><a href=\"https:\/\/h22.se\/en\/speaker\/jonna-myrebris\/\">Jonna Myrebris<\/a><\/h2>\n\n\n\n<h4 class=\"tb-heading speaker20_titel\" data-toolset-blocks-heading=\"dbf13b602c2eaed567fd9488a770879d\">Deputy Chief Executive of the City of Helsingborg<\/h4>\n\n\n\n<div class=\"tb-field speaker20_exerpt\" data-toolset-blocks-field=\"b6544701cd23f3061166445f19031368\">Having worked with both education and overseeing city property management, Jonna is now applying her expertise in city-wide issues that involve a wide range of stakeholders. She will be taking part in a summit panel and discussing public needs and co-creation in the smart design of public space.<\/div>\n<\/div>\n\n\n\n<div class=\"wp-block-toolset-blocks-container tb-container\" data-toolset-blocks-container=\"adeb8970d6a3ef17aec904cdb8604fc0\"><\/div>\n<\/div>\n<\/div><div class=\"tb-grid-column\">\n<div class=\"wp-block-toolset-views-view-template-block wpv-block-loop-item php-to-be-replaced-with-shortcode talare-loop\" data-toolset-views-view-template-block=\"8d501434a33d17b3cc5c46b0c9924847\">\n<div class=\"wp-block-toolset-blocks-container tb-container aligncenter\" data-toolset-blocks-container=\"b4008e9d18e21bf57957dcca97529f54\">\n<figure class=\"wp-block-image tb-image tb-image-dynamic speaker20-img\" data-toolset-blocks-image=\"44d86a25a06b4d0d91930fbe3445e1c0\"><a href=\"https:\/\/h22.se\/en\/speaker\/susanne-seitinger\/\"><img decoding=\"async\" width=\"300\" height=\"300\" loading=\"lazy\" src=\"https:\/\/h22.se\/wp-content\/uploads\/2020\/10\/Susanne-Seitinger_sv-300x300.jpg\" alt=\"\" class=\"wp-image-362539\" srcset=\"https:\/\/h22.se\/wp-content\/uploads\/2020\/10\/Susanne-Seitinger_sv-300x300.jpg 300w, https:\/\/h22.se\/wp-content\/uploads\/2020\/10\/Susanne-Seitinger_sv-150x150.jpg 150w, https:\/\/h22.se\/wp-content\/uploads\/2020\/10\/Susanne-Seitinger_sv-100x100.jpg 100w, https:\/\/h22.se\/wp-content\/uploads\/2020\/10\/Susanne-Seitinger_sv-146x146.jpg 146w, https:\/\/h22.se\/wp-content\/uploads\/2020\/10\/Susanne-Seitinger_sv-50x50.jpg 50w, https:\/\/h22.se\/wp-content\/uploads\/2020\/10\/Susanne-Seitinger_sv-75x75.jpg 75w, https:\/\/h22.se\/wp-content\/uploads\/2020\/10\/Susanne-Seitinger_sv-85x85.jpg 85w, https:\/\/h22.se\/wp-content\/uploads\/2020\/10\/Susanne-Seitinger_sv-80x80.jpg 80w, https:\/\/h22.se\/wp-content\/uploads\/2020\/10\/Susanne-Seitinger_sv.jpg 450w\" sizes=\"(max-width: 300px) 100vw, 300px\" \/><\/a><\/figure>\n<\/div>\n\n\n\n<div class=\"wp-block-toolset-blocks-container tb-container\" data-toolset-blocks-container=\"07122d52349226c11522716acf12c70a\">\n<h2 class=\"tb-heading has-text-color speaker20_name\" data-toolset-blocks-heading=\"6f096ecda94a015dbee1c0de7bf78a4e\"><a href=\"https:\/\/h22.se\/en\/speaker\/susanne-seitinger\/\">Susanne Seitinger<\/a><\/h2>\n\n\n\n<h4 class=\"tb-heading speaker20_titel\" data-toolset-blocks-heading=\"dbf13b602c2eaed567fd9488a770879d\">SLED and Smart Communities Marketing Lead at Verizon<\/h4>\n\n\n\n<div class=\"tb-field speaker20_exerpt\" data-toolset-blocks-field=\"b6544701cd23f3061166445f19031368\">Together with an outstanding marketing team, Susanne works to help civic leaders solve key city challenges across transportation, public safety, and infrastructure. Joining us on one of our panel talks, Susanne will address how to build smart cities that inspire positivity and urban elements that make a real difference in the lives of residents.<\/div>\n<\/div>\n\n\n\n<div class=\"wp-block-toolset-blocks-container tb-container\" data-toolset-blocks-container=\"adeb8970d6a3ef17aec904cdb8604fc0\"><\/div>\n<\/div>\n<\/div><\/div><\/div>\n\n\n<p><\/p>\n<\/div><\/div><\/div>\n<p>[\/vc_column_text][\/vc_column_inner][\/vc_row_inner][\/vc_tta_section][\/vc_tta_accordion][\/vc_column][\/vc_row][vc_row][vc_column][vc_column_text el_class=&#8221;white-p&#8221;]<\/p>\n<p style=\"text-align: center;\">Reservation f\u00f6r \u00e4ndring i programmet<\/p>\n<p>[\/vc_column_text][\/vc_column][\/vc_row][\/vc_section]<\/p>\n","protected":false},"excerpt":{"rendered":"<p>[vc_section css=&#8221;.vc_custom_1602754540085{margin-top: 100px !important;}&#8221;][vc_row css=&#8221;.vc_custom_1602852746147{margin-bottom: 20px !important;}&#8221;][vc_column][vc_custom_heading text=&#8221;H22 SUMMIT PROGRAM&#8221; font_container=&#8221;tag:h2|text_align:center|color:%23ffffff&#8221; use_theme_fonts=&#8221;yes&#8221; el_class=&#8221;titelborderwhite_center&#8221;][vc_column_text el_class=&#8221;white-p&#8221;] Varje morgon den 2-6 november sl\u00e4pper vi dagens program som inneh\u00e5ller alla<span class=\"excerpt-hellip\"> [\u2026]<\/span><\/p>\n","protected":false},"author":1,"featured_media":0,"parent":360061,"menu_order":0,"comment_status":"closed","ping_status":"closed","template":"","meta":{"inline_featured_image":false},"page-tag":[],"connect-tag":[],"yoast_head":"<!-- This site is optimized with the Yoast SEO plugin v21.5 - https:\/\/yoast.com\/wordpress\/plugins\/seo\/ -->\n<title>Programme - H22<\/title>\n<meta name=\"robots\" content=\"noindex, nofollow\" \/>\n<meta property=\"og:locale\" content=\"en_US\" \/>\n<meta property=\"og:type\" content=\"article\" \/>\n<meta property=\"og:title\" content=\"Programme - H22\" \/>\n<meta property=\"og:description\" content=\"[vc_section css=&#8221;.vc_custom_1602754540085{margin-top: 100px !important;}&#8221;][vc_row css=&#8221;.vc_custom_1602852746147{margin-bottom: 20px !important;}&#8221;][vc_column][vc_custom_heading text=&#8221;H22 SUMMIT PROGRAM&#8221; font_container=&#8221;tag:h2|text_align:center|color:%23ffffff&#8221; use_theme_fonts=&#8221;yes&#8221; el_class=&#8221;titelborderwhite_center&#8221;][vc_column_text el_class=&#8221;white-p&#8221;] Varje morgon den 2-6 november sl\u00e4pper vi dagens program som inneh\u00e5ller alla [\u2026]\" \/>\n<meta property=\"og:url\" content=\"https:\/\/h22.se\/en\/summit\/programme\/\" \/>\n<meta property=\"og:site_name\" content=\"H22\" \/>\n<meta property=\"article:modified_time\" content=\"2021-01-27T15:39:32+00:00\" \/>\n<meta property=\"og:image\" content=\"https:\/\/h22.se\/wp-content\/uploads\/2020\/05\/H22_Maj_2020.jpg\" \/>\n\t<meta property=\"og:image:width\" content=\"1920\" \/>\n\t<meta property=\"og:image:height\" content=\"1080\" \/>\n\t<meta property=\"og:image:type\" content=\"image\/jpeg\" \/>\n<meta name=\"twitter:card\" content=\"summary_large_image\" \/>\n<meta name=\"twitter:label1\" content=\"Est. reading time\" \/>\n\t<meta name=\"twitter:data1\" content=\"20 minutes\" \/>\n<script type=\"application\/ld+json\" class=\"yoast-schema-graph\">{\"@context\":\"https:\/\/schema.org\",\"@graph\":[{\"@type\":\"WebPage\",\"@id\":\"https:\/\/h22.se\/en\/summit\/programme\/\",\"url\":\"https:\/\/h22.se\/en\/summit\/programme\/\",\"name\":\"Programme - H22\",\"isPartOf\":{\"@id\":\"https:\/\/h22.se\/en\/#website\"},\"datePublished\":\"2020-10-15T11:41:07+00:00\",\"dateModified\":\"2021-01-27T15:39:32+00:00\",\"breadcrumb\":{\"@id\":\"https:\/\/h22.se\/en\/summit\/programme\/#breadcrumb\"},\"inLanguage\":\"en-US\",\"potentialAction\":[{\"@type\":\"ReadAction\",\"target\":[\"https:\/\/h22.se\/en\/summit\/programme\/\"]}]},{\"@type\":\"BreadcrumbList\",\"@id\":\"https:\/\/h22.se\/en\/summit\/programme\/#breadcrumb\",\"itemListElement\":[{\"@type\":\"ListItem\",\"position\":1,\"name\":\"Hem\",\"item\":\"https:\/\/h22.se\/en\/\"},{\"@type\":\"ListItem\",\"position\":2,\"name\":\"Summit 2020\",\"item\":\"https:\/\/h22.se\/en\/summit\/\"},{\"@type\":\"ListItem\",\"position\":3,\"name\":\"Programme\"}]},{\"@type\":\"WebSite\",\"@id\":\"https:\/\/h22.se\/en\/#website\",\"url\":\"https:\/\/h22.se\/en\/\",\"name\":\"H22\",\"description\":\"The making of a smarter city\",\"publisher\":{\"@id\":\"https:\/\/h22.se\/en\/#organization\"},\"potentialAction\":[{\"@type\":\"SearchAction\",\"target\":{\"@type\":\"EntryPoint\",\"urlTemplate\":\"https:\/\/h22.se\/en\/?s={search_term_string}\"},\"query-input\":\"required name=search_term_string\"}],\"inLanguage\":\"en-US\"},{\"@type\":\"Organization\",\"@id\":\"https:\/\/h22.se\/en\/#organization\",\"name\":\"H22 | The making of a smarter city\",\"url\":\"https:\/\/h22.se\/en\/\",\"logo\":{\"@type\":\"ImageObject\",\"inLanguage\":\"en-US\",\"@id\":\"https:\/\/h22.se\/en\/#\/schema\/logo\/image\/\",\"url\":\"https:\/\/h22.se\/wp-content\/uploads\/2020\/06\/h22-logo.png\",\"contentUrl\":\"https:\/\/h22.se\/wp-content\/uploads\/2020\/06\/h22-logo.png\",\"width\":313,\"height\":165,\"caption\":\"H22 | The making of a smarter city\"},\"image\":{\"@id\":\"https:\/\/h22.se\/en\/#\/schema\/logo\/image\/\"}}]}<\/script>\n<!-- \/ Yoast SEO plugin. -->","yoast_head_json":{"title":"Programme - H22","robots":{"index":"noindex","follow":"nofollow"},"og_locale":"en_US","og_type":"article","og_title":"Programme - H22","og_description":"[vc_section css=&#8221;.vc_custom_1602754540085{margin-top: 100px !important;}&#8221;][vc_row css=&#8221;.vc_custom_1602852746147{margin-bottom: 20px !important;}&#8221;][vc_column][vc_custom_heading text=&#8221;H22 SUMMIT PROGRAM&#8221; font_container=&#8221;tag:h2|text_align:center|color:%23ffffff&#8221; use_theme_fonts=&#8221;yes&#8221; el_class=&#8221;titelborderwhite_center&#8221;][vc_column_text el_class=&#8221;white-p&#8221;] Varje morgon den 2-6 november sl\u00e4pper vi dagens program som inneh\u00e5ller alla [\u2026]","og_url":"https:\/\/h22.se\/en\/summit\/programme\/","og_site_name":"H22","article_modified_time":"2021-01-27T15:39:32+00:00","og_image":[{"width":1920,"height":1080,"url":"https:\/\/h22.se\/wp-content\/uploads\/2020\/05\/H22_Maj_2020.jpg","type":"image\/jpeg"}],"twitter_card":"summary_large_image","twitter_misc":{"Est. reading time":"20 minutes"},"schema":{"@context":"https:\/\/schema.org","@graph":[{"@type":"WebPage","@id":"https:\/\/h22.se\/en\/summit\/programme\/","url":"https:\/\/h22.se\/en\/summit\/programme\/","name":"Programme - H22","isPartOf":{"@id":"https:\/\/h22.se\/en\/#website"},"datePublished":"2020-10-15T11:41:07+00:00","dateModified":"2021-01-27T15:39:32+00:00","breadcrumb":{"@id":"https:\/\/h22.se\/en\/summit\/programme\/#breadcrumb"},"inLanguage":"en-US","potentialAction":[{"@type":"ReadAction","target":["https:\/\/h22.se\/en\/summit\/programme\/"]}]},{"@type":"BreadcrumbList","@id":"https:\/\/h22.se\/en\/summit\/programme\/#breadcrumb","itemListElement":[{"@type":"ListItem","position":1,"name":"Hem","item":"https:\/\/h22.se\/en\/"},{"@type":"ListItem","position":2,"name":"Summit 2020","item":"https:\/\/h22.se\/en\/summit\/"},{"@type":"ListItem","position":3,"name":"Programme"}]},{"@type":"WebSite","@id":"https:\/\/h22.se\/en\/#website","url":"https:\/\/h22.se\/en\/","name":"H22","description":"The making of a smarter city","publisher":{"@id":"https:\/\/h22.se\/en\/#organization"},"potentialAction":[{"@type":"SearchAction","target":{"@type":"EntryPoint","urlTemplate":"https:\/\/h22.se\/en\/?s={search_term_string}"},"query-input":"required name=search_term_string"}],"inLanguage":"en-US"},{"@type":"Organization","@id":"https:\/\/h22.se\/en\/#organization","name":"H22 | The making of a smarter city","url":"https:\/\/h22.se\/en\/","logo":{"@type":"ImageObject","inLanguage":"en-US","@id":"https:\/\/h22.se\/en\/#\/schema\/logo\/image\/","url":"https:\/\/h22.se\/wp-content\/uploads\/2020\/06\/h22-logo.png","contentUrl":"https:\/\/h22.se\/wp-content\/uploads\/2020\/06\/h22-logo.png","width":313,"height":165,"caption":"H22 | The making of a smarter city"},"image":{"@id":"https:\/\/h22.se\/en\/#\/schema\/logo\/image\/"}}]}},"publishpress_future_action":{"enabled":false,"date":"2026-05-06 07:58:20","action":"change-status","newStatus":"draft","terms":[],"taxonomy":"translation_priority"},"publishpress_future_workflow_manual_trigger":{"enabledWorkflows":[]},"_links":{"self":[{"href":"https:\/\/h22.se\/en\/wp-json\/wp\/v2\/pages\/363444"}],"collection":[{"href":"https:\/\/h22.se\/en\/wp-json\/wp\/v2\/pages"}],"about":[{"href":"https:\/\/h22.se\/en\/wp-json\/wp\/v2\/types\/page"}],"author":[{"embeddable":true,"href":"https:\/\/h22.se\/en\/wp-json\/wp\/v2\/users\/1"}],"replies":[{"embeddable":true,"href":"https:\/\/h22.se\/en\/wp-json\/wp\/v2\/comments?post=363444"}],"version-history":[{"count":25,"href":"https:\/\/h22.se\/en\/wp-json\/wp\/v2\/pages\/363444\/revisions"}],"predecessor-version":[{"id":370742,"href":"https:\/\/h22.se\/en\/wp-json\/wp\/v2\/pages\/363444\/revisions\/370742"}],"up":[{"embeddable":true,"href":"https:\/\/h22.se\/en\/wp-json\/wp\/v2\/pages\/360061"}],"wp:attachment":[{"href":"https:\/\/h22.se\/en\/wp-json\/wp\/v2\/media?parent=363444"}],"wp:term":[{"taxonomy":"page-tag","embeddable":true,"href":"https:\/\/h22.se\/en\/wp-json\/wp\/v2\/page-tag?post=363444"},{"taxonomy":"connect-tag","embeddable":true,"href":"https:\/\/h22.se\/en\/wp-json\/wp\/v2\/connect-tag?post=363444"}],"curies":[{"name":"wp","href":"https:\/\/api.w.org\/{rel}","templated":true}]}}