
{"id":362618,"date":"2020-10-13T10:14:14","date_gmt":"2020-10-13T08:14:14","guid":{"rendered":"https:\/\/h22.se\/summit\/the-role-of-cities-in-pushing-the-eu-innovation-agenda\/"},"modified":"2021-01-27T16:39:35","modified_gmt":"2021-01-27T15:39:35","slug":"cities-as-innovation-drivers-for-a-smarter-sustainable-europe","status":"publish","type":"page","link":"https:\/\/h22.se\/en\/summit\/cities-as-innovation-drivers-for-a-smarter-sustainable-europe\/","title":{"rendered":"Cities as innovation drivers for a smarter, sustainable Europe"},"content":{"rendered":"<p>[vc_section full_width=&#8221;stretch_row&#8221; text_color=&#8221;white&#8221; min_height=&#8221;60vh&#8221; content_alignment=&#8221;center&#8221; bg_image=&#8221;13815&#8243; bg_size=&#8221;cover&#8221; bg_pos=&#8221;bottom&#8221; el_class=&#8221;min-height-40vh&#8221; css=&#8221;.vc_custom_1601548531162{background-position: center !important;background-repeat: no-repeat !important;background-size: cover !important;}&#8221;][vc_row][vc_column]\n\t\t\t<!-- START SUMMIT _ Talareheader REVOLUTION SLIDER 6.6.8 --><p class=\"rs-p-wp-fix\"><\/p>\n\t\t\t<rs-module-wrap id=\"rev_slider_17_1_wrapper\" data-source=\"gallery\" style=\"visibility:hidden;background:transparent;padding:0;margin:0px auto;margin-top:0;margin-bottom:0;\">\n\t\t\t\t<rs-module id=\"rev_slider_17_1\" style=\"\" data-version=\"6.6.8\">\n\t\t\t\t\t<rs-slides style=\"overflow: hidden; position: absolute;\">\n\t\t\t\t\t\t<rs-slide style=\"position: absolute;\" data-key=\"rs-27\" data-title=\"Slide\" data-anim=\"ms:600;r:0;\" data-in=\"o:0;\" data-out=\"a:false;\">\n\t\t\t\t\t\t\t<img src=\"\/\/h22.se\/wp-content\/plugins\/revslider\/public\/assets\/assets\/dummy.png\" alt=\"Slide\" title=\"header_summit2020_platta\" width=\"4001\" height=\"2396\" class=\"rev-slidebg tp-rs-img rs-lazyload\" data-lazyload=\"\/\/h22.se\/wp-content\/plugins\/revslider\/public\/assets\/assets\/transparent.png\" data-no-retina>\n<!--\n\t\t\t\t\t\t\t--><rs-layer\n\t\t\t\t\t\t\t\tid=\"slider-17-slide-27-layer-0\" \n\t\t\t\t\t\t\t\tdata-type=\"text\"\n\t\t\t\t\t\t\t\tdata-rsp_ch=\"on\"\n\t\t\t\t\t\t\t\tdata-xy=\"xo:67px,35px,26px,46px;yo:84px,44px,33px,44px;\"\n\t\t\t\t\t\t\t\tdata-text=\"w:normal;s:63,33,39,29;l:70,37,45,35;fw:300;\"\n\t\t\t\t\t\t\t\tdata-frame_999=\"o:0;st:w;\"\n\t\t\t\t\t\t\t\tstyle=\"z-index:10;font-family:'Roboto';\"\n\t\t\t\t\t\t\t>H22 SUMMIT<br \/>\n<strong>A SPRINGBOARD FOR<br \/>\nINNOVATION!<\/strong> \n\t\t\t\t\t\t\t<\/rs-layer><!--\n\n\t\t\t\t\t\t\t--><rs-layer\n\t\t\t\t\t\t\t\tid=\"slider-17-slide-27-layer-2\" \n\t\t\t\t\t\t\t\tdata-type=\"text\"\n\t\t\t\t\t\t\t\tdata-rsp_ch=\"on\"\n\t\t\t\t\t\t\t\tdata-xy=\"xo:60px,32px,408px,245px;yo:376px,200px,585px,398px;\"\n\t\t\t\t\t\t\t\tdata-text=\"w:normal;s:46,24,35,20;l:46,24,38,22;fw:300;\"\n\t\t\t\t\t\t\t\tdata-dim=\"w:auto,auto,auto,205px;\"\n\t\t\t\t\t\t\t\tdata-frame_999=\"o:0;st:w;\"\n\t\t\t\t\t\t\t\tstyle=\"z-index:9;font-family:'Roboto';\"\n\t\t\t\t\t\t\t>DIGITAL EVENT<br \/>\n<strong style=\"color:#f7a62a\">2-6 NOVEMBER 2020<\/strong><br \/>\n \n\t\t\t\t\t\t\t<\/rs-layer><!--\n\n\t\t\t\t\t\t\t--><rs-layer\n\t\t\t\t\t\t\t\tid=\"slider-17-slide-27-layer-3\" \n\t\t\t\t\t\t\t\tdata-type=\"text\"\n\t\t\t\t\t\t\t\tdata-rsp_ch=\"on\"\n\t\t\t\t\t\t\t\tdata-xy=\"xo:63px,33px,411px,243px;yo:480px,256px,668px,446px;\"\n\t\t\t\t\t\t\t\tdata-text=\"w:normal;s:35,18,23,13;l:29,15,29,16;fw:300;\"\n\t\t\t\t\t\t\t\tdata-dim=\"w:auto,auto,auto,163px;\"\n\t\t\t\t\t\t\t\tdata-frame_999=\"o:0;st:w;\"\n\t\t\t\t\t\t\t\tstyle=\"z-index:11;font-family:'Roboto';\"\n\t\t\t\t\t\t\t>HELSINGBORG\/SWEDEN \n\t\t\t\t\t\t\t<\/rs-layer><!--\n\n\t\t\t\t\t\t\t--><rs-layer\n\t\t\t\t\t\t\t\tid=\"slider-17-slide-27-layer-5\" \n\t\t\t\t\t\t\t\tdata-type=\"image\"\n\t\t\t\t\t\t\t\tdata-rsp_ch=\"on\"\n\t\t\t\t\t\t\t\tdata-xy=\"xo:808px,430px,-36px,51px;yo:-47px,-25px,7px,90px;\"\n\t\t\t\t\t\t\t\tdata-text=\"w:normal;s:20,10,7,4;l:0,13,9,6;\"\n\t\t\t\t\t\t\t\tdata-dim=\"w:967px,515px,850px,419px;h:792px,422px,696px,343px;\"\n\t\t\t\t\t\t\t\tdata-frame_999=\"o:0;st:w;\"\n\t\t\t\t\t\t\t\tstyle=\"z-index:8;\"\n\t\t\t\t\t\t\t><img src=\"\/\/h22.se\/wp-content\/plugins\/revslider\/public\/assets\/assets\/dummy.png\" alt=\"\" class=\"tp-rs-img rs-lazyload\" width=\"2806\" height=\"2298\" data-lazyload=\"\/\/h22.se\/wp-content\/uploads\/2020\/09\/summit_header_tra_man.png\" data-no-retina> \n\t\t\t\t\t\t\t<\/rs-layer><!--\n\n\t\t\t\t\t\t\t--><rs-layer\n\t\t\t\t\t\t\t\tid=\"slider-17-slide-27-layer-6\" \n\t\t\t\t\t\t\t\tdata-type=\"shape\"\n\t\t\t\t\t\t\t\tdata-rsp_ch=\"on\"\n\t\t\t\t\t\t\t\tdata-xy=\"xo:68px,36px,29px,46px;yo:305px,162px,206px,154px;\"\n\t\t\t\t\t\t\t\tdata-text=\"w:normal;s:20,10,7,4;l:0,13,9,6;\"\n\t\t\t\t\t\t\t\tdata-dim=\"w:180px,96px,90px,70px;h:10px,5px,8px,5px;\"\n\t\t\t\t\t\t\t\tdata-frame_999=\"o:0;st:w;\"\n\t\t\t\t\t\t\t\tstyle=\"z-index:13;background-color:#ffffff;\"\n\t\t\t\t\t\t\t> \n\t\t\t\t\t\t\t<\/rs-layer><!--\n-->\t\t\t\t\t\t<\/rs-slide>\n\t\t\t\t\t<\/rs-slides>\n\t\t\t\t<\/rs-module>\n\t\t\t\t<script>\n\t\t\t\t\tsetREVStartSize({c: 'rev_slider_17_1',rl:[1240,1024,778,480],el:[600,768,960,480],gw:[1920,1024,778,480],gh:[600,768,960,480],type:'hero',justify:'',layout:'fullwidth',mh:\"0\"});if (window.RS_MODULES!==undefined && window.RS_MODULES.modules!==undefined && window.RS_MODULES.modules[\"revslider171\"]!==undefined) {window.RS_MODULES.modules[\"revslider171\"].once = false;window.revapi17 = undefined;if (window.RS_MODULES.checkMinimal!==undefined) window.RS_MODULES.checkMinimal()}\n\t\t\t\t<\/script>\n\t\t\t<\/rs-module-wrap>\n\t\t\t<!-- END REVOLUTION SLIDER -->\n[\/vc_column][\/vc_row][\/vc_section][vc_section el_class=&#8221;pressarchive-section&#8221; css=&#8221;.vc_custom_1602586593758{margin-top: 100px !important;margin-bottom: 30px !important;}&#8221;][vc_row gap=&#8221;35&#8243;][vc_column el_class=&#8221;projects-left-col&#8221;][vc_custom_heading source=&#8221;post_title&#8221; font_container=&#8221;tag:h2|text_align:left|color:%23f7a62a|line_height:1.2&#8243; use_theme_fonts=&#8221;yes&#8221;][vc_column_text el_class=&#8221;white-p&#8221;]<\/p>\n<p><strong><span style=\"color: #f7a62a;\">TISDAG <\/span>\/<\/strong> FACILITATE<\/p>\n<p>[\/vc_column_text][vc_column_text el_class=&#8221;white-p&#8221;]<\/p>\n<p>Varf\u00f6r beh\u00f6ver st\u00e4der vara innovativa? Och vad i styrsystemet skapar r\u00e4dsla f\u00f6r misslyckande ist\u00e4llet f\u00f6r mod och vilja att bidra? I detta City Talk kartl\u00e4ggs st\u00e4dernas viktiga roll i att utveckla Europa till en blomstrande, konkurrenskraftig och h\u00e5llbar region. Vilka \u00e4r nyckelfr\u00e5gorna som vi beh\u00f6ver ta itu med f\u00f6r att p\u00e5skynda arbetet att uppn\u00e5 m\u00e5len f\u00f6r h\u00e5llbar utveckling? Och hur kan lokala utmaningar omvandlas till globala l\u00f6sningar och m\u00f6jligheter?<\/p>\n<p><strong>Viktiga takeaways:<\/strong><br \/>\n&#8211; Hur vi som st\u00e4der, rent konkret, kan bidra p\u00e5 europeisk niv\u00e5<br \/>\n&#8211; Praktiska tips p\u00e5 hur man utvecklar den innovativa f\u00f6rm\u00e5gan i en stad<\/p>\n<p>[\/vc_column_text][\/vc_column][\/vc_row][\/vc_section][vc_section el_class=&#8221;pressarchive-section&#8221; css=&#8221;.vc_custom_1601550180400{margin-top: 100px !important;margin-bottom: 100px !important;}&#8221;][vc_row][vc_column][vc_column_text el_class=&#8221;speaker20-p&#8221;]<\/p>\n<div class=\"wpv-view-output\" data-toolset-views-view-editor=\"375a585092440c327f46384e1a1fadd9\"><div class=\"wp-block-toolset-views-view-editor\">\n<div class=\"wp-block-toolset-views-custom-search-container\">  <\/div>\n  <div id=\"wpv-view-layout-362319\" class=\"js-wpv-view-layout js-wpv-layout-responsive js-wpv-view-layout-362319\" data-viewnumber=\"362319\" data-pagination=\"{&quot;id&quot;:362319,&quot;query&quot;:&quot;normal&quot;,&quot;type&quot;:&quot;disabled&quot;,&quot;effect&quot;:&quot;fade&quot;,&quot;duration&quot;:500,&quot;speed&quot;:5,&quot;pause_on_hover&quot;:&quot;disabled&quot;,&quot;stop_rollover&quot;:&quot;false&quot;,&quot;cache_pages&quot;:&quot;enabled&quot;,&quot;preload_images&quot;:&quot;enabled&quot;,&quot;preload_pages&quot;:&quot;enabled&quot;,&quot;preload_reach&quot;:1,&quot;spinner&quot;:&quot;builtin&quot;,&quot;spinner_image&quot;:&quot;https:\/\/h22.se\/wp-content\/plugins\/toolset-blocks\/embedded\/res\/img\/ajax-loader.gif&quot;,&quot;callback_next&quot;:&quot;&quot;,&quot;manage_history&quot;:&quot;enabled&quot;,&quot;has_controls_in_form&quot;:&quot;disabled&quot;,&quot;infinite_tolerance&quot;:&quot;0&quot;,&quot;max_pages&quot;:0,&quot;page&quot;:1,&quot;base_permalink&quot;:&quot;\/en\/wp-json\/wp\/v2\/pages\/362618?wpv_view_count=362319&amp;wpv_paged=WPV_PAGE_NUM&quot;,&quot;loop&quot;:{&quot;type&quot;:&quot;&quot;,&quot;name&quot;:&quot;&quot;,&quot;data&quot;:[],&quot;id&quot;:0}}\" data-permalink=\"\/en\/wp-json\/wp\/v2\/pages\/362618?wpv_view_count=362319\">\n<div class=\"js-wpv-loop-wrapper\"><div class=\"tb-grid\"><div class=\"tb-grid-column\">\n<div class=\"wp-block-toolset-views-view-template-block wpv-block-loop-item php-to-be-replaced-with-shortcode talare-loop\" data-toolset-views-view-template-block=\"8d501434a33d17b3cc5c46b0c9924847\">\n<div class=\"wp-block-toolset-blocks-container tb-container aligncenter\" data-toolset-blocks-container=\"fe300f479ef8c47d737a9ec14def0ce5\">\n<figure class=\"wp-block-image tb-image tb-image-dynamic speaker20-img\" data-toolset-blocks-image=\"58fa4f285ec2ea53ada4622d113427c7\"><a href=\"https:\/\/h22.se\/en\/speaker\/alf-rehn\/\"><img decoding=\"async\" width=\"300\" height=\"300\" loading=\"lazy\" src=\"https:\/\/h22.se\/wp-content\/uploads\/2020\/10\/Alf-Rehn-bild_sv-300x300.jpg\" alt=\"\" class=\"wp-image-362245\" srcset=\"https:\/\/h22.se\/wp-content\/uploads\/2020\/10\/Alf-Rehn-bild_sv-300x300.jpg 300w, https:\/\/h22.se\/wp-content\/uploads\/2020\/10\/Alf-Rehn-bild_sv-150x150.jpg 150w, https:\/\/h22.se\/wp-content\/uploads\/2020\/10\/Alf-Rehn-bild_sv-100x100.jpg 100w, https:\/\/h22.se\/wp-content\/uploads\/2020\/10\/Alf-Rehn-bild_sv-146x146.jpg 146w, https:\/\/h22.se\/wp-content\/uploads\/2020\/10\/Alf-Rehn-bild_sv-50x50.jpg 50w, https:\/\/h22.se\/wp-content\/uploads\/2020\/10\/Alf-Rehn-bild_sv-75x75.jpg 75w, https:\/\/h22.se\/wp-content\/uploads\/2020\/10\/Alf-Rehn-bild_sv-85x85.jpg 85w, https:\/\/h22.se\/wp-content\/uploads\/2020\/10\/Alf-Rehn-bild_sv-80x80.jpg 80w, https:\/\/h22.se\/wp-content\/uploads\/2020\/10\/Alf-Rehn-bild_sv.jpg 500w\" sizes=\"(max-width: 300px) 100vw, 300px\" \/><\/a><\/figure>\n<\/div>\n\n\n\n<div class=\"wp-block-toolset-blocks-container tb-container\" data-toolset-blocks-container=\"07122d52349226c11522716acf12c70a\">\n<h2 class=\"tb-heading has-text-color speaker20_name\" data-toolset-blocks-heading=\"6f096ecda94a015dbee1c0de7bf78a4e\"><a href=\"https:\/\/h22.se\/en\/speaker\/alf-rehn\/\">Alf Rehn<\/a><\/h2>\n\n\n\n<h4 class=\"tb-heading speaker20_titel\" data-toolset-blocks-heading=\"dbf13b602c2eaed567fd9488a770879d\">Professor of Innovation, Design, and Management, University of Southern Denmark<\/h4>\n\n\n\n<div class=\"tb-field speaker20_exerpt\" data-toolset-blocks-field=\"b6544701cd23f3061166445f19031368\">As an internationally sought-after speaker on creativity, innovation, and futures thinking, and holder of the title \u201cTop Professor on Twitter\u201d, Alf Rehn always brings new perspectives to any conversation. Alf will be joining one of our panel discussions and giving his thoughts on the role of cities in driving the EU innovation agenda.<\/div>\n<\/div>\n\n\n\n<div class=\"wp-block-toolset-blocks-container tb-container\" data-toolset-blocks-container=\"adeb8970d6a3ef17aec904cdb8604fc0\"><\/div>\n<\/div>\n<\/div><div class=\"tb-grid-column\">\n<div class=\"wp-block-toolset-views-view-template-block wpv-block-loop-item php-to-be-replaced-with-shortcode talare-loop\" data-toolset-views-view-template-block=\"8d501434a33d17b3cc5c46b0c9924847\">\n<div class=\"wp-block-toolset-blocks-container tb-container aligncenter\" data-toolset-blocks-container=\"fe300f479ef8c47d737a9ec14def0ce5\">\n<figure class=\"wp-block-image tb-image tb-image-dynamic speaker20-img\" data-toolset-blocks-image=\"58fa4f285ec2ea53ada4622d113427c7\"><a href=\"https:\/\/h22.se\/en\/speaker\/erik-bergkvist\/\"><img decoding=\"async\" width=\"300\" height=\"300\" loading=\"lazy\" src=\"https:\/\/h22.se\/wp-content\/uploads\/2020\/10\/Erik-Bergkvist_sv-300x300.jpg\" alt=\"\" class=\"wp-image-363255\" srcset=\"https:\/\/h22.se\/wp-content\/uploads\/2020\/10\/Erik-Bergkvist_sv-300x300.jpg 300w, https:\/\/h22.se\/wp-content\/uploads\/2020\/10\/Erik-Bergkvist_sv-150x150.jpg 150w, https:\/\/h22.se\/wp-content\/uploads\/2020\/10\/Erik-Bergkvist_sv-100x100.jpg 100w, https:\/\/h22.se\/wp-content\/uploads\/2020\/10\/Erik-Bergkvist_sv-146x146.jpg 146w, https:\/\/h22.se\/wp-content\/uploads\/2020\/10\/Erik-Bergkvist_sv-50x50.jpg 50w, https:\/\/h22.se\/wp-content\/uploads\/2020\/10\/Erik-Bergkvist_sv-75x75.jpg 75w, https:\/\/h22.se\/wp-content\/uploads\/2020\/10\/Erik-Bergkvist_sv-85x85.jpg 85w, https:\/\/h22.se\/wp-content\/uploads\/2020\/10\/Erik-Bergkvist_sv-80x80.jpg 80w, https:\/\/h22.se\/wp-content\/uploads\/2020\/10\/Erik-Bergkvist_sv.jpg 500w\" sizes=\"(max-width: 300px) 100vw, 300px\" \/><\/a><\/figure>\n<\/div>\n\n\n\n<div class=\"wp-block-toolset-blocks-container tb-container\" data-toolset-blocks-container=\"07122d52349226c11522716acf12c70a\">\n<h2 class=\"tb-heading has-text-color speaker20_name\" data-toolset-blocks-heading=\"6f096ecda94a015dbee1c0de7bf78a4e\"><a href=\"https:\/\/h22.se\/en\/speaker\/erik-bergkvist\/\">Erik Bergkvist<\/a><\/h2>\n\n\n\n<h4 class=\"tb-heading speaker20_titel\" data-toolset-blocks-heading=\"dbf13b602c2eaed567fd9488a770879d\">Swedish Member of the European Parliament (REGI Full Member, ITRE BUDG Substitute Member)<\/h4>\n\n\n\n<div class=\"tb-field speaker20_exerpt\" data-toolset-blocks-field=\"b6544701cd23f3061166445f19031368\">Erik\u2019s experience as President of the Regional Board of V\u00e4sterbotten has given him first-hand knowledge of how European cooperation can benefit all involved. Since 2019, Erik is a member of the European Parliament. He will be part of one of the panel discussions and give his views on the EU innovation agenda and the cities\u2019 role in climate action and European competitiveness.<\/div>\n<\/div>\n\n\n\n<div class=\"wp-block-toolset-blocks-container tb-container\" data-toolset-blocks-container=\"adeb8970d6a3ef17aec904cdb8604fc0\"><\/div>\n<\/div>\n<\/div><div class=\"tb-grid-column\">\n<div class=\"wp-block-toolset-views-view-template-block wpv-block-loop-item php-to-be-replaced-with-shortcode talare-loop\" data-toolset-views-view-template-block=\"8d501434a33d17b3cc5c46b0c9924847\">\n<div class=\"wp-block-toolset-blocks-container tb-container aligncenter\" data-toolset-blocks-container=\"fe300f479ef8c47d737a9ec14def0ce5\">\n<figure class=\"wp-block-image tb-image tb-image-dynamic speaker20-img\" data-toolset-blocks-image=\"58fa4f285ec2ea53ada4622d113427c7\"><a href=\"https:\/\/h22.se\/en\/speaker\/gema-roig-pallardo\/\"><img decoding=\"async\" width=\"300\" height=\"300\" loading=\"lazy\" src=\"https:\/\/h22.se\/wp-content\/uploads\/2020\/10\/Gema-bild_Sv-300x300.jpg\" alt=\"\" class=\"wp-image-364341\" srcset=\"https:\/\/h22.se\/wp-content\/uploads\/2020\/10\/Gema-bild_Sv-300x300.jpg 300w, https:\/\/h22.se\/wp-content\/uploads\/2020\/10\/Gema-bild_Sv-150x150.jpg 150w, https:\/\/h22.se\/wp-content\/uploads\/2020\/10\/Gema-bild_Sv-100x100.jpg 100w, https:\/\/h22.se\/wp-content\/uploads\/2020\/10\/Gema-bild_Sv-146x146.jpg 146w, https:\/\/h22.se\/wp-content\/uploads\/2020\/10\/Gema-bild_Sv-50x50.jpg 50w, https:\/\/h22.se\/wp-content\/uploads\/2020\/10\/Gema-bild_Sv-75x75.jpg 75w, https:\/\/h22.se\/wp-content\/uploads\/2020\/10\/Gema-bild_Sv-85x85.jpg 85w, https:\/\/h22.se\/wp-content\/uploads\/2020\/10\/Gema-bild_Sv-80x80.jpg 80w, https:\/\/h22.se\/wp-content\/uploads\/2020\/10\/Gema-bild_Sv.jpg 500w\" sizes=\"(max-width: 300px) 100vw, 300px\" \/><\/a><\/figure>\n<\/div>\n\n\n\n<div class=\"wp-block-toolset-blocks-container tb-container\" data-toolset-blocks-container=\"07122d52349226c11522716acf12c70a\">\n<h2 class=\"tb-heading has-text-color speaker20_name\" data-toolset-blocks-heading=\"6f096ecda94a015dbee1c0de7bf78a4e\"><a href=\"https:\/\/h22.se\/en\/speaker\/gema-roig-pallardo\/\">Gema Roig Pallard\u00f3<\/a><\/h2>\n\n\n\n<h4 class=\"tb-heading speaker20_titel\" data-toolset-blocks-heading=\"dbf13b602c2eaed567fd9488a770879d\">Coordinator of EU projects at Las Naves<\/h4>\n\n\n\n<div class=\"tb-field speaker20_exerpt\" data-toolset-blocks-field=\"b6544701cd23f3061166445f19031368\">In her role as coordinator of EU projects for the agency for social and urban innovation at the City Council of Val\u00e8ncia, Gema is fully engaged in how cities can drive innovation \u2013 locally, regional, and globally. Gema is joining our city talk panel to provide her take on how we can achieve a prosperous and socially cohesive Europe.<\/div>\n<\/div>\n\n\n\n<div class=\"wp-block-toolset-blocks-container tb-container\" data-toolset-blocks-container=\"adeb8970d6a3ef17aec904cdb8604fc0\"><\/div>\n<\/div>\n<\/div><\/div><\/div>\n\n\n<p><\/p>\n<\/div><\/div><\/div>\n<p>[\/vc_column_text][\/vc_column][\/vc_row][\/vc_section][vc_section el_class=&#8221;pressarchive-section p_section&#8221; css=&#8221;.vc_custom_1602586459883{margin-top: 100px !important;margin-bottom: 100px !important;}&#8221;][vc_row css=&#8221;.vc_custom_1602576083017{margin-bottom: 30px !important;}&#8221;][vc_column][vc_custom_heading text=&#8221;<strong>Hur hanterar vi framtida utmaningar proaktivt? <\/strong>&#8221; font_container=&#8221;tag:h3|text_align:left|color:%23ffffff|line_height:1.2&#8243; use_theme_fonts=&#8221;yes&#8221; link=&#8221;url:https%3A%2F%2Fh22.se%2Fen%2Fsummit%2Fhow-to-anticipate-innovation%2F|&#8221;][vc_column_text el_class=&#8221;white-p&#8221;]<\/p>\n<p><strong><span style=\"color: #f7a62a;\">MONDAY <\/span>\/<\/strong> FACILITATE<\/p>\n<p>[\/vc_column_text][vc_column_text el_class=&#8221;white-p&#8221;]<\/p>\n<p>L\u00e5t oss unders\u00f6ka hur innovation kan f\u00f6rebygga och rusta oss f\u00f6r framtiden samt hur det kan se ut i praktiken.<\/p>\n<p>[\/vc_column_text][vc_btn title=&#8221;Read more&#8221; style=&#8221;outline-custom&#8221; outline_custom_color=&#8221;#ffffff&#8221; outline_custom_hover_background=&#8221;#ffffff&#8221; outline_custom_hover_text=&#8221;#000000&#8243; size=&#8221;sm&#8221; align=&#8221;left&#8221; link=&#8221;url:https%3A%2F%2Fh22.se%2Fen%2Fsummit%2Fhow-to-anticipate-innovation%2F|title:How%20to%20anticipate%20innovation|&#8221;][\/vc_column][\/vc_row][vc_row css=&#8221;.vc_custom_1602576111392{margin-bottom: 30px !important;}&#8221;][vc_column][vc_custom_heading text=&#8221;<strong>St\u00e4der som drivkrafter f\u00f6r innovation i ett smartare och mer h\u00e5llbart Europa<\/strong>&#8221; font_container=&#8221;tag:h3|text_align:left|color:%23ffffff|line_height:1.2&#8243; use_theme_fonts=&#8221;yes&#8221; link=&#8221;url:https%3A%2F%2Fh22.se%2Fen%2Fsummit%2Fcities-as-innovation-drivers-for-a-smarter-sustainable-europe%2F|&#8221;][vc_column_text el_class=&#8221;white-p&#8221;]<\/p>\n<p><strong><span style=\"color: #f7a62a;\">TISDAG <\/span>\/ FACILITATE<\/strong><\/p>\n<p>[\/vc_column_text][vc_column_text el_class=&#8221;white-p&#8221;]<\/p>\n<p>Varf\u00f6r beh\u00f6ver st\u00e4der vara innovativa? Och hur kan lokala utmaningar omvandlas till globala l\u00f6sningar och m\u00f6jligheter?<\/p>\n<p>[\/vc_column_text][vc_btn title=&#8221;Read more&#8221; style=&#8221;outline-custom&#8221; outline_custom_color=&#8221;#ffffff&#8221; outline_custom_hover_background=&#8221;#ffffff&#8221; outline_custom_hover_text=&#8221;#000000&#8243; size=&#8221;sm&#8221; align=&#8221;left&#8221; link=&#8221;url:https%3A%2F%2Fh22.se%2Fen%2Fsummit%2Fcities-as-innovation-drivers-for-a-smarter-sustainable-europe%2F|&#8221;][\/vc_column][\/vc_row][vc_row css=&#8221;.vc_custom_1602576138649{margin-bottom: 30px !important;}&#8221;][vc_column][vc_custom_heading text=&#8221;<strong>N\u00e4sta steg f\u00f6r AI inom sjukv\u00e5rden<\/strong>&#8221; font_container=&#8221;tag:h3|text_align:left|color:%23ffffff|line_height:1.2&#8243; use_theme_fonts=&#8221;yes&#8221; link=&#8221;url:https%3A%2F%2Fh22.se%2Fen%2Fsummit%2Fthe-next-step-for-ai-within-the-care-sector%2F|&#8221;][vc_column_text el_class=&#8221;white-p&#8221;]<\/p>\n<p><strong><span style=\"color: #f7a62a;\">ONSDAG <\/span>\/ ELEVATE<\/strong><\/p>\n<p>[\/vc_column_text][vc_column_text el_class=&#8221;white-p&#8221;]<\/p>\n<p>Hur kan vi skapa en milj\u00f6 d\u00e4r det \u00e4r m\u00f6jligt att testa &#8211; och misslyckas eller skala snabbt &#8211; utan att ta risker n\u00e4r det g\u00e4ller h\u00e4lsa eller datahantering?<\/p>\n<p>[\/vc_column_text][vc_btn title=&#8221;Read more&#8221; style=&#8221;outline-custom&#8221; outline_custom_color=&#8221;#ffffff&#8221; outline_custom_hover_background=&#8221;#ffffff&#8221; outline_custom_hover_text=&#8221;#000000&#8243; size=&#8221;sm&#8221; align=&#8221;left&#8221; link=&#8221;url:https%3A%2F%2Fh22.se%2Fen%2Fsummit%2Fthe-next-step-for-ai-within-the-care-sector%2F|title:Ricardo%20Alvarez|&#8221;][\/vc_column][\/vc_row][vc_row css=&#8221;.vc_custom_1602576118665{margin-bottom: 30px !important;}&#8221;][vc_column][vc_custom_heading text=&#8221;<strong>B\u00e4ttre st\u00e4der genom barnens glas\u00f6gon<\/strong>&#8221; font_container=&#8221;tag:h3|text_align:left|color:%23ffffff|line_height:1.2&#8243; use_theme_fonts=&#8221;yes&#8221; link=&#8221;url:https%3A%2F%2Fh22.se%2Fen%2Fsummit%2Fbetter-cities-with-children-taking-part-in-planning%2F|&#8221;][vc_column_text el_class=&#8221;white-p&#8221;]<\/p>\n<p><strong><span style=\"color: #f7a62a;\">TORSDAG <\/span>\/ CO-CREATE<\/strong><\/p>\n<p>[\/vc_column_text][vc_column_text el_class=&#8221;white-p&#8221;]<\/p>\n<p>F\u00f6r att barn ska kunna uppleva sin stad som omt\u00e4nksam och positiv m\u00e5ste de delta i planeringen.<\/p>\n<p>[\/vc_column_text][vc_btn title=&#8221;Read more&#8221; style=&#8221;outline-custom&#8221; outline_custom_color=&#8221;#ffffff&#8221; outline_custom_hover_background=&#8221;#ffffff&#8221; outline_custom_hover_text=&#8221;#000000&#8243; size=&#8221;sm&#8221; align=&#8221;left&#8221; link=&#8221;url:https%3A%2F%2Fh22.se%2Fen%2Fsummit%2Fbetter-cities-with-children-taking-part-in-planning%2F|title:Better%20cities%20with%20children%20taking%20part%20in%20planning|&#8221;][\/vc_column][\/vc_row][vc_row][vc_column][vc_custom_heading text=&#8221;<strong>Smarta s\u00e4tt att skapa v\u00e4lm\u00e5ende och gl\u00e4dje i staden<\/strong>&#8221; font_container=&#8221;tag:h3|text_align:left|color:%23ffffff|line_height:1.2&#8243; use_theme_fonts=&#8221;yes&#8221; link=&#8221;url:https%3A%2F%2Fh22.se%2Fen%2Fsummit%2Fsmart-ways-to-create-positivity-in-the-city%2F|&#8221;][vc_column_text el_class=&#8221;white-p&#8221;]<\/p>\n<p><strong><span style=\"color: #f7a62a;\">FREDAG <\/span>\/ CO-CREATE<\/strong><\/p>\n<p>[\/vc_column_text][vc_column_text el_class=&#8221;white-p&#8221;]<\/p>\n<p>Hur kan vi bygga och designa st\u00e4der som f\u00e5r m\u00e4nniskorna som bor och verkar d\u00e4r att k\u00e4nna gl\u00e4dje och i stort f\u00e5 en positiv k\u00e4nsla i sin stad?<\/p>\n<p>[\/vc_column_text][vc_btn title=&#8221;Read more&#8221; style=&#8221;outline-custom&#8221; outline_custom_color=&#8221;#ffffff&#8221; outline_custom_hover_background=&#8221;#ffffff&#8221; outline_custom_hover_text=&#8221;#000000&#8243; size=&#8221;sm&#8221; align=&#8221;left&#8221; link=&#8221;url:https%3A%2F%2Fh22.se%2Fen%2Fsummit%2Fsmart-ways-to-create-positivity-in-the-city%2F|title:How%20we%20build%20good%20feelings|&#8221;][\/vc_column][\/vc_row][\/vc_section]<\/p>\n","protected":false},"excerpt":{"rendered":"<p>[vc_section full_width=&#8221;stretch_row&#8221; text_color=&#8221;white&#8221; min_height=&#8221;60vh&#8221; content_alignment=&#8221;center&#8221; bg_image=&#8221;13815&#8243; bg_size=&#8221;cover&#8221; bg_pos=&#8221;bottom&#8221; el_class=&#8221;min-height-40vh&#8221; css=&#8221;.vc_custom_1601548531162{background-position: center !important;background-repeat: no-repeat !important;background-size: cover !important;}&#8221;][vc_row][vc_column][\/vc_column][\/vc_row][\/vc_section][vc_section el_class=&#8221;pressarchive-section&#8221; css=&#8221;.vc_custom_1602586593758{margin-top: 100px !important;margin-bottom: 30px !important;}&#8221;][vc_row gap=&#8221;35&#8243;][vc_column el_class=&#8221;projects-left-col&#8221;][vc_custom_heading source=&#8221;post_title&#8221; font_container=&#8221;tag:h2|text_align:left|color:%23f7a62a|line_height:1.2&#8243;<span class=\"excerpt-hellip\"> [\u2026]<\/span><\/p>\n","protected":false},"author":1,"featured_media":0,"parent":360061,"menu_order":0,"comment_status":"closed","ping_status":"closed","template":"","meta":{"inline_featured_image":false},"page-tag":[],"connect-tag":[],"yoast_head":"<!-- This site is optimized with the Yoast SEO plugin v21.5 - https:\/\/yoast.com\/wordpress\/plugins\/seo\/ -->\n<title>Cities as innovation drivers for a smarter, sustainable Europe - H22<\/title>\n<meta name=\"robots\" content=\"index, follow, max-snippet:-1, max-image-preview:large, max-video-preview:-1\" \/>\n<link rel=\"canonical\" href=\"https:\/\/h22.se\/en\/summit\/cities-as-innovation-drivers-for-a-smarter-sustainable-europe\/\" \/>\n<meta property=\"og:locale\" content=\"en_US\" \/>\n<meta property=\"og:type\" content=\"article\" \/>\n<meta property=\"og:title\" content=\"Cities as innovation drivers for a smarter, sustainable Europe - H22\" \/>\n<meta property=\"og:description\" content=\"[vc_section full_width=&#8221;stretch_row&#8221; text_color=&#8221;white&#8221; min_height=&#8221;60vh&#8221; content_alignment=&#8221;center&#8221; bg_image=&#8221;13815&#8243; bg_size=&#8221;cover&#8221; bg_pos=&#8221;bottom&#8221; el_class=&#8221;min-height-40vh&#8221; css=&#8221;.vc_custom_1601548531162{background-position: center !important;background-repeat: no-repeat !important;background-size: cover !important;}&#8221;][vc_row][vc_column][\/vc_column][\/vc_row][\/vc_section][vc_section el_class=&#8221;pressarchive-section&#8221; css=&#8221;.vc_custom_1602586593758{margin-top: 100px !important;margin-bottom: 30px !important;}&#8221;][vc_row gap=&#8221;35&#8243;][vc_column el_class=&#8221;projects-left-col&#8221;][vc_custom_heading source=&#8221;post_title&#8221; font_container=&#8221;tag:h2|text_align:left|color:%23f7a62a|line_height:1.2&#8243; [\u2026]\" \/>\n<meta property=\"og:url\" content=\"https:\/\/h22.se\/en\/summit\/cities-as-innovation-drivers-for-a-smarter-sustainable-europe\/\" \/>\n<meta property=\"og:site_name\" content=\"H22\" \/>\n<meta property=\"article:modified_time\" content=\"2021-01-27T15:39:35+00:00\" \/>\n<meta property=\"og:image\" content=\"https:\/\/h22.se\/wp-content\/uploads\/2020\/05\/H22_Maj_2020.jpg\" \/>\n\t<meta property=\"og:image:width\" content=\"1920\" \/>\n\t<meta property=\"og:image:height\" content=\"1080\" \/>\n\t<meta property=\"og:image:type\" content=\"image\/jpeg\" \/>\n<meta name=\"twitter:card\" content=\"summary_large_image\" \/>\n<meta name=\"twitter:label1\" content=\"Est. reading time\" \/>\n\t<meta name=\"twitter:data1\" content=\"5 minutes\" \/>\n<script type=\"application\/ld+json\" class=\"yoast-schema-graph\">{\"@context\":\"https:\/\/schema.org\",\"@graph\":[{\"@type\":\"WebPage\",\"@id\":\"https:\/\/h22.se\/en\/summit\/cities-as-innovation-drivers-for-a-smarter-sustainable-europe\/\",\"url\":\"https:\/\/h22.se\/en\/summit\/cities-as-innovation-drivers-for-a-smarter-sustainable-europe\/\",\"name\":\"Cities as innovation drivers for a smarter, sustainable Europe - H22\",\"isPartOf\":{\"@id\":\"https:\/\/h22.se\/en\/#website\"},\"datePublished\":\"2020-10-13T08:14:14+00:00\",\"dateModified\":\"2021-01-27T15:39:35+00:00\",\"breadcrumb\":{\"@id\":\"https:\/\/h22.se\/en\/summit\/cities-as-innovation-drivers-for-a-smarter-sustainable-europe\/#breadcrumb\"},\"inLanguage\":\"en-US\",\"potentialAction\":[{\"@type\":\"ReadAction\",\"target\":[\"https:\/\/h22.se\/en\/summit\/cities-as-innovation-drivers-for-a-smarter-sustainable-europe\/\"]}]},{\"@type\":\"BreadcrumbList\",\"@id\":\"https:\/\/h22.se\/en\/summit\/cities-as-innovation-drivers-for-a-smarter-sustainable-europe\/#breadcrumb\",\"itemListElement\":[{\"@type\":\"ListItem\",\"position\":1,\"name\":\"Hem\",\"item\":\"https:\/\/h22.se\/en\/\"},{\"@type\":\"ListItem\",\"position\":2,\"name\":\"Summit 2020\",\"item\":\"https:\/\/h22.se\/en\/summit\/\"},{\"@type\":\"ListItem\",\"position\":3,\"name\":\"Cities as innovation drivers for a smarter, sustainable Europe\"}]},{\"@type\":\"WebSite\",\"@id\":\"https:\/\/h22.se\/en\/#website\",\"url\":\"https:\/\/h22.se\/en\/\",\"name\":\"H22\",\"description\":\"The making of a smarter city\",\"publisher\":{\"@id\":\"https:\/\/h22.se\/en\/#organization\"},\"potentialAction\":[{\"@type\":\"SearchAction\",\"target\":{\"@type\":\"EntryPoint\",\"urlTemplate\":\"https:\/\/h22.se\/en\/?s={search_term_string}\"},\"query-input\":\"required name=search_term_string\"}],\"inLanguage\":\"en-US\"},{\"@type\":\"Organization\",\"@id\":\"https:\/\/h22.se\/en\/#organization\",\"name\":\"H22 | The making of a smarter city\",\"url\":\"https:\/\/h22.se\/en\/\",\"logo\":{\"@type\":\"ImageObject\",\"inLanguage\":\"en-US\",\"@id\":\"https:\/\/h22.se\/en\/#\/schema\/logo\/image\/\",\"url\":\"https:\/\/h22.se\/wp-content\/uploads\/2020\/06\/h22-logo.png\",\"contentUrl\":\"https:\/\/h22.se\/wp-content\/uploads\/2020\/06\/h22-logo.png\",\"width\":313,\"height\":165,\"caption\":\"H22 | The making of a smarter city\"},\"image\":{\"@id\":\"https:\/\/h22.se\/en\/#\/schema\/logo\/image\/\"}}]}<\/script>\n<!-- \/ Yoast SEO plugin. -->","yoast_head_json":{"title":"Cities as innovation drivers for a smarter, sustainable Europe - H22","robots":{"index":"index","follow":"follow","max-snippet":"max-snippet:-1","max-image-preview":"max-image-preview:large","max-video-preview":"max-video-preview:-1"},"canonical":"https:\/\/h22.se\/en\/summit\/cities-as-innovation-drivers-for-a-smarter-sustainable-europe\/","og_locale":"en_US","og_type":"article","og_title":"Cities as innovation drivers for a smarter, sustainable Europe - H22","og_description":"[vc_section full_width=&#8221;stretch_row&#8221; text_color=&#8221;white&#8221; min_height=&#8221;60vh&#8221; content_alignment=&#8221;center&#8221; bg_image=&#8221;13815&#8243; bg_size=&#8221;cover&#8221; bg_pos=&#8221;bottom&#8221; el_class=&#8221;min-height-40vh&#8221; css=&#8221;.vc_custom_1601548531162{background-position: center !important;background-repeat: no-repeat !important;background-size: cover !important;}&#8221;][vc_row][vc_column][\/vc_column][\/vc_row][\/vc_section][vc_section el_class=&#8221;pressarchive-section&#8221; css=&#8221;.vc_custom_1602586593758{margin-top: 100px !important;margin-bottom: 30px !important;}&#8221;][vc_row gap=&#8221;35&#8243;][vc_column el_class=&#8221;projects-left-col&#8221;][vc_custom_heading source=&#8221;post_title&#8221; font_container=&#8221;tag:h2|text_align:left|color:%23f7a62a|line_height:1.2&#8243; [\u2026]","og_url":"https:\/\/h22.se\/en\/summit\/cities-as-innovation-drivers-for-a-smarter-sustainable-europe\/","og_site_name":"H22","article_modified_time":"2021-01-27T15:39:35+00:00","og_image":[{"width":1920,"height":1080,"url":"https:\/\/h22.se\/wp-content\/uploads\/2020\/05\/H22_Maj_2020.jpg","type":"image\/jpeg"}],"twitter_card":"summary_large_image","twitter_misc":{"Est. reading time":"5 minutes"},"schema":{"@context":"https:\/\/schema.org","@graph":[{"@type":"WebPage","@id":"https:\/\/h22.se\/en\/summit\/cities-as-innovation-drivers-for-a-smarter-sustainable-europe\/","url":"https:\/\/h22.se\/en\/summit\/cities-as-innovation-drivers-for-a-smarter-sustainable-europe\/","name":"Cities as innovation drivers for a smarter, sustainable Europe - H22","isPartOf":{"@id":"https:\/\/h22.se\/en\/#website"},"datePublished":"2020-10-13T08:14:14+00:00","dateModified":"2021-01-27T15:39:35+00:00","breadcrumb":{"@id":"https:\/\/h22.se\/en\/summit\/cities-as-innovation-drivers-for-a-smarter-sustainable-europe\/#breadcrumb"},"inLanguage":"en-US","potentialAction":[{"@type":"ReadAction","target":["https:\/\/h22.se\/en\/summit\/cities-as-innovation-drivers-for-a-smarter-sustainable-europe\/"]}]},{"@type":"BreadcrumbList","@id":"https:\/\/h22.se\/en\/summit\/cities-as-innovation-drivers-for-a-smarter-sustainable-europe\/#breadcrumb","itemListElement":[{"@type":"ListItem","position":1,"name":"Hem","item":"https:\/\/h22.se\/en\/"},{"@type":"ListItem","position":2,"name":"Summit 2020","item":"https:\/\/h22.se\/en\/summit\/"},{"@type":"ListItem","position":3,"name":"Cities as innovation drivers for a smarter, sustainable Europe"}]},{"@type":"WebSite","@id":"https:\/\/h22.se\/en\/#website","url":"https:\/\/h22.se\/en\/","name":"H22","description":"The making of a smarter city","publisher":{"@id":"https:\/\/h22.se\/en\/#organization"},"potentialAction":[{"@type":"SearchAction","target":{"@type":"EntryPoint","urlTemplate":"https:\/\/h22.se\/en\/?s={search_term_string}"},"query-input":"required name=search_term_string"}],"inLanguage":"en-US"},{"@type":"Organization","@id":"https:\/\/h22.se\/en\/#organization","name":"H22 | The making of a smarter city","url":"https:\/\/h22.se\/en\/","logo":{"@type":"ImageObject","inLanguage":"en-US","@id":"https:\/\/h22.se\/en\/#\/schema\/logo\/image\/","url":"https:\/\/h22.se\/wp-content\/uploads\/2020\/06\/h22-logo.png","contentUrl":"https:\/\/h22.se\/wp-content\/uploads\/2020\/06\/h22-logo.png","width":313,"height":165,"caption":"H22 | The making of a smarter city"},"image":{"@id":"https:\/\/h22.se\/en\/#\/schema\/logo\/image\/"}}]}},"publishpress_future_action":{"enabled":false,"date":"2026-05-04 21:59:29","action":"change-status","newStatus":"draft","terms":[],"taxonomy":"translation_priority"},"publishpress_future_workflow_manual_trigger":{"enabledWorkflows":[]},"_links":{"self":[{"href":"https:\/\/h22.se\/en\/wp-json\/wp\/v2\/pages\/362618"}],"collection":[{"href":"https:\/\/h22.se\/en\/wp-json\/wp\/v2\/pages"}],"about":[{"href":"https:\/\/h22.se\/en\/wp-json\/wp\/v2\/types\/page"}],"author":[{"embeddable":true,"href":"https:\/\/h22.se\/en\/wp-json\/wp\/v2\/users\/1"}],"replies":[{"embeddable":true,"href":"https:\/\/h22.se\/en\/wp-json\/wp\/v2\/comments?post=362618"}],"version-history":[{"count":24,"href":"https:\/\/h22.se\/en\/wp-json\/wp\/v2\/pages\/362618\/revisions"}],"predecessor-version":[{"id":370744,"href":"https:\/\/h22.se\/en\/wp-json\/wp\/v2\/pages\/362618\/revisions\/370744"}],"up":[{"embeddable":true,"href":"https:\/\/h22.se\/en\/wp-json\/wp\/v2\/pages\/360061"}],"wp:attachment":[{"href":"https:\/\/h22.se\/en\/wp-json\/wp\/v2\/media?parent=362618"}],"wp:term":[{"taxonomy":"page-tag","embeddable":true,"href":"https:\/\/h22.se\/en\/wp-json\/wp\/v2\/page-tag?post=362618"},{"taxonomy":"connect-tag","embeddable":true,"href":"https:\/\/h22.se\/en\/wp-json\/wp\/v2\/connect-tag?post=362618"}],"curies":[{"name":"wp","href":"https:\/\/api.w.org\/{rel}","templated":true}]}}